{"id":308,"date":"2020-02-24T14:53:28","date_gmt":"2020-02-24T14:53:28","guid":{"rendered":"https:\/\/www.virgendelacabezacolomera.org\/?page_id=308"},"modified":"2026-04-08T16:38:58","modified_gmt":"2026-04-08T16:38:58","slug":"romeria-virgen-de-la-cabeza-colomera-2020","status":"publish","type":"page","link":"https:\/\/www.virgendelacabezacolomera.org\/?page_id=308","title":{"rendered":"Carteles De Romer\u00eda"},"content":{"rendered":"","protected":false},"excerpt":{"rendered":"","protected":false},"author":1,"featured_media":321,"parent":0,"menu_order":0,"comment_status":"closed","ping_status":"closed","template":"","meta":{"neve_meta_sidebar":"","neve_meta_container":"","neve_meta_enable_content_width":"","neve_meta_content_width":0,"neve_meta_title_alignment":"","neve_meta_author_avatar":"","neve_post_elements_order":"","neve_meta_disable_header":"","neve_meta_disable_footer":"","neve_meta_disable_title":"","jetpack_post_was_ever_published":false,"footnotes":""},"class_list":["post-308","page","type-page","status-publish","has-post-thumbnail","hentry"],"jetpack_sharing_enabled":true,"jetpack_shortlink":"https:\/\/wp.me\/PaxVsa-4Y","jetpack-related-posts":[{"id":312,"url":"https:\/\/www.virgendelacabezacolomera.org\/?page_id=312","url_meta":{"origin":308,"position":0},"title":"ROMERIA","author":"admin","date":"24\/02\/2020","format":false,"excerpt":"La Romer\u00eda de la Virgen de la Cabeza, celebrada el \u00faltimo domingo de abril en And\u00fajar (Ja\u00e9n), es una de las peregrinaciones m\u00e1s antiguas y multitudinarias de Espa\u00f1a, con casi 800 a\u00f1os de historia en Sierra Morena. Los fieles acudimos al Santuario del Cerro del Cabezo para venerar a \"la\u2026","rel":"","context":"Entrada similar","block_context":{"text":"Entrada similar","link":""},"img":{"alt_text":"","src":"https:\/\/i0.wp.com\/www.virgendelacabezacolomera.org\/wp-content\/uploads\/2020\/02\/Cartel-Virgen-de-la-Cabeza-Colomera-Romer%C3%ADa-2020-3.jpg?fit=857%2C1200&ssl=1&resize=350%2C200","width":350,"height":200,"srcset":"https:\/\/i0.wp.com\/www.virgendelacabezacolomera.org\/wp-content\/uploads\/2020\/02\/Cartel-Virgen-de-la-Cabeza-Colomera-Romer%C3%ADa-2020-3.jpg?fit=857%2C1200&ssl=1&resize=350%2C200 1x, https:\/\/i0.wp.com\/www.virgendelacabezacolomera.org\/wp-content\/uploads\/2020\/02\/Cartel-Virgen-de-la-Cabeza-Colomera-Romer%C3%ADa-2020-3.jpg?fit=857%2C1200&ssl=1&resize=525%2C300 1.5x, https:\/\/i0.wp.com\/www.virgendelacabezacolomera.org\/wp-content\/uploads\/2020\/02\/Cartel-Virgen-de-la-Cabeza-Colomera-Romer%C3%ADa-2020-3.jpg?fit=857%2C1200&ssl=1&resize=700%2C400 2x"},"classes":[]},{"id":840,"url":"https:\/\/www.virgendelacabezacolomera.org\/?page_id=840","url_meta":{"origin":308,"position":1},"title":"Galer\u00eda de Im\u00e1genes de Romer\u00eda","author":"admin","date":"08\/04\/2026","format":false,"excerpt":"","rel":"","context":"Entrada similar","block_context":{"text":"Entrada similar","link":""},"img":{"alt_text":"","src":"","width":0,"height":0},"classes":[]},{"id":94,"url":"https:\/\/www.virgendelacabezacolomera.org\/?page_id=94","url_meta":{"origin":308,"position":2},"title":"Romer\u00eda Chica 2019","author":"admin","date":"17\/12\/2018","format":false,"excerpt":"Cartel y programa de la Romer\u00eda Chica 2019","rel":"","context":"Entrada similar","block_context":{"text":"Entrada similar","link":""},"img":{"alt_text":"","src":"https:\/\/i0.wp.com\/www.virgendelacabezacolomera.org\/wp-content\/uploads\/2019\/06\/Cartel-Romer%C3%ADa-Chica-29-06-2019.jpg?resize=350%2C200&ssl=1","width":350,"height":200,"srcset":"https:\/\/i0.wp.com\/www.virgendelacabezacolomera.org\/wp-content\/uploads\/2019\/06\/Cartel-Romer%C3%ADa-Chica-29-06-2019.jpg?resize=350%2C200&ssl=1 1x, https:\/\/i0.wp.com\/www.virgendelacabezacolomera.org\/wp-content\/uploads\/2019\/06\/Cartel-Romer%C3%ADa-Chica-29-06-2019.jpg?resize=525%2C300&ssl=1 1.5x, https:\/\/i0.wp.com\/www.virgendelacabezacolomera.org\/wp-content\/uploads\/2019\/06\/Cartel-Romer%C3%ADa-Chica-29-06-2019.jpg?resize=700%2C400&ssl=1 2x, https:\/\/i0.wp.com\/www.virgendelacabezacolomera.org\/wp-content\/uploads\/2019\/06\/Cartel-Romer%C3%ADa-Chica-29-06-2019.jpg?resize=1050%2C600&ssl=1 3x"},"classes":[]},{"id":79,"url":"https:\/\/www.virgendelacabezacolomera.org\/?page_id=79","url_meta":{"origin":308,"position":3},"title":"ACTOS","author":"admin","date":"17\/12\/2018","format":false,"excerpt":"APARICI\u00d3N La noche del 11 al 12 de agosto se celebra en Sierra Morena desde hace 8 siglos la Aparici\u00f3n de la Virgen de la Cabeza al pastor Juan Alonso de Rivas, natural de Colomera. Anualmente, nuestro pueblo acompa\u00f1a a la Virgen en su misa y procesi\u00f3n por las calles\u2026","rel":"","context":"Entrada similar","block_context":{"text":"Entrada similar","link":""},"img":{"alt_text":"","src":"https:\/\/i0.wp.com\/www.virgendelacabezacolomera.org\/wp-content\/uploads\/2024\/12\/image-3.png?resize=350%2C200&ssl=1","width":350,"height":200,"srcset":"https:\/\/i0.wp.com\/www.virgendelacabezacolomera.org\/wp-content\/uploads\/2024\/12\/image-3.png?resize=350%2C200&ssl=1 1x, https:\/\/i0.wp.com\/www.virgendelacabezacolomera.org\/wp-content\/uploads\/2024\/12\/image-3.png?resize=525%2C300&ssl=1 1.5x"},"classes":[]},{"id":32,"url":"https:\/\/www.virgendelacabezacolomera.org\/?page_id=32","url_meta":{"origin":308,"position":4},"title":"Galer\u00eda de Im\u00e1genes Romer\u00eda Chica","author":"admin","date":"14\/12\/2018","format":false,"excerpt":"","rel":"","context":"Entrada similar","block_context":{"text":"Entrada similar","link":""},"img":{"alt_text":"","src":"https:\/\/i0.wp.com\/www.virgendelacabezacolomera.org\/wp-content\/uploads\/2019\/01\/IMG-20180701-WA0053-2.jpg?resize=350%2C200","width":350,"height":200,"srcset":"https:\/\/i0.wp.com\/www.virgendelacabezacolomera.org\/wp-content\/uploads\/2019\/01\/IMG-20180701-WA0053-2.jpg?resize=350%2C200 1x, https:\/\/i0.wp.com\/www.virgendelacabezacolomera.org\/wp-content\/uploads\/2019\/01\/IMG-20180701-WA0053-2.jpg?resize=525%2C300 1.5x, https:\/\/i0.wp.com\/www.virgendelacabezacolomera.org\/wp-content\/uploads\/2019\/01\/IMG-20180701-WA0053-2.jpg?resize=700%2C400 2x"},"classes":[]},{"id":59,"url":"https:\/\/www.virgendelacabezacolomera.org\/?page_id=59","url_meta":{"origin":308,"position":5},"title":"Romer\u00eda Virgen de la Cabeza","author":"admin","date":"14\/12\/2018","format":false,"excerpt":"Nuestra Romer\u00eda La cofrad\u00eda de Colomera participa intensamente en la romer\u00eda principal de And\u00fajar el \u00faltimo fin de semana de abril, los romeros de Colomera peregrinan al Santuario de And\u00fajar, partiendo de Colomera el jueves por la ma\u00f1ana. Nuestra Romer\u00eda comienza con la misa de romeros el jueves a las\u2026","rel":"","context":"Entrada similar","block_context":{"text":"Entrada similar","link":""},"img":{"alt_text":"","src":"","width":0,"height":0},"classes":[]}],"_links":{"self":[{"href":"https:\/\/www.virgendelacabezacolomera.org\/index.php?rest_route=\/wp\/v2\/pages\/308","targetHints":{"allow":["GET"]}}],"collection":[{"href":"https:\/\/www.virgendelacabezacolomera.org\/index.php?rest_route=\/wp\/v2\/pages"}],"about":[{"href":"https:\/\/www.virgendelacabezacolomera.org\/index.php?rest_route=\/wp\/v2\/types\/page"}],"author":[{"embeddable":true,"href":"https:\/\/www.virgendelacabezacolomera.org\/index.php?rest_route=\/wp\/v2\/users\/1"}],"replies":[{"embeddable":true,"href":"https:\/\/www.virgendelacabezacolomera.org\/index.php?rest_route=%2Fwp%2Fv2%2Fcomments&post=308"}],"version-history":[{"count":3,"href":"https:\/\/www.virgendelacabezacolomera.org\/index.php?rest_route=\/wp\/v2\/pages\/308\/revisions"}],"predecessor-version":[{"id":839,"href":"https:\/\/www.virgendelacabezacolomera.org\/index.php?rest_route=\/wp\/v2\/pages\/308\/revisions\/839"}],"wp:featuredmedia":[{"embeddable":true,"href":"https:\/\/www.virgendelacabezacolomera.org\/index.php?rest_route=\/wp\/v2\/media\/321"}],"wp:attachment":[{"href":"https:\/\/www.virgendelacabezacolomera.org\/index.php?rest_route=%2Fwp%2Fv2%2Fmedia&parent=308"}],"curies":[{"name":"wp","href":"https:\/\/api.w.org\/{rel}","templated":true}]}}