{"id":526,"date":"2024-11-21T10:49:41","date_gmt":"2024-11-21T10:49:41","guid":{"rendered":"https:\/\/www.virgendelacabezacolomera.org\/?page_id=526"},"modified":"2025-02-25T15:17:12","modified_gmt":"2025-02-25T15:17:12","slug":"15-de-agosto","status":"publish","type":"page","link":"https:\/\/www.virgendelacabezacolomera.org\/?page_id=526","title":{"rendered":"15 DE AGOSTO"},"content":{"rendered":"\n<p><\/p>\n\n\n\n<div class=\"wp-block-group alignfull has-contrast-color has-text-color is-vertical is-content-justification-center is-layout-flex wp-container-core-group-is-layout-f1198d31 wp-block-group-is-layout-flex\" style=\"min-height:40vh;margin-top:0;margin-bottom:0;padding-top:var(--wp--preset--spacing--60);padding-right:var(--wp--preset--spacing--50);padding-bottom:var(--wp--preset--spacing--60);padding-left:var(--wp--preset--spacing--50)\">\n<div class=\"wp-block-group is-nowrap is-layout-flex wp-container-core-group-is-layout-ad2f72ca wp-block-group-is-layout-flex\">\n<div class=\"wp-block-group is-nowrap is-layout-flex wp-container-core-group-is-layout-ad2f72ca wp-block-group-is-layout-flex\"><div style=\"margin-bottom:6px;\" class=\"aligncenter wp-block-site-logo wp-duotone-unset-1\"><a href=\"https:\/\/www.virgendelacabezacolomera.org\/\" class=\"custom-logo-link\" rel=\"home\"><img loading=\"lazy\" decoding=\"async\" width=\"174\" height=\"125\" src=\"https:\/\/i0.wp.com\/www.virgendelacabezacolomera.org\/wp-content\/uploads\/2024\/11\/logo-cofradia.jpg?fit=1293%2C932&amp;ssl=1\" class=\"custom-logo\" alt=\"Real e Ilustre Cofrad\u00eda Virgen de la Cabeza de Colomera\" data-attachment-id=\"390\" data-permalink=\"https:\/\/www.virgendelacabezacolomera.org\/?attachment_id=390\" data-orig-file=\"https:\/\/i0.wp.com\/www.virgendelacabezacolomera.org\/wp-content\/uploads\/2024\/11\/logo-cofradia.jpg?fit=1293%2C932&amp;ssl=1\" data-orig-size=\"1293,932\" data-comments-opened=\"0\" data-image-meta=\"{&quot;aperture&quot;:&quot;0&quot;,&quot;credit&quot;:&quot;&quot;,&quot;camera&quot;:&quot;&quot;,&quot;caption&quot;:&quot;&quot;,&quot;created_timestamp&quot;:&quot;0&quot;,&quot;copyright&quot;:&quot;&quot;,&quot;focal_length&quot;:&quot;0&quot;,&quot;iso&quot;:&quot;0&quot;,&quot;shutter_speed&quot;:&quot;0&quot;,&quot;title&quot;:&quot;&quot;,&quot;orientation&quot;:&quot;1&quot;}\" data-image-title=\"logo cofradia\" data-image-description=\"\" data-image-caption=\"\" data-large-file=\"https:\/\/i0.wp.com\/www.virgendelacabezacolomera.org\/wp-content\/uploads\/2024\/11\/logo-cofradia.jpg?fit=936%2C675&amp;ssl=1\" \/><\/a><\/div>\n\n\n<ul class=\"wp-block-social-links has-normal-icon-size is-style-logos-only is-content-justification-space-between is-nowrap is-layout-flex wp-container-core-social-links-is-layout-26386418 wp-block-social-links-is-layout-flex\"><li class=\"wp-social-link wp-social-link-facebook  wp-block-social-link\"><a href=\"\" class=\"wp-block-social-link-anchor\"><svg width=\"24\" height=\"24\" viewBox=\"0 0 24 24\" version=\"1.1\" xmlns=\"http:\/\/www.w3.org\/2000\/svg\" aria-hidden=\"true\" focusable=\"false\"><path d=\"M12 2C6.5 2 2 6.5 2 12c0 5 3.7 9.1 8.4 9.9v-7H7.9V12h2.5V9.8c0-2.5 1.5-3.9 3.8-3.9 1.1 0 2.2.2 2.2.2v2.5h-1.3c-1.2 0-1.6.8-1.6 1.6V12h2.8l-.4 2.9h-2.3v7C18.3 21.1 22 17 22 12c0-5.5-4.5-10-10-10z\"><\/path><\/svg><span class=\"wp-block-social-link-label screen-reader-text\">Facebook<\/span><\/a><\/li>\n\n<li class=\"wp-social-link wp-social-link-mail  wp-block-social-link\"><a href=\"mailto:r&#101;&#097;l&#099;o&#102;r&#097;dia&#100;e&#099;olo&#109;&#101;ra&#064;&#103;m&#097;il&#046;c&#111;&#109;\" class=\"wp-block-social-link-anchor\"><svg width=\"24\" height=\"24\" viewBox=\"0 0 24 24\" version=\"1.1\" xmlns=\"http:\/\/www.w3.org\/2000\/svg\" aria-hidden=\"true\" focusable=\"false\"><path d=\"M19,5H5c-1.1,0-2,.9-2,2v10c0,1.1.9,2,2,2h14c1.1,0,2-.9,2-2V7c0-1.1-.9-2-2-2zm.5,12c0,.3-.2.5-.5.5H5c-.3,0-.5-.2-.5-.5V9.8l7.5,5.6,7.5-5.6V17zm0-9.1L12,13.6,4.5,7.9V7c0-.3.2-.5.5-.5h14c.3,0,.5.2.5.5v.9z\"><\/path><\/svg><span class=\"wp-block-social-link-label screen-reader-text\">Correo electr\u00f3nico<\/span><\/a><\/li>\n\n<li class=\"wp-social-link wp-social-link-instagram  wp-block-social-link\"><a href=\"https:\/\/www.instagram.com\/colomera_con_su_morenita\/\" class=\"wp-block-social-link-anchor\"><svg width=\"24\" height=\"24\" viewBox=\"0 0 24 24\" version=\"1.1\" xmlns=\"http:\/\/www.w3.org\/2000\/svg\" aria-hidden=\"true\" focusable=\"false\"><path d=\"M12,4.622c2.403,0,2.688,0.009,3.637,0.052c0.877,0.04,1.354,0.187,1.671,0.31c0.42,0.163,0.72,0.358,1.035,0.673 c0.315,0.315,0.51,0.615,0.673,1.035c0.123,0.317,0.27,0.794,0.31,1.671c0.043,0.949,0.052,1.234,0.052,3.637 s-0.009,2.688-0.052,3.637c-0.04,0.877-0.187,1.354-0.31,1.671c-0.163,0.42-0.358,0.72-0.673,1.035 c-0.315,0.315-0.615,0.51-1.035,0.673c-0.317,0.123-0.794,0.27-1.671,0.31c-0.949,0.043-1.233,0.052-3.637,0.052 s-2.688-0.009-3.637-0.052c-0.877-0.04-1.354-0.187-1.671-0.31c-0.42-0.163-0.72-0.358-1.035-0.673 c-0.315-0.315-0.51-0.615-0.673-1.035c-0.123-0.317-0.27-0.794-0.31-1.671C4.631,14.688,4.622,14.403,4.622,12 s0.009-2.688,0.052-3.637c0.04-0.877,0.187-1.354,0.31-1.671c0.163-0.42,0.358-0.72,0.673-1.035 c0.315-0.315,0.615-0.51,1.035-0.673c0.317-0.123,0.794-0.27,1.671-0.31C9.312,4.631,9.597,4.622,12,4.622 M12,3 C9.556,3,9.249,3.01,8.289,3.054C7.331,3.098,6.677,3.25,6.105,3.472C5.513,3.702,5.011,4.01,4.511,4.511 c-0.5,0.5-0.808,1.002-1.038,1.594C3.25,6.677,3.098,7.331,3.054,8.289C3.01,9.249,3,9.556,3,12c0,2.444,0.01,2.751,0.054,3.711 c0.044,0.958,0.196,1.612,0.418,2.185c0.23,0.592,0.538,1.094,1.038,1.594c0.5,0.5,1.002,0.808,1.594,1.038 c0.572,0.222,1.227,0.375,2.185,0.418C9.249,20.99,9.556,21,12,21s2.751-0.01,3.711-0.054c0.958-0.044,1.612-0.196,2.185-0.418 c0.592-0.23,1.094-0.538,1.594-1.038c0.5-0.5,0.808-1.002,1.038-1.594c0.222-0.572,0.375-1.227,0.418-2.185 C20.99,14.751,21,14.444,21,12s-0.01-2.751-0.054-3.711c-0.044-0.958-0.196-1.612-0.418-2.185c-0.23-0.592-0.538-1.094-1.038-1.594 c-0.5-0.5-1.002-0.808-1.594-1.038c-0.572-0.222-1.227-0.375-2.185-0.418C14.751,3.01,14.444,3,12,3L12,3z M12,7.378 c-2.552,0-4.622,2.069-4.622,4.622S9.448,16.622,12,16.622s4.622-2.069,4.622-4.622S14.552,7.378,12,7.378z M12,15 c-1.657,0-3-1.343-3-3s1.343-3,3-3s3,1.343,3,3S13.657,15,12,15z M16.804,6.116c-0.596,0-1.08,0.484-1.08,1.08 s0.484,1.08,1.08,1.08c0.596,0,1.08-0.484,1.08-1.08S17.401,6.116,16.804,6.116z\"><\/path><\/svg><span class=\"wp-block-social-link-label screen-reader-text\">Instagram<\/span><\/a><\/li><\/ul>\n<\/div>\n<\/div>\n<\/div>\n\n\n\n<p><\/p>\n","protected":false},"excerpt":{"rendered":"","protected":false},"author":1,"featured_media":0,"parent":0,"menu_order":0,"comment_status":"closed","ping_status":"closed","template":"","meta":{"neve_meta_sidebar":"","neve_meta_container":"","neve_meta_enable_content_width":"","neve_meta_content_width":0,"neve_meta_title_alignment":"","neve_meta_author_avatar":"","neve_post_elements_order":"","neve_meta_disable_header":"","neve_meta_disable_footer":"","neve_meta_disable_title":"","jetpack_post_was_ever_published":false,"footnotes":""},"class_list":["post-526","page","type-page","status-publish","hentry"],"jetpack_sharing_enabled":true,"jetpack_shortlink":"https:\/\/wp.me\/PaxVsa-8u","jetpack-related-posts":[{"id":79,"url":"https:\/\/www.virgendelacabezacolomera.org\/?page_id=79","url_meta":{"origin":526,"position":0},"title":"ACTOS","author":"admin","date":"17\/12\/2018","format":false,"excerpt":"APARICI\u00d3N La noche del 11 al 12 de agosto se celebra en Sierra Morena desde hace 8 siglos la Aparici\u00f3n de la Virgen de la Cabeza al pastor Juan Alonso de Rivas, natural de Colomera. Anualmente, nuestro pueblo acompa\u00f1a a la Virgen en su misa y procesi\u00f3n por las calles\u2026","rel":"","context":"Entrada similar","block_context":{"text":"Entrada similar","link":""},"img":{"alt_text":"","src":"https:\/\/i0.wp.com\/www.virgendelacabezacolomera.org\/wp-content\/uploads\/2024\/12\/image-3.png?resize=350%2C200&ssl=1","width":350,"height":200,"srcset":"https:\/\/i0.wp.com\/www.virgendelacabezacolomera.org\/wp-content\/uploads\/2024\/12\/image-3.png?resize=350%2C200&ssl=1 1x, https:\/\/i0.wp.com\/www.virgendelacabezacolomera.org\/wp-content\/uploads\/2024\/12\/image-3.png?resize=525%2C300&ssl=1 1.5x"},"classes":[]},{"id":639,"url":"https:\/\/www.virgendelacabezacolomera.org\/?page_id=639","url_meta":{"origin":526,"position":1},"title":"Historia","author":"admin","date":"02\/04\/2025","format":false,"excerpt":"Seg\u00fan la antigua, venerable y respetada tradici\u00f3n con escaso fundamento hist\u00f3rico que nos transmite D. Manuel de Salcedo Olid en su Paneg\u00edrico Historial de N.S. de la Cabeza de Sierra Morena, publicado en el a\u00f1o de 1677, entre los Christianos que apacentaban ovejas en aquellos montes, av\u00eda un pastor natural\u2026","rel":"","context":"Entrada similar","block_context":{"text":"Entrada similar","link":""},"img":{"alt_text":"","src":"https:\/\/i0.wp.com\/www.virgendelacabezacolomera.org\/wp-content\/uploads\/2025\/04\/romeria-cuadro.jpg?resize=350%2C200&ssl=1","width":350,"height":200,"srcset":"https:\/\/i0.wp.com\/www.virgendelacabezacolomera.org\/wp-content\/uploads\/2025\/04\/romeria-cuadro.jpg?resize=350%2C200&ssl=1 1x, https:\/\/i0.wp.com\/www.virgendelacabezacolomera.org\/wp-content\/uploads\/2025\/04\/romeria-cuadro.jpg?resize=525%2C300&ssl=1 1.5x"},"classes":[]},{"id":62,"url":"https:\/\/www.virgendelacabezacolomera.org\/?page_id=62","url_meta":{"origin":526,"position":2},"title":"Privacidad de datos","author":"admin","date":"14\/12\/2018","format":false,"excerpt":"POL\u00cdTICA DE PROTECCI\u00d3N DE DATOS DE CAR\u00c1CTER PERSONAL: 1.1 A los efectos de lo dispuesto en la Ley Org\u00e1nica 15\/1999, de 13 de Diciembre, de Protecci\u00f3n de Datos de Car\u00e1cter Personal,\u00a0REAL COFRADIA\u00a0 VIRGEN DE\u00a0LA CABEZA DE\u00a0COLOMERA\u00a0informa al Usuario de la existencia de un fichero de datos de car\u00e1cter personal creado\u2026","rel":"","context":"Entrada similar","block_context":{"text":"Entrada similar","link":""},"img":{"alt_text":"","src":"","width":0,"height":0},"classes":[]},{"id":59,"url":"https:\/\/www.virgendelacabezacolomera.org\/?page_id=59","url_meta":{"origin":526,"position":3},"title":"Romer\u00eda Virgen de la Cabeza","author":"admin","date":"14\/12\/2018","format":false,"excerpt":"Nuestra Romer\u00eda La cofrad\u00eda de Colomera participa intensamente en la romer\u00eda principal de And\u00fajar el \u00faltimo fin de semana de abril, los romeros de Colomera peregrinan al Santuario de And\u00fajar, partiendo de Colomera el jueves por la ma\u00f1ana. Nuestra Romer\u00eda comienza con la misa de romeros el jueves a las\u2026","rel":"","context":"Entrada similar","block_context":{"text":"Entrada similar","link":""},"img":{"alt_text":"","src":"","width":0,"height":0},"classes":[]},{"id":85,"url":"https:\/\/www.virgendelacabezacolomera.org\/?page_id=85","url_meta":{"origin":526,"position":4},"title":"ESTATUTOS","author":"admin","date":"17\/12\/2018","format":false,"excerpt":"ESTATUTOS DE LA REAL COFRADIA NTRA. SRA. DE LA CABEZA DE COLOMERA (GRANADA) INTRODUCCION La Real Cofrad\u00eda de la Sant\u00edsima Virgen de la Cabeza de Colomera, se fund\u00f3 en fecha incierta a\u00fan no documentada, aunque se podr\u00eda hacer referencia al siglo XVI o incluso anterior, fecha en la que se\u2026","rel":"","context":"Entrada similar","block_context":{"text":"Entrada similar","link":""},"img":{"alt_text":"","src":"https:\/\/i0.wp.com\/www.virgendelacabezacolomera.org\/wp-content\/uploads\/2024\/11\/logo-cofradia.jpg?resize=350%2C200&ssl=1","width":350,"height":200,"srcset":"https:\/\/i0.wp.com\/www.virgendelacabezacolomera.org\/wp-content\/uploads\/2024\/11\/logo-cofradia.jpg?resize=350%2C200&ssl=1 1x, https:\/\/i0.wp.com\/www.virgendelacabezacolomera.org\/wp-content\/uploads\/2024\/11\/logo-cofradia.jpg?resize=525%2C300&ssl=1 1.5x, https:\/\/i0.wp.com\/www.virgendelacabezacolomera.org\/wp-content\/uploads\/2024\/11\/logo-cofradia.jpg?resize=700%2C400&ssl=1 2x, https:\/\/i0.wp.com\/www.virgendelacabezacolomera.org\/wp-content\/uploads\/2024\/11\/logo-cofradia.jpg?resize=1050%2C600&ssl=1 3x"},"classes":[]},{"id":312,"url":"https:\/\/www.virgendelacabezacolomera.org\/?page_id=312","url_meta":{"origin":526,"position":5},"title":"ROMERIA","author":"admin","date":"24\/02\/2020","format":false,"excerpt":"La Romer\u00eda de la Virgen de la Cabeza, celebrada el \u00faltimo domingo de abril en And\u00fajar (Ja\u00e9n), es una de las peregrinaciones m\u00e1s antiguas y multitudinarias de Espa\u00f1a, con casi 800 a\u00f1os de historia en Sierra Morena. Los fieles acudimos al Santuario del Cerro del Cabezo para venerar a \"la\u2026","rel":"","context":"Entrada similar","block_context":{"text":"Entrada similar","link":""},"img":{"alt_text":"","src":"https:\/\/i0.wp.com\/www.virgendelacabezacolomera.org\/wp-content\/uploads\/2020\/02\/Cartel-Virgen-de-la-Cabeza-Colomera-Romer%C3%ADa-2020-3.jpg?fit=857%2C1200&ssl=1&resize=350%2C200","width":350,"height":200,"srcset":"https:\/\/i0.wp.com\/www.virgendelacabezacolomera.org\/wp-content\/uploads\/2020\/02\/Cartel-Virgen-de-la-Cabeza-Colomera-Romer%C3%ADa-2020-3.jpg?fit=857%2C1200&ssl=1&resize=350%2C200 1x, https:\/\/i0.wp.com\/www.virgendelacabezacolomera.org\/wp-content\/uploads\/2020\/02\/Cartel-Virgen-de-la-Cabeza-Colomera-Romer%C3%ADa-2020-3.jpg?fit=857%2C1200&ssl=1&resize=525%2C300 1.5x, https:\/\/i0.wp.com\/www.virgendelacabezacolomera.org\/wp-content\/uploads\/2020\/02\/Cartel-Virgen-de-la-Cabeza-Colomera-Romer%C3%ADa-2020-3.jpg?fit=857%2C1200&ssl=1&resize=700%2C400 2x"},"classes":[]}],"_links":{"self":[{"href":"https:\/\/www.virgendelacabezacolomera.org\/index.php?rest_route=\/wp\/v2\/pages\/526","targetHints":{"allow":["GET"]}}],"collection":[{"href":"https:\/\/www.virgendelacabezacolomera.org\/index.php?rest_route=\/wp\/v2\/pages"}],"about":[{"href":"https:\/\/www.virgendelacabezacolomera.org\/index.php?rest_route=\/wp\/v2\/types\/page"}],"author":[{"embeddable":true,"href":"https:\/\/www.virgendelacabezacolomera.org\/index.php?rest_route=\/wp\/v2\/users\/1"}],"replies":[{"embeddable":true,"href":"https:\/\/www.virgendelacabezacolomera.org\/index.php?rest_route=%2Fwp%2Fv2%2Fcomments&post=526"}],"version-history":[{"count":2,"href":"https:\/\/www.virgendelacabezacolomera.org\/index.php?rest_route=\/wp\/v2\/pages\/526\/revisions"}],"predecessor-version":[{"id":577,"href":"https:\/\/www.virgendelacabezacolomera.org\/index.php?rest_route=\/wp\/v2\/pages\/526\/revisions\/577"}],"wp:attachment":[{"href":"https:\/\/www.virgendelacabezacolomera.org\/index.php?rest_route=%2Fwp%2Fv2%2Fmedia&parent=526"}],"curies":[{"name":"wp","href":"https:\/\/api.w.org\/{rel}","templated":true}]}}