{"id":533,"date":"2024-11-24T11:12:17","date_gmt":"2024-11-24T11:12:17","guid":{"rendered":"https:\/\/www.virgendelacabezacolomera.org\/?page_id=533"},"modified":"2026-01-26T17:16:16","modified_gmt":"2026-01-26T17:16:16","slug":"enseres","status":"publish","type":"page","link":"https:\/\/www.virgendelacabezacolomera.org\/?page_id=533","title":{"rendered":"ENSERES"},"content":{"rendered":"\n<p>La Cofrad\u00eda de la Virgen de la Cabeza de Colomera custodia con profundo respeto y devoci\u00f3n un valioso conjunto de enseres que forman parte esencial de su identidad, su historia y su culto. Cada uno de estos elementos no solo cumple una funci\u00f3n representativa, sino que encierra un significado espiritual y simb\u00f3lico que ha sido transmitido de generaci\u00f3n en generaci\u00f3n.<\/p>\n\n\n\n<p>Entre estos enseres destacan los cetros, signo de autoridad y servicio; las \u201cMar\u00edas\u201d, que acompa\u00f1an a los cetros y representan a los miembros de la junta directiva; el gallardete o gui\u00f3n de camino, el estandarte y las banderas, que anuncian con orgullo la presencia de la Cofrad\u00eda y acompa\u00f1an a la Sant\u00edsima Virgen en sus actos y procesiones. Junto a ellos, otros enseres de menor tama\u00f1o, como nuestra medalla o las bandas bordadas, completan el patrimonio material y devocional de la Hermandad.<\/p>\n\n\n\n<p>Todos estos enseres son expresi\u00f3n viva de la fe del pueblo de Colomera, testimonio de su amor a la Virgen de la Cabeza y s\u00edmbolo de la uni\u00f3n, tradici\u00f3n y continuidad de esta Cofrad\u00eda a lo largo del tiempo.<\/p>\n\n\n\n<div class=\"wp-block-columns is-layout-flex wp-container-core-columns-is-layout-9d6595d7 wp-block-columns-is-layout-flex\">\n<div class=\"wp-block-column is-layout-flow wp-block-column-is-layout-flow\">\n<div class=\"wp-block-group\"><div class=\"wp-block-group__inner-container is-layout-constrained wp-block-group-is-layout-constrained\"><div class=\"wp-block-image\">\n<figure class=\"aligncenter size-full\"><img data-recalc-dims=\"1\" loading=\"lazy\" decoding=\"async\" width=\"231\" height=\"308\" data-attachment-id=\"655\" data-permalink=\"https:\/\/www.virgendelacabezacolomera.org\/?attachment_id=655\" data-orig-file=\"https:\/\/i0.wp.com\/www.virgendelacabezacolomera.org\/wp-content\/uploads\/2025\/04\/CetroCofradiadeColomera-removebg-preview-edited.png?fit=231%2C308&amp;ssl=1\" data-orig-size=\"231,308\" data-comments-opened=\"0\" data-image-meta=\"{&quot;aperture&quot;:&quot;0&quot;,&quot;credit&quot;:&quot;&quot;,&quot;camera&quot;:&quot;&quot;,&quot;caption&quot;:&quot;&quot;,&quot;created_timestamp&quot;:&quot;0&quot;,&quot;copyright&quot;:&quot;&quot;,&quot;focal_length&quot;:&quot;0&quot;,&quot;iso&quot;:&quot;0&quot;,&quot;shutter_speed&quot;:&quot;0&quot;,&quot;title&quot;:&quot;&quot;,&quot;orientation&quot;:&quot;0&quot;}\" data-image-title=\"CetroCofradi\u0301adeColomera-removebg-preview\" data-image-description=\"\" data-image-caption=\"\" data-large-file=\"https:\/\/i0.wp.com\/www.virgendelacabezacolomera.org\/wp-content\/uploads\/2025\/04\/CetroCofradiadeColomera-removebg-preview-edited.png?fit=231%2C308&amp;ssl=1\" src=\"https:\/\/i0.wp.com\/www.virgendelacabezacolomera.org\/wp-content\/uploads\/2025\/04\/CetroCofradiadeColomera-removebg-preview-edited.png?resize=231%2C308&#038;ssl=1\" alt=\"\" class=\"wp-image-655\"\/><\/figure>\n<\/div>\n\n\n<div class=\"wp-block-buttons is-content-justification-center is-layout-flex wp-container-core-buttons-is-layout-16018d1d wp-block-buttons-is-layout-flex\">\n<div class=\"wp-block-button is-style-primary\"><a class=\"wp-block-button__link wp-element-button\">CEtros y \u00abMar\u00edas\u00bb<\/a><\/div>\n<\/div>\n<\/div><\/div>\n<\/div>\n\n\n\n<div class=\"wp-block-column is-layout-flow wp-block-column-is-layout-flow\"><div class=\"wp-block-image\">\n<figure class=\"aligncenter size-full\"><img data-recalc-dims=\"1\" loading=\"lazy\" decoding=\"async\" width=\"231\" height=\"308\" data-attachment-id=\"655\" data-permalink=\"https:\/\/www.virgendelacabezacolomera.org\/?attachment_id=655\" data-orig-file=\"https:\/\/i0.wp.com\/www.virgendelacabezacolomera.org\/wp-content\/uploads\/2025\/04\/CetroCofradiadeColomera-removebg-preview-edited.png?fit=231%2C308&amp;ssl=1\" data-orig-size=\"231,308\" data-comments-opened=\"0\" data-image-meta=\"{&quot;aperture&quot;:&quot;0&quot;,&quot;credit&quot;:&quot;&quot;,&quot;camera&quot;:&quot;&quot;,&quot;caption&quot;:&quot;&quot;,&quot;created_timestamp&quot;:&quot;0&quot;,&quot;copyright&quot;:&quot;&quot;,&quot;focal_length&quot;:&quot;0&quot;,&quot;iso&quot;:&quot;0&quot;,&quot;shutter_speed&quot;:&quot;0&quot;,&quot;title&quot;:&quot;&quot;,&quot;orientation&quot;:&quot;0&quot;}\" data-image-title=\"CetroCofradi\u0301adeColomera-removebg-preview\" data-image-description=\"\" data-image-caption=\"\" data-large-file=\"https:\/\/i0.wp.com\/www.virgendelacabezacolomera.org\/wp-content\/uploads\/2025\/04\/CetroCofradiadeColomera-removebg-preview-edited.png?fit=231%2C308&amp;ssl=1\" src=\"https:\/\/i0.wp.com\/www.virgendelacabezacolomera.org\/wp-content\/uploads\/2025\/04\/CetroCofradiadeColomera-removebg-preview-edited.png?resize=231%2C308&#038;ssl=1\" alt=\"\" class=\"wp-image-655\"\/><\/figure>\n<\/div>\n\n\n<div class=\"wp-block-buttons is-content-justification-center is-layout-flex wp-container-core-buttons-is-layout-16018d1d wp-block-buttons-is-layout-flex\">\n<div class=\"wp-block-button is-style-primary\"><a class=\"wp-block-button__link wp-element-button\">CEtros y \u00abMar\u00edas\u00bb<\/a><\/div>\n<\/div>\n<\/div>\n\n\n\n<div class=\"wp-block-column is-layout-flow wp-block-column-is-layout-flow\"><\/div>\n<\/div>\n\n\n\n<p><\/p>\n","protected":false},"excerpt":{"rendered":"<p>La Cofrad\u00eda de la Virgen de la Cabeza de Colomera custodia con profundo respeto y devoci\u00f3n un valioso conjunto de enseres que forman parte esencial de su identidad, su historia y su culto. Cada uno de estos elementos no solo cumple una funci\u00f3n representativa, sino que encierra un significado espiritual y simb\u00f3lico que ha sido&hellip;&nbsp;<a href=\"https:\/\/www.virgendelacabezacolomera.org\/?page_id=533\" rel=\"bookmark\">Leer m\u00e1s &raquo;<span class=\"screen-reader-text\">ENSERES<\/span><\/a><\/p>\n","protected":false},"author":1,"featured_media":0,"parent":0,"menu_order":0,"comment_status":"closed","ping_status":"closed","template":"","meta":{"neve_meta_sidebar":"","neve_meta_container":"","neve_meta_enable_content_width":"","neve_meta_content_width":0,"neve_meta_title_alignment":"","neve_meta_author_avatar":"","neve_post_elements_order":"","neve_meta_disable_header":"","neve_meta_disable_footer":"","neve_meta_disable_title":"","jetpack_post_was_ever_published":false,"footnotes":""},"class_list":["post-533","page","type-page","status-publish","hentry"],"jetpack_sharing_enabled":true,"jetpack_shortlink":"https:\/\/wp.me\/PaxVsa-8B","jetpack-related-posts":[{"id":59,"url":"https:\/\/www.virgendelacabezacolomera.org\/?page_id=59","url_meta":{"origin":533,"position":0},"title":"Romer\u00eda Virgen de la Cabeza","author":"admin","date":"14\/12\/2018","format":false,"excerpt":"Nuestra Romer\u00eda La cofrad\u00eda de Colomera participa intensamente en la romer\u00eda principal de And\u00fajar el \u00faltimo fin de semana de abril, los romeros de Colomera peregrinan al Santuario de And\u00fajar, partiendo de Colomera el jueves por la ma\u00f1ana. Nuestra Romer\u00eda comienza con la misa de romeros el jueves a las\u2026","rel":"","context":"Entrada similar","block_context":{"text":"Entrada similar","link":""},"img":{"alt_text":"","src":"","width":0,"height":0},"classes":[]},{"id":76,"url":"https:\/\/www.virgendelacabezacolomera.org\/?page_id=76","url_meta":{"origin":533,"position":1},"title":"COFRADIA","author":"admin","date":"17\/12\/2018","format":false,"excerpt":"Junta de Gobierno LEER M\u00c1S Historia LEER M\u00c1S Imagen LEER M\u00c1S Estatutos LEER M\u00c1S Enseres LEER M\u00c1S Galer\u00eda LEER M\u00c1S","rel":"","context":"Entrada similar","block_context":{"text":"Entrada similar","link":""},"img":{"alt_text":"","src":"https:\/\/i0.wp.com\/www.virgendelacabezacolomera.org\/wp-content\/uploads\/2024\/11\/tito-kXX-U220642527384CSH-1200x840%40Ideal.jpg?resize=350%2C200&ssl=1","width":350,"height":200,"srcset":"https:\/\/i0.wp.com\/www.virgendelacabezacolomera.org\/wp-content\/uploads\/2024\/11\/tito-kXX-U220642527384CSH-1200x840%40Ideal.jpg?resize=350%2C200&ssl=1 1x, https:\/\/i0.wp.com\/www.virgendelacabezacolomera.org\/wp-content\/uploads\/2024\/11\/tito-kXX-U220642527384CSH-1200x840%40Ideal.jpg?resize=525%2C300&ssl=1 1.5x, https:\/\/i0.wp.com\/www.virgendelacabezacolomera.org\/wp-content\/uploads\/2024\/11\/tito-kXX-U220642527384CSH-1200x840%40Ideal.jpg?resize=700%2C400&ssl=1 2x, https:\/\/i0.wp.com\/www.virgendelacabezacolomera.org\/wp-content\/uploads\/2024\/11\/tito-kXX-U220642527384CSH-1200x840%40Ideal.jpg?resize=1050%2C600&ssl=1 3x"},"classes":[]},{"id":85,"url":"https:\/\/www.virgendelacabezacolomera.org\/?page_id=85","url_meta":{"origin":533,"position":2},"title":"ESTATUTOS","author":"admin","date":"17\/12\/2018","format":false,"excerpt":"ESTATUTOS DE LA REAL COFRADIA NTRA. SRA. DE LA CABEZA DE COLOMERA (GRANADA) INTRODUCCION La Real Cofrad\u00eda de la Sant\u00edsima Virgen de la Cabeza de Colomera, se fund\u00f3 en fecha incierta a\u00fan no documentada, aunque se podr\u00eda hacer referencia al siglo XVI o incluso anterior, fecha en la que se\u2026","rel":"","context":"Entrada similar","block_context":{"text":"Entrada similar","link":""},"img":{"alt_text":"","src":"https:\/\/i0.wp.com\/www.virgendelacabezacolomera.org\/wp-content\/uploads\/2024\/11\/logo-cofradia.jpg?resize=350%2C200&ssl=1","width":350,"height":200,"srcset":"https:\/\/i0.wp.com\/www.virgendelacabezacolomera.org\/wp-content\/uploads\/2024\/11\/logo-cofradia.jpg?resize=350%2C200&ssl=1 1x, https:\/\/i0.wp.com\/www.virgendelacabezacolomera.org\/wp-content\/uploads\/2024\/11\/logo-cofradia.jpg?resize=525%2C300&ssl=1 1.5x, https:\/\/i0.wp.com\/www.virgendelacabezacolomera.org\/wp-content\/uploads\/2024\/11\/logo-cofradia.jpg?resize=700%2C400&ssl=1 2x, https:\/\/i0.wp.com\/www.virgendelacabezacolomera.org\/wp-content\/uploads\/2024\/11\/logo-cofradia.jpg?resize=1050%2C600&ssl=1 3x"},"classes":[]},{"id":639,"url":"https:\/\/www.virgendelacabezacolomera.org\/?page_id=639","url_meta":{"origin":533,"position":3},"title":"Historia","author":"admin","date":"02\/04\/2025","format":false,"excerpt":"Seg\u00fan la antigua, venerable y respetada tradici\u00f3n con escaso fundamento hist\u00f3rico que nos transmite D. Manuel de Salcedo Olid en su Paneg\u00edrico Historial de N.S. de la Cabeza de Sierra Morena, publicado en el a\u00f1o de 1677, entre los Christianos que apacentaban ovejas en aquellos montes, av\u00eda un pastor natural\u2026","rel":"","context":"Entrada similar","block_context":{"text":"Entrada similar","link":""},"img":{"alt_text":"","src":"https:\/\/i0.wp.com\/www.virgendelacabezacolomera.org\/wp-content\/uploads\/2025\/04\/romeria-cuadro.jpg?resize=350%2C200&ssl=1","width":350,"height":200,"srcset":"https:\/\/i0.wp.com\/www.virgendelacabezacolomera.org\/wp-content\/uploads\/2025\/04\/romeria-cuadro.jpg?resize=350%2C200&ssl=1 1x, https:\/\/i0.wp.com\/www.virgendelacabezacolomera.org\/wp-content\/uploads\/2025\/04\/romeria-cuadro.jpg?resize=525%2C300&ssl=1 1.5x"},"classes":[]},{"id":312,"url":"https:\/\/www.virgendelacabezacolomera.org\/?page_id=312","url_meta":{"origin":533,"position":4},"title":"ROMERIA","author":"admin","date":"24\/02\/2020","format":false,"excerpt":"La Romer\u00eda de la Virgen de la Cabeza, celebrada el \u00faltimo domingo de abril en And\u00fajar (Ja\u00e9n), es una de las peregrinaciones m\u00e1s antiguas y multitudinarias de Espa\u00f1a, con casi 800 a\u00f1os de historia en Sierra Morena. Los fieles acudimos al Santuario del Cerro del Cabezo para venerar a \"la\u2026","rel":"","context":"Entrada similar","block_context":{"text":"Entrada similar","link":""},"img":{"alt_text":"","src":"https:\/\/i0.wp.com\/www.virgendelacabezacolomera.org\/wp-content\/uploads\/2020\/02\/Cartel-Virgen-de-la-Cabeza-Colomera-Romer%C3%ADa-2020-3.jpg?fit=857%2C1200&ssl=1&resize=350%2C200","width":350,"height":200,"srcset":"https:\/\/i0.wp.com\/www.virgendelacabezacolomera.org\/wp-content\/uploads\/2020\/02\/Cartel-Virgen-de-la-Cabeza-Colomera-Romer%C3%ADa-2020-3.jpg?fit=857%2C1200&ssl=1&resize=350%2C200 1x, https:\/\/i0.wp.com\/www.virgendelacabezacolomera.org\/wp-content\/uploads\/2020\/02\/Cartel-Virgen-de-la-Cabeza-Colomera-Romer%C3%ADa-2020-3.jpg?fit=857%2C1200&ssl=1&resize=525%2C300 1.5x, https:\/\/i0.wp.com\/www.virgendelacabezacolomera.org\/wp-content\/uploads\/2020\/02\/Cartel-Virgen-de-la-Cabeza-Colomera-Romer%C3%ADa-2020-3.jpg?fit=857%2C1200&ssl=1&resize=700%2C400 2x"},"classes":[]},{"id":62,"url":"https:\/\/www.virgendelacabezacolomera.org\/?page_id=62","url_meta":{"origin":533,"position":5},"title":"Privacidad de datos","author":"admin","date":"14\/12\/2018","format":false,"excerpt":"POL\u00cdTICA DE PROTECCI\u00d3N DE DATOS DE CAR\u00c1CTER PERSONAL: 1.1 A los efectos de lo dispuesto en la Ley Org\u00e1nica 15\/1999, de 13 de Diciembre, de Protecci\u00f3n de Datos de Car\u00e1cter Personal,\u00a0REAL COFRADIA\u00a0 VIRGEN DE\u00a0LA CABEZA DE\u00a0COLOMERA\u00a0informa al Usuario de la existencia de un fichero de datos de car\u00e1cter personal creado\u2026","rel":"","context":"Entrada similar","block_context":{"text":"Entrada similar","link":""},"img":{"alt_text":"","src":"","width":0,"height":0},"classes":[]}],"_links":{"self":[{"href":"https:\/\/www.virgendelacabezacolomera.org\/index.php?rest_route=\/wp\/v2\/pages\/533","targetHints":{"allow":["GET"]}}],"collection":[{"href":"https:\/\/www.virgendelacabezacolomera.org\/index.php?rest_route=\/wp\/v2\/pages"}],"about":[{"href":"https:\/\/www.virgendelacabezacolomera.org\/index.php?rest_route=\/wp\/v2\/types\/page"}],"author":[{"embeddable":true,"href":"https:\/\/www.virgendelacabezacolomera.org\/index.php?rest_route=\/wp\/v2\/users\/1"}],"replies":[{"embeddable":true,"href":"https:\/\/www.virgendelacabezacolomera.org\/index.php?rest_route=%2Fwp%2Fv2%2Fcomments&post=533"}],"version-history":[{"count":7,"href":"https:\/\/www.virgendelacabezacolomera.org\/index.php?rest_route=\/wp\/v2\/pages\/533\/revisions"}],"predecessor-version":[{"id":831,"href":"https:\/\/www.virgendelacabezacolomera.org\/index.php?rest_route=\/wp\/v2\/pages\/533\/revisions\/831"}],"wp:attachment":[{"href":"https:\/\/www.virgendelacabezacolomera.org\/index.php?rest_route=%2Fwp%2Fv2%2Fmedia&parent=533"}],"curies":[{"name":"wp","href":"https:\/\/api.w.org\/{rel}","templated":true}]}}