{"id":639,"date":"2025-04-02T22:06:24","date_gmt":"2025-04-02T22:06:24","guid":{"rendered":"https:\/\/www.virgendelacabezacolomera.org\/?page_id=639"},"modified":"2025-04-19T11:28:01","modified_gmt":"2025-04-19T11:28:01","slug":"historia-2","status":"publish","type":"page","link":"https:\/\/www.virgendelacabezacolomera.org\/?page_id=639","title":{"rendered":"Historia"},"content":{"rendered":"\n<p>Seg\u00fan la antigua, venerable y respetada tradici\u00f3n con escaso fundamento hist\u00f3rico que nos transmite D. Manuel de Salcedo Olid en su Paneg\u00edrico Historial de N.S. de la Cabeza de Sierra Morena, publicado en el a\u00f1o de 1677, entre los Christianos que apacentaban ovejas en aquellos montes, av\u00eda un pastor natural de Colomera (que entonces era de Moros) hijo de Cautivos Christianos de aquella Villa\u00bb. Este pastor, seg\u00fan escribe D. Miguel Milena Abad en su imaginario y bienintencionado folleto de 1992, El pastor de Colomera, habr\u00eda nacido en el pago de Las Mesas, uno de los tres n\u00facleos de poblaci\u00f3n en que, junto con el Berbe, estaba dividido Colomera en el siglo XIII. En aquel humilde poblado viv\u00edan los cristianos en n\u00famero reducido y con libertad restringida para sus pr\u00e1cticas religiosas.&nbsp;<\/p>\n\n\n\n<p>Diversas son las versiones que sobre los avatares de su vida se han narrado, siendo la m\u00e1s com\u00fanmente aceptada la de que \u00abla necesidad de procurarse la subsistencia le obligaron \u00e1 entrar de pastor en casa de un rico y caritativo ganadero del pueblo de Arjona&#8230;; y de tal manera se condujo, que su amo, recompens\u00e1ndole cuando lleg\u00f3 \u00e1 la plenitud de la edad viril, le hizo due\u00f1o de un buen hato de ganado, el que apacentaba y explotaba por su cuenta en los sitios conocidos hoy en Sierra Morena con los nombres de Lugar Nuevo y Solana de la Virgen: pasando la noche siempre donde aqu\u00e9lla le alcanzaba&#8230;\u00bb. Y as\u00ed, \u00abentre los pastores que vagaban esta Sierra uno m\u00e1s venturoso (&#8230;) logr\u00f3 saciar sus deseos, pues se le apareci\u00f3 la gloria de Dios, porque el a\u00f1o de mil cientos y veinte y siete, algunas noches del mes de Agosto, una que fue su iluminaci\u00f3n (&#8230;)\u00bb.&nbsp;<\/p>\n\n\n\n<div class=\"wp-block-columns is-layout-flex wp-container-core-columns-is-layout-9d6595d7 wp-block-columns-is-layout-flex\">\n<div class=\"wp-block-column is-vertically-aligned-center is-layout-flow wp-block-column-is-layout-flow\">\n<figure class=\"wp-block-image size-full is-resized\"><img data-recalc-dims=\"1\" loading=\"lazy\" decoding=\"async\" width=\"665\" height=\"491\" data-attachment-id=\"651\" data-permalink=\"https:\/\/www.virgendelacabezacolomera.org\/?attachment_id=651\" data-orig-file=\"https:\/\/i0.wp.com\/www.virgendelacabezacolomera.org\/wp-content\/uploads\/2025\/04\/cuadroaparicionVirgendelaCabezaColomera.jpg?fit=665%2C491&amp;ssl=1\" data-orig-size=\"665,491\" data-comments-opened=\"0\" data-image-meta=\"{&quot;aperture&quot;:&quot;0&quot;,&quot;credit&quot;:&quot;&quot;,&quot;camera&quot;:&quot;&quot;,&quot;caption&quot;:&quot;&quot;,&quot;created_timestamp&quot;:&quot;0&quot;,&quot;copyright&quot;:&quot;&quot;,&quot;focal_length&quot;:&quot;0&quot;,&quot;iso&quot;:&quot;0&quot;,&quot;shutter_speed&quot;:&quot;0&quot;,&quot;title&quot;:&quot;&quot;,&quot;orientation&quot;:&quot;0&quot;}\" data-image-title=\"cuadroaparicionVirgendelaCabezaColomera\" data-image-description=\"\" data-image-caption=\"\" data-large-file=\"https:\/\/i0.wp.com\/www.virgendelacabezacolomera.org\/wp-content\/uploads\/2025\/04\/cuadroaparicionVirgendelaCabezaColomera.jpg?fit=665%2C491&amp;ssl=1\" src=\"https:\/\/i0.wp.com\/www.virgendelacabezacolomera.org\/wp-content\/uploads\/2025\/04\/cuadroaparicionVirgendelaCabezaColomera.jpg?resize=665%2C491&#038;ssl=1\" alt=\"Cuadro que representa la aparaici\u00f3n en la Iglesia de la Encarnaci\u00f3n de Colomera\" class=\"wp-image-651\" style=\"width:556px;height:auto\"\/><figcaption class=\"wp-element-caption\">Cuadro de la Aparici\u00f3n en la Iglesia de Colomera<\/figcaption><\/figure>\n<\/div>\n\n\n\n<div class=\"wp-block-column is-layout-flow wp-block-column-is-layout-flow\">\n<p><\/p>\n\n\n\n<p>En un manuscrito de 1430 que existi\u00f3 hasta 1865 en el archivo obispal de Santa Catalina de Baeza, aparec\u00eda por primera vez el nombre del pastor Juan Alonso de Rivas. P\u00e9rez Guzm\u00e1n tuvo acceso, estudi\u00f3 y transmiti\u00f3 parte del contenido de dicho manuscrito. En el siglo XVI se conoc\u00eda la existencia a occidente del Santuario serre\u00f1o del sitio de la Alcoba o Alcobilla, donde, a\u00fan doscientos a\u00f1os despu\u00e9s, se dec\u00eda tuvo su redil y su chozo o r\u00fastica morada el pastor. \u00abLleg\u00f3 la noche del 12 de agosto de 1227, fecha memorable para Juan\u00bb. \u00abLa aparici\u00f3n de la estatua de la Sant\u00edsima Virgen en el cerro de la Cabeza\u2026, es un hecho sobradamente comprobado\u00bb.<\/p>\n\n\n\n<p>Fray Pablo de Santo Tomas, cura de Colomera, sosten\u00eda que el pastor estaba enterrado en su iglesia, en una capilla de N. S. de la Cabeza, pero esto, seg\u00fan Torres Jim\u00e9nez, m\u00e1s parece infundada tradici\u00f3n oral de origen alcala\u00edno, pues muchos de los repobladores de Colomera, tras su conquista por Castilla en 1486, proced\u00edan de aquella poblaci\u00f3n.<br><\/p>\n<\/div>\n<\/div>\n\n\n\n<p><\/p>\n\n\n\n<p>Prende entre los andujare\u00f1os la devoci\u00f3n hacia esta imagen, en torno a la que surge una cofrad\u00eda hacia 1245 cuyos estatutos son confirmados por el obispo de Ja\u00e9n, Alonso Su\u00e1rez de la Fuente del Sauce en 1505. Unas d\u00e9cadas despu\u00e9s, seg\u00fan datos fidedignos, en el primer tercio del siglo XVI, se funda la cofrad\u00eda filial de Colomera, aunque los documentos que se conservaban en la villa desaparecieron durante la \u00faltima contienda civil, otros que se pueden encontrar en los diversos archivos de la Chanciller\u00eda, del Arzobispado, etc., a\u00fan no se han estudiado. Los actuales, bastante incompletos y diseminados, son posteriores a 1947.<\/p>\n\n\n\n<p>Su antig\u00fcedad est\u00e1 acreditada por la concordia de la cofrad\u00eda matriz de And\u00fajar de 1555, donde se se\u00f1alan a las cofrad\u00edas el puesto o privilegio especial, como a la de Colomera, que aparece nominada como la tercera. Se dice de ella que, desde su constituci\u00f3n, nunca ha faltado a la cita anual romera en Sierra Morena, salvo los a\u00f1os que dur\u00f3 la supresi\u00f3n de las cofrad\u00edas hasta entonces existentes dictada por el Real Consejo Supremo de Castilla el 16 de marzo de 1773, aunque extraoficialmente el \u00faltimo domingo de abril sigui\u00f3 concentrando a un buen n\u00famero de devotos vigilados por alguaciles enviados desde And\u00fajar para mantener el orden y el decoro.<br>Tambi\u00e9n se resolvi\u00f3 recoger las constituciones de todas las cofrad\u00edas que acud\u00edan al Santuario (unas setenta) en el plazo de veinte d\u00edas, encomendando esta tarea a las Justicias de donde se hallasen dichas cofrad\u00edas. Fueron las cofrad\u00edas granadinas de Santa Fe, hoy extinguida, y la de Colomera, cuya Justicia no hab\u00eda cumplido la Real Orden, las primeras en obtener el nuevo Estatuto Real por el que hab\u00edan de regirse, y con ello el t\u00edtulo de Real Cofrad\u00eda, convirti\u00e9ndose as\u00ed la colomere\u00f1a en la m\u00e1s antigua.<\/p>\n\n\n\n<p>El que las cofrad\u00edas de Colomera y And\u00fajar o And\u00fajar y Colomera est\u00e9n unidas en los actos romeros, se debe al privilegio que el Rey Carlos III otorga a la primera el 25 de noviembre del a\u00f1o 1786, para que \u00abcon los de And\u00fajar formasen una sola hermandad y hagan su entrada juntas al Santuario, y juntas celebren la Misa de Pontifical y fiesta principal en el d\u00eda grande de la Romer\u00eda\u00bb. La cofrad\u00eda andujare\u00f1a tuvo notificaci\u00f3n oficial de esta real decisi\u00f3n el 27 de abril de 1787.<\/p>\n\n\n\n<p>La primitiva y desaparecida figura del pastor de Colomera, con su piara de ovejas y perrillo incluidos, situado a los pies de la tambi\u00e9n desaparecida imagen original de la Virgen de la Cabeza del Santuario de Sierra Morena, fue obsequiada por el hermano mayor de la cofrad\u00eda colomere\u00f1a. D. Santiago Carrillo, el 24 de abril de 1790.<\/p>\n\n\n<div class=\"wp-block-image\">\n<figure class=\"aligncenter size-full is-resized\"><img data-recalc-dims=\"1\" loading=\"lazy\" decoding=\"async\" width=\"702\" height=\"867\" data-attachment-id=\"719\" data-permalink=\"https:\/\/www.virgendelacabezacolomera.org\/?attachment_id=719\" data-orig-file=\"https:\/\/i0.wp.com\/www.virgendelacabezacolomera.org\/wp-content\/uploads\/2025\/04\/virgen-de-la-cabeza-pastor-antiguo.jpg?fit=702%2C867&amp;ssl=1\" data-orig-size=\"702,867\" data-comments-opened=\"0\" data-image-meta=\"{&quot;aperture&quot;:&quot;0&quot;,&quot;credit&quot;:&quot;&quot;,&quot;camera&quot;:&quot;&quot;,&quot;caption&quot;:&quot;&quot;,&quot;created_timestamp&quot;:&quot;0&quot;,&quot;copyright&quot;:&quot;&quot;,&quot;focal_length&quot;:&quot;0&quot;,&quot;iso&quot;:&quot;0&quot;,&quot;shutter_speed&quot;:&quot;0&quot;,&quot;title&quot;:&quot;&quot;,&quot;orientation&quot;:&quot;0&quot;}\" data-image-title=\"virgen-de-la-cabeza-pastor-antiguo\" data-image-description=\"\" data-image-caption=\"\" data-large-file=\"https:\/\/i0.wp.com\/www.virgendelacabezacolomera.org\/wp-content\/uploads\/2025\/04\/virgen-de-la-cabeza-pastor-antiguo.jpg?fit=547%2C675&amp;ssl=1\" src=\"https:\/\/i0.wp.com\/www.virgendelacabezacolomera.org\/wp-content\/uploads\/2025\/04\/virgen-de-la-cabeza-pastor-antiguo.jpg?resize=702%2C867&#038;ssl=1\" alt=\"\" class=\"wp-image-719\" style=\"width:368px;height:auto\"\/><figcaption class=\"wp-element-caption\">Imagen primitiva y pastor de 1790<\/figcaption><\/figure>\n<\/div>\n\n\n<p>Tampoco durante la invasi\u00f3n francesa (1808-1813), cuando el Santuario fue desalojado por las tropas napole\u00f3nicas se pudo celebrar la romer\u00eda. En el tercer cuarto del siglo XIX, ante el temor de las cofrad\u00edas a subir al Cerro por un posible ataque de los carlistas durante aquellas guerras civiles, el que fuera mayordomo de la de Colomera, D. Mat\u00edas Valverde areng\u00f3 a los cofrades con aquella frase gloriosa: \u00abArriba cofrades, que all\u00ed est\u00e1 la Reina de los Cielos, la que impera sobre todas las potestades de la tierra. Esa gran Se\u00f1ora nos defender\u00e1 de todos los peligros que puedan amenazarnos\u00bb.<\/p>\n\n\n\n<p>Usurpado nuevamente el Santuario de Sierra Morena y suprimidas las cofrad\u00edas por la ley de 2 de septiembre de 1841. La de And\u00fajar suplica a la reina Isabel II \u00abse digne mandar que el referido Santuario con sus dependencias, se restituyan al dominio y propiedad que ten\u00edan antes\u00bb. El documento lo firman en aquella ciudad m\u00e1s de doscientas cincuenta personas, entre las que se cuenta el hermano mayor de la de Colomera.<\/p>\n\n\n\n<p>De 1858 data una relaci\u00f3n de preeminencia de las cofrad\u00edas en la que se lee: \u00abColomera y Santa Fe, c\u00e9lebres por su constante fervor, fueron las primeras que renovaron su venida, sin que las calamidades del hambre, epidemias, guerras, ni revoluciones, hayan impedido su asistencia a la fiesta, permaneciendo fieles a su historia y tradici\u00f3n, glori\u00e1ndose la primera de representar al pastor, a quien la sagrada imagen se apareci\u00f3. Por esta causa, y porque ninguna otra hab\u00eda escrito, ni con prior n\u00famero, ni con mejores t\u00edtulos, es esta segunda \u00e9poca, coloc\u00e1ndose inmediatamente despu\u00e9s de la de And\u00fajar y recibiendo de ella distinciones en la colocaci\u00f3n de sus insignias y prioste\u00bb.<\/p>\n\n\n\n<p>No se tiene noticia de que antes de la actual imagen de candelero de Ntra. Sra. de la Cabeza que se venera y copreside la iglesia parroquial de la Encarnaci\u00f3n, realizada por Navas Parejo en 1944, siendo hermano mayor D. Santiago S\u00e1nchez Moreno, y que durante aflos recibi\u00f3 culto en la ermita del Calvario en dicha poblaci\u00f3n, existiera otra m\u00e1s antigua, por lo que se deduce que la cofrad\u00eda lo ofrec\u00eda al cuadro en que se representa al \u00f3leo la escena de la aparici\u00f3n de la Virgen al pastor, con unas dimensiones de 120cm x 80cm, obra an\u00f3nima, datable en el siglo XVIII, que hoy cuelga del muro del lado del Evangelio, en el \u00e1bside del presbiterio.<\/p>\n\n\n\n<p>Hasta 1927 la Cofrad\u00eda de Colomera lucia tu peregrinaci\u00f3n en caballer\u00edas. A partir de esa fecha lo hace en veh\u00edculos a motor que en un principio fueron camiones con sillas amarradas a Ias barandillas de los cajones cargueras entoldados, y luego, hasta el d\u00eda de hoy, en autobuses y autom\u00f3viles.<\/p>\n\n\n\n<p>De nuevo se interrumpi\u00f3 la celebraci\u00f3n de la romer\u00eda durante la guerra civil de 1936 a 1939, al poco de transcurrida la cual estrena tambor el tamborilero de Colomera en la romer\u00eda de 1941. En abril de 1948 la Cofrad\u00eda de Colomera otorga art\u00edstico pergamino pintado por Parrizas, nombrando hermano mayor honorario al Excmo. Sr. Gobernador Civil de Granada, D. Servando Fern\u00e1ndez-Victorio y Camps.<\/p>\n\n\n\n<p>Entre los d\u00edas 16 a 21 de octubre de 1978 se produce un gran acontecimiento hist\u00f3rico: la sagrada imagen de la Virgen de la Cabeza que se venera en el Santuario de Sierra Morena inici\u00f3 una peregrinaci\u00f3n en la que recorri\u00f3 varios pueblos de las Provincia de Ja\u00e9n y Granada, visitando por primera y \u00fanica vez a la villa de Colomera. A las seis de la ma\u00f1ana del d\u00eda 16 ya estaba la cofrad\u00eda matriz en el Santuario preparada para la partida, haciendo entrega de la imagen a la cofrad\u00eda de Colomera; as\u00ed, sucesivamente, esta la entreg\u00f3 a la del pueblo donde pernocte hasta su regreso al Santuario. La cofrad\u00eda de And\u00fajar iba representada por 30 cofrades, m\u00e1s hermanos y hermanas mayores de a\u00f1os anteriores, con bandas, b\u00e1culos y banderas, llegando a Colomera el dia 17, al filo de las diez de la noche, con nueve horas de retraso, ya que se le esperaba a mediod\u00eda, acompa\u00f1ada de unos doscientos coches, siendo recibida a la entrada del pueblo por miles de personas, vecinos y gentes de las cortijadas y de otras localidades. Su paso por los distintos pueblos constituy\u00f3 un peregrinaje mariano que estuvo respaldado por la presencia multitudinaria de fieles que salieron al paso o para recibirla en sus respectivas localidades, todas engalanadas para darle la bienvenida y rendirle homenaje.<\/p>\n\n\n\n<p>Pero fue en Colomera donde se centr\u00f3 todo el inter\u00e9s, pues se vivi\u00f3 una aut\u00e9ntica jornada de fiesta. La Virgen, aunque era esperada a mediod\u00eda, no lleg\u00f3 hasta pasadas las diez de la noche. El retraso se debi\u00f3 a que en todas las poblaciones por donde pas\u00f3 la imagen fue detenida y llevada hasta la iglesia, donde se le rindi\u00f3 el obligado homenaje, y tras muchas horas de camino, lleg\u00f3 al pueblo del pastor que, seg\u00fan la leyenda, encontr\u00f3 su imagen en el cerro de la Cabeza.<\/p>\n\n\n\n<div class=\"wp-block-columns is-layout-flex wp-container-core-columns-is-layout-9d6595d7 wp-block-columns-is-layout-flex\">\n<div class=\"wp-block-column is-vertically-aligned-center is-layout-flow wp-block-column-is-layout-flow\">\n<p>Pero fue en Colomera donde se centr\u00f3 todo el inter\u00e9s, pues se vivi\u00f3 una aut\u00e9ntica jornada de fiesta. La Virgen, aunque era esperada a mediod\u00eda, no lleg\u00f3 hasta pasadas las diez de la noche. El retraso se debi\u00f3 a que en todas las poblaciones por donde pas\u00f3 la imagen fue detenida y llevada hasta la iglesia, donde se le rindi\u00f3 el obligado homenaje, y tras muchas horas de camino, lleg\u00f3 al pueblo del pastor que, seg\u00fan la leyenda, encontr\u00f3 su imagen en el cerro de la Cabeza.<\/p>\n<\/div>\n\n\n\n<div class=\"wp-block-column is-layout-flow wp-block-column-is-layout-flow\"><div class=\"wp-block-image\">\n<figure class=\"alignleft size-full\"><img data-recalc-dims=\"1\" loading=\"lazy\" decoding=\"async\" width=\"1024\" height=\"800\" data-attachment-id=\"723\" data-permalink=\"https:\/\/www.virgendelacabezacolomera.org\/?attachment_id=723\" data-orig-file=\"https:\/\/i0.wp.com\/www.virgendelacabezacolomera.org\/wp-content\/uploads\/2025\/04\/Virgen-en-Colomera.jpg?fit=1024%2C800&amp;ssl=1\" data-orig-size=\"1024,800\" data-comments-opened=\"0\" data-image-meta=\"{&quot;aperture&quot;:&quot;0&quot;,&quot;credit&quot;:&quot;&quot;,&quot;camera&quot;:&quot;&quot;,&quot;caption&quot;:&quot;&quot;,&quot;created_timestamp&quot;:&quot;0&quot;,&quot;copyright&quot;:&quot;&quot;,&quot;focal_length&quot;:&quot;0&quot;,&quot;iso&quot;:&quot;0&quot;,&quot;shutter_speed&quot;:&quot;0&quot;,&quot;title&quot;:&quot;&quot;,&quot;orientation&quot;:&quot;0&quot;}\" data-image-title=\"Virgen en Colomera\" data-image-description=\"\" data-image-caption=\"\" data-large-file=\"https:\/\/i0.wp.com\/www.virgendelacabezacolomera.org\/wp-content\/uploads\/2025\/04\/Virgen-en-Colomera.jpg?fit=864%2C675&amp;ssl=1\" src=\"https:\/\/i0.wp.com\/www.virgendelacabezacolomera.org\/wp-content\/uploads\/2025\/04\/Virgen-en-Colomera.jpg?resize=1024%2C800&#038;ssl=1\" alt=\"\" class=\"wp-image-723\"\/><figcaption class=\"wp-element-caption\">La Virgen en Colomera (diario Ideal Granada) (donadas por Jos\u00e9 Le\u00f3n)<\/figcaption><\/figure>\n<\/div>\n\n\n<p><\/p>\n<\/div>\n\n\n\n<div class=\"wp-block-column is-layout-flow wp-block-column-is-layout-flow\"><div class=\"wp-block-image\">\n<figure class=\"aligncenter size-full is-resized\"><img data-recalc-dims=\"1\" loading=\"lazy\" decoding=\"async\" width=\"708\" height=\"1024\" data-attachment-id=\"724\" data-permalink=\"https:\/\/www.virgendelacabezacolomera.org\/?attachment_id=724\" data-orig-file=\"https:\/\/i0.wp.com\/www.virgendelacabezacolomera.org\/wp-content\/uploads\/2025\/04\/Virgen-en-Colomera-2.jpg?fit=708%2C1024&amp;ssl=1\" data-orig-size=\"708,1024\" data-comments-opened=\"0\" data-image-meta=\"{&quot;aperture&quot;:&quot;0&quot;,&quot;credit&quot;:&quot;&quot;,&quot;camera&quot;:&quot;&quot;,&quot;caption&quot;:&quot;&quot;,&quot;created_timestamp&quot;:&quot;0&quot;,&quot;copyright&quot;:&quot;&quot;,&quot;focal_length&quot;:&quot;0&quot;,&quot;iso&quot;:&quot;0&quot;,&quot;shutter_speed&quot;:&quot;0&quot;,&quot;title&quot;:&quot;&quot;,&quot;orientation&quot;:&quot;0&quot;}\" data-image-title=\"Virgen en Colomera 2\" data-image-description=\"\" data-image-caption=\"\" data-large-file=\"https:\/\/i0.wp.com\/www.virgendelacabezacolomera.org\/wp-content\/uploads\/2025\/04\/Virgen-en-Colomera-2.jpg?fit=467%2C675&amp;ssl=1\" src=\"https:\/\/i0.wp.com\/www.virgendelacabezacolomera.org\/wp-content\/uploads\/2025\/04\/Virgen-en-Colomera-2.jpg?resize=708%2C1024&#038;ssl=1\" alt=\"\" class=\"wp-image-724\" style=\"width:263px;height:auto\"\/><\/figure>\n<\/div><\/div>\n<\/div>\n\n\n\n<p>Una vez fue bajada del veh\u00edculo en el que hizo el recorrido por carretera, una multitud de miles de personas se api\u00f1aba para portar los andas. Las calles estaban adornadas con arcos de flores y cubiertos los balcones con banderas y colchas. Las campanas repicaban constantemente, estallaban los cohetes, redoblaban los tambores y las incesantes ofrendas de flores y los v\u00edtores y aclamaciones se suced\u00edan a cada pose. Fue un apote\u00f3sico recibimiento el que Colomera tributo a \u00abLa Morenita\u00bb. Todo el mundo quer\u00eda ir cerca de la imagen y tocar el manto; pasaban pa\u00f1uelos y objetos por sus ropas. La procesi\u00f3n iba muy lento por las cuestas de Colomera a pesar de que la Iluvia hizo acto de presencia, en algunos momentos con intensidad, por lo que un ni\u00f1o se subi\u00f3 a las andas para cubrir a la Virgen con un paraguas. Constantemente mec\u00edan las andas, aunque estuviera parada. Despu\u00e9s de la impresionante y emotiva subida, la bendita imagen lleg\u00f3 a la iglesia de la encarnaci\u00f3n, donde se ofici\u00f3 una misa concelebrada por el p\u00e1rroco D. Manuel Carrillo Benitez, y el rector del Santuario, Rvdo. P. Ram\u00edrez. Ten\u00edan prevista su asistencia el arzobispo de Granada, monse\u00f1or M\u00e9ndez Asensio, y el obispo de Ja\u00e9n, monse\u00f1or Peinado, pero lo intempestivo de la hora, la posibilidad de que la llegada a Colomera se retrasara sin limitaci\u00f3n y la elecci\u00f3n del nuevo papa retuvieron a los prelados en sus di\u00f3cesis respectivas.<br>Finalizada la Eucarist\u00eda, que fue seguida por un templo que se vio desbordado en su capacidad, este qued\u00f3 abierto toda la noche para que los fieles que quisieran acompa\u00f1ar a la imagen pudieran hacerlo.<\/p>\n\n\n\n<p>Una misa predicada por el rector del Santuario a las 8 de la ma\u00f1ana dio paso al rezo del Santo Rosario, mientras la Virgen de la Cabeza descend\u00eda por las cuestas de Colomera para ser montada nuevamente sobre el veh\u00edculo que la transportaba por carretera hasta su siguiente destino: Noalejo. Si apote\u00f3sico fue el recibimiento, no lo fue menos la clamorosa despedida. Dicho veh\u00edculo estuvo parado casi una hora, mientras que la gente continuaba pasando objetos por el manto y ofreciendo flores y mandas. Pasadas las 10:30, la imagen con todo su largo cortejo part\u00eda, entre la incontenible emoci\u00f3n de los colomere\u00f1os, para proseguir su extraordinario peregrinar, dejando a las gentes de Colometa plet\u00f3ricas y con l\u00e1grimas en los ojos en la despedida de la celestial Se\u00f1ora de la Cabeza.<\/p>\n\n\n\n<p>La imagen de la Virgen de la Cabeza que se venera en Colomera, la m\u00e1s parecida por la posici\u00f3n de su rostro a la original del Santuario, fue restaurada en 1986, siendo trasladada desde la parroquial a la ermita el domingo 23 de noviembre, con asistencia del arzobispo de Granada, monse\u00f1or M\u00e9ndez Asensio, del rector del Santuario, Rvdo. P. Saturnino Gomez (O.SS.T.), de la cofrad\u00eda matriz y de Ias filiales de Campillo de Arenas, C\u00e1rchel y Carchelejo, Montillana, Benal\u00faa de las Villas y Ja\u00e9n. Tambi\u00e9n se estren\u00f3 una bandera.<br>El mi\u00e9rcoles 23 de abril de 1987, siendo hermano mayor D. Jos\u00e9 Jerez Escudero, se celebra en la iglesia parroquial el primer preg\u00f3n de la Cofrad\u00eda de Colomera a cargo de D. Juan de la Alhambra.<\/p>\n\n\n\n<p>Por no conservarse el documento de su elecci\u00f3n, el Excmo. Sr. arzobispo de Granada, monse\u00f1or M\u00e9ndez Asensio, ratifica dicha elecci\u00f3n por decreto de 6 de junio de 1989, d\u00eda en que son aprobados los primeros estatutos que se conservan, renovados y adaptados al Estatuto Marco diocesano de 1977.<\/p>\n\n\n\n<p>En 1994 D. Francisco Moya confecciona y borda en recorte el estandarte, bajo dise\u00f1o de D. Jes\u00fas Juan G\u00f3mez Torres, con el \u00f3valo pintado al \u00f3leo por D.\u00aa Isabel Maria Ruiz Cosano, siendo bendecido y estrenado en la romer\u00eda de 1995.<\/p>\n\n\n\n<p>En el preg\u00f3n de exaltaci\u00f3n de Ntra. Sra. de la Cabeza y su romer\u00eda, De Colomera a Sierra Morena, un camino de gracia y bendici\u00f3n, de 2001, quien esto escribe propone la idea de nombrar a la Sant\u00edsima Virgen bajo esta entra\u00f1able y querida advocaci\u00f3n, patrona de la Villa sin detrimento alguno del patronazgo que ya ostenta el Stmo. Cristo de la Vera Cruz. Algo que cuatro a\u00f1os antes tambi\u00e9n hab\u00eda propuesto D. Jos\u00e9 Gali\u00e1n Armenteros, a cuya instancia la Virgen de la Cabeza fue nombrada alcaldesa perpetua y honoraria de Colomera por acuerdo corporativo de 27 de octubre de 2003, y al a\u00f1o siguiente, el 18 de abril, el alcalde D. Higinio Almagro impone a la bendita imagen de Ntra. Sra. de la Cabeza de Colomera el bast\u00f3n de mando que as\u00ed lo acredita. Asimismo, el pastor Juan Alonso de Rivas, desde el 4 de septiembre de 1997, es hijo predilecto y alcalde honorario de la villa.<\/p>\n\n\n\n<p>El 27 de abril de 2006, en la sacrist\u00eda mayor de la catedral de Ja\u00e9n, el hermano mayor de la cofrad\u00eda de Colomera impone al obispo de dicha di\u00f3cesis, monse\u00f1or D. Ram\u00f3n del Hoyo L\u00f3pez, la medalla de la cofrad\u00eda, y el alcalde del pueblo entrega al P. Domingo Conesa (O.SS.T.) el nombramiento de hijos adoptivos de la Villa de Colomera a la comunidad de religiosos trinitarios del Santuario de Nuestra Se\u00f1ora de la Cabeza. Ese mismo a\u00f1o, el 25 de junio, con asistencia del arzobispo de Granada, monse\u00f1or Francisco Javier Mart\u00ednez Fern\u00e1ndez, del sr. cura p\u00e1rroco de la de la Encamaci\u00f3n, D. Jos\u00e9 Luis Rodr\u00edgez Pulido, del Ilustr\u00edsimo Ayuntamiento en pleno de la Villa, su alcalde. D. Higinio Almagro Castro, de los hermanos mayores de la Cofrad\u00eda de Colomera, D. Fernando Esp\u00ednola Hidalgo y D.\u00aa Isabel Le\u00f3n Cabello, presidenta y hermanos mayores de la matriz y de numerosas filiales, de los Excmos, sres. condes de Colomera, D. Luis Pallar\u00e9s Mu\u00f1oz-Cobo y D.\u00aa Pepita Blanco Cruz, se inaugur\u00f3 el monumento a la Aparici\u00f3n de la Virgen de la Cabeza al pastor Juan Alonso Rivas, obra del escultor D. Manuel L\u00f3pez P\u00e9rez, fundida en bronce en fundici\u00f3n Capa, de Arganda del Rey.<\/p>\n\n\n\n<p>En el a\u00f1o 2012 una comisi\u00f3n formada por devotos de la Virgen de la Cabeza crea y se\u00f1aliza la Ruta del Pastor de Colomera, que, partiendo de esta villa, llega hasta el Santuario de Sierra \u041corena. La primera peregrinaci\u00f3n siguiendo esta ruta se inicia el 15 de abril de ese a\u00f1o desde la iglesia parroquial de la Encarnaci\u00f3n de Colomera, pasando por Mures, Alcal\u00e1 la Real, Castillo de Locub\u00edn, Ventas del Carrizal, Alcaudete, Martos, Jamilena. Torredonjimeno, Villardompardo, Esca\u00f1uela, Arjona, Vegas de Triana y And\u00fajar para llegar al Santuario de la Virgen de la Cabeza.<\/p>\n\n\n\n<figure class=\"wp-block-image size-full\"><img data-recalc-dims=\"1\" loading=\"lazy\" decoding=\"async\" width=\"1200\" height=\"891\" data-attachment-id=\"727\" data-permalink=\"https:\/\/www.virgendelacabezacolomera.org\/?attachment_id=727\" data-orig-file=\"https:\/\/i0.wp.com\/www.virgendelacabezacolomera.org\/wp-content\/uploads\/2025\/04\/monumentoalpastordecolomera-e1743704943841.webp?fit=2030%2C1508&amp;ssl=1\" data-orig-size=\"2030,1508\" data-comments-opened=\"0\" data-image-meta=\"{&quot;aperture&quot;:&quot;0&quot;,&quot;credit&quot;:&quot;&quot;,&quot;camera&quot;:&quot;&quot;,&quot;caption&quot;:&quot;&quot;,&quot;created_timestamp&quot;:&quot;0&quot;,&quot;copyright&quot;:&quot;&quot;,&quot;focal_length&quot;:&quot;0&quot;,&quot;iso&quot;:&quot;0&quot;,&quot;shutter_speed&quot;:&quot;0&quot;,&quot;title&quot;:&quot;&quot;,&quot;orientation&quot;:&quot;0&quot;}\" data-image-title=\"monumentoalpastordecolomera\" data-image-description=\"\" data-image-caption=\"\" data-large-file=\"https:\/\/i0.wp.com\/www.virgendelacabezacolomera.org\/wp-content\/uploads\/2025\/04\/monumentoalpastordecolomera-e1743704943841.webp?fit=1200%2C675&amp;ssl=1\" src=\"https:\/\/i0.wp.com\/www.virgendelacabezacolomera.org\/wp-content\/uploads\/2025\/04\/monumentoalpastordecolomera-e1743704943841.webp?resize=1200%2C891&#038;ssl=1\" alt=\"\" class=\"wp-image-727\" srcset=\"https:\/\/i0.wp.com\/www.virgendelacabezacolomera.org\/wp-content\/uploads\/2025\/04\/monumentoalpastordecolomera-e1743704943841.webp?w=2030&amp;ssl=1 2030w, https:\/\/i0.wp.com\/www.virgendelacabezacolomera.org\/wp-content\/uploads\/2025\/04\/monumentoalpastordecolomera-e1743704943841.webp?resize=768%2C571&amp;ssl=1 768w, https:\/\/i0.wp.com\/www.virgendelacabezacolomera.org\/wp-content\/uploads\/2025\/04\/monumentoalpastordecolomera-e1743704943841.webp?resize=1536%2C1141&amp;ssl=1 1536w\" sizes=\"auto, (max-width: 1200px) 100vw, 1200px\" \/><\/figure>\n\n\n\n<div style=\"height:55px\" aria-hidden=\"true\" class=\"wp-block-spacer\"><\/div>\n\n\n\n<p>Pero no se debe concluir sin hacer referencia a la romer\u00eda que cada a\u00f1o se celebra el \u00faltimo domingo de abril en pleno coraz\u00f3n de Sierra Morena, y al modo en que la viven los peregrinos cofrades de Colomera.<br>El camino que recorre esta venerable cofrad\u00eda hasta llegar al cerro de la Cabeza pasa por Benal\u00faa de las Villas, Campillo de Arenas, Carchelejo, C\u00e1rchel, La Cerradura, Pegalajar, Ja\u00e9n y And\u00fajar, siendo recibida con alborozo festivo por las cofrad\u00edas filiales, que salen a su encuentro bajo el estruendo del coheter\u00edo y el constante redoblar de los tambores, realizando el protocolario ritual del cruce de banderas, y por el devoto entusiasmo de los vecinos, para quienes el antiqu\u00edsimo cetro de plata que porta el hermano mayor de la de Colomera, coronado por la escena de la aparici\u00f3n, es objeto de aut\u00e9ntica veneraci\u00f3n, pues para ellos es la representaci\u00f3n misma de la Virgen, siendo besado con profunda unci\u00f3n y solicitado para visitar hogares donde enfermos e impedidos esperan emocionados la visita de \u00abLa Morenita\u00bb y recogiendo las limosnas prometidas.<\/p>\n\n\n\n<p>La llegada a la capital del Santo Reino es todo un acontecimiento cargado de emoci\u00f3n, en el que la cofrad\u00eda de Ja\u00e9n nos espera en la Salobreja, para all\u00ed cantar y rezar ante el monumento a la Virgen de la Cabeza y finalizar nuestro primer d\u00eda.<br>A la ma\u00f1ana siguiente junto con los hermanos de Ja\u00e9n realizamos una misa conjunta en la iglesia de Nuestra Se\u00f1ora de la Merced, donde se encuentra la imagen de la Virgen de la Cabeza de la ciudad, una vez finaliza con gran alegr\u00eda nos disponemos a realizar el tradicional paseo en el que las dos cofrad\u00edas forman un colorido cortejo que nos lleva a los puntos de m\u00e1s devoci\u00f3n de la capital del Santo Reino, primero llegamos al Camar\u00edn-Santuario de Nuestro Padre Jes\u00fas, \u00abEl Abuelo\u00bb se contin\u00faa hasta la preciosa catedral, donde entramos al Sagrario donde se encuentra el Santo Rostro, que es expresamente expuesto para recibir la veneraci\u00f3n de los cofrades colomere\u00f1os, y se culmina con la visita a la iglesia de San Ildefonso, para venerar a la Virgen de la Capilla, patrona de la ciudad.<\/p>\n\n\n\n<p>La llegada a And\u00fajar se produce la tarde del viernes anterior a la romer\u00eda, y all\u00ed las cofrad\u00edas filiales son recibidas por la matriz, acompa\u00f1ada de las autoridades municipales y del rector del Santuario, realizando el paseillo por el centro de la ciudad, que hierve en fiestas, hasta el ayuntamiento.<\/p>\n\n\n\n<p>Ya en la ma\u00f1ana del s\u00e1bado, la Cofrad\u00eda de Colomera inicia su \u00faltima etapa, la que le llevar\u00e1 hasta su casa en el Cerro y, al atardecer, realizar su presentaci\u00f3n ante la Virgen de la Cabeza en el Santuario. Este acto deber\u00eda hacerse conjuntamente con la cofrad\u00eda matriz, como establece el Real Decreto de Carlos III, pero desde hace unos a\u00f1os la cofrad\u00eda andujare\u00f1a impone unilateralmente su criterio de hacerlo en solitario para ser la \u00faltima en presentarse en el Santuario. Tras hacer su presentaci\u00f3n, la Cofrad\u00eda de Colomera rinde homenaje con el estandarte y banderas ante el monumento a Juan Alonso Rivas situado frente a la fachada de la bas\u00edlica.<\/p>\n\n\n\n<p>Iniciada la madrugada del domingo, se celebra la llamada Misa del Pastor, a la que acuden los romeros de Colomera y cuantos devotos desean. Llegado el gran d\u00eda, los cofrades colomere\u00f1os acuden hasta el Santuario para acompa\u00f1ar a su hermano mayor en el traslado de la sagrada imagen de Ntra. Sra. de la Cabeza desde su camar\u00edn a las andas procesionales, algo que s\u00f3lo pueden realizar, por especial y secular privilegio, el presidente de la cofrad\u00eda matriz, los hermanos mayores de And\u00fajar y Colomera y el alcalde de la ciudad anfitriona. Ser\u00e1n estas mismas personas las que lleven la imagen hasta el altar exterior, desde donde presidir\u00e1 el solemne pontifical que concelebrar\u00e1 el obispo de Ja\u00e9n y el rector del Santuario, el clero de la comunidad trinitaria y directores espirituales de las distintas cofrad\u00edas asistentes.<\/p>\n\n\n\n<div class=\"wp-block-columns is-layout-flex wp-container-core-columns-is-layout-9d6595d7 wp-block-columns-is-layout-flex\">\n<div class=\"wp-block-column is-layout-flow wp-block-column-is-layout-flow\"><div class=\"wp-block-image\">\n<figure class=\"aligncenter size-full is-resized\"><img data-recalc-dims=\"1\" loading=\"lazy\" decoding=\"async\" width=\"639\" height=\"478\" data-attachment-id=\"734\" data-permalink=\"https:\/\/www.virgendelacabezacolomera.org\/?attachment_id=734\" data-orig-file=\"https:\/\/i0.wp.com\/www.virgendelacabezacolomera.org\/wp-content\/uploads\/2025\/04\/romeria-cuadro.jpg?fit=639%2C478&amp;ssl=1\" data-orig-size=\"639,478\" data-comments-opened=\"0\" data-image-meta=\"{&quot;aperture&quot;:&quot;0&quot;,&quot;credit&quot;:&quot;&quot;,&quot;camera&quot;:&quot;&quot;,&quot;caption&quot;:&quot;&quot;,&quot;created_timestamp&quot;:&quot;0&quot;,&quot;copyright&quot;:&quot;&quot;,&quot;focal_length&quot;:&quot;0&quot;,&quot;iso&quot;:&quot;0&quot;,&quot;shutter_speed&quot;:&quot;0&quot;,&quot;title&quot;:&quot;&quot;,&quot;orientation&quot;:&quot;0&quot;}\" data-image-title=\"romeria cuadro\" data-image-description=\"\" data-image-caption=\"\" data-large-file=\"https:\/\/i0.wp.com\/www.virgendelacabezacolomera.org\/wp-content\/uploads\/2025\/04\/romeria-cuadro.jpg?fit=639%2C478&amp;ssl=1\" src=\"https:\/\/i0.wp.com\/www.virgendelacabezacolomera.org\/wp-content\/uploads\/2025\/04\/romeria-cuadro.jpg?resize=639%2C478&#038;ssl=1\" alt=\"\" class=\"wp-image-734\" style=\"width:425px;height:auto\"\/><figcaption class=\"wp-element-caption\">Cuadro de la Romer\u00eda (Santuario Virgen de la Cabeza)<\/figcaption><\/figure>\n<\/div><\/div>\n\n\n\n<div class=\"wp-block-column is-layout-flow wp-block-column-is-layout-flow\">\n<p>Concluida la Santa Misa, y colocada \u00abLa Morenita\u00bb nuevamente en sus andas, comienza la apote\u00f3sica y colorida procesi\u00f3n, culmen de la romer\u00eda, en la que participan todas las cofrad\u00edas filiales, comenzando por la de los Supervivientes, seguida de todas las dem\u00e1s por orden de antig\u00fcedad, desde la de m\u00e1s reciente fundaci\u00f3n hasta la matriz, que de nuevo en este acto multitudinario ignora la tradici\u00f3n y el derecho que asiste a la cofrad\u00eda de Colomera de ir juntas \u00abcomo una sola hermandad\u00bb, cerrando el cortejo delante de la Sant\u00edsima Virgen, que recorre el poblado entre el constante vitorear y el tradicional lanzamiento de prendas que recogen los dos religiosos que, subidos a las andas, las pasan por su manto. Tambi\u00e9n los ni\u00f1os son subidos para que besen la imagen y tengan contacto con tan venerada efigie.<\/p>\n<\/div>\n<\/div>\n\n\n\n<p>Concluida la procesi\u00f3n y devuelta la sagrada imagen a su camar\u00edn, los romeros inician el regres\u00f3 a sus respectivas poblaciones de origen con los corazones henchidos de gozo y reconfortados, con la alegr\u00eda incrustada en la m\u00e9dula del alma por haber estado un a\u00f1o m\u00e1s junto a la Virgen de la Cabeza, \u00abLa Morenita\u00bb, la Madre de Dios, la Reina de Sierra Morena, la Rosa de Oro, la \u00abAceituna Bendita\u00bb, sabedores de que el camino que se desanda queda esper\u00e1ndonos nuevamente, mientras la nostalgia empieza a germinar.<br>Y volver\u00e1n con los t\u00edpicos pitos, piturrillas y cuc\u00fas de barro y, al cuello, un arcoiris de estadales con la imagen peque\u00f1ita de la Madre de nuestros amores.<\/p>\n\n\n\n<p>El d\u00eda 15 de Agosto se celebra en Colomera la procesi\u00f3n de la Virgen de la Cabeza por las calles del pueblo y desde 2018 la cofrad\u00eda celebra la Romer\u00eda Chica el tercer finde semana de Junio, donde se engalan carretas y caballos y se hace camino hasta llegar a la pedan\u00eda de Cerro Cauro, donde se celebra una jornada festiva de convivencia en hermandad.<\/p>\n\n\n\n<p>Entre los \u00faltimos proyectos exitosos de la cofrad\u00eda se encuentra la construcci\u00f3n del segundo piso en la casa de la cofrad\u00eda en el poblado del Santuario, que tras unos a\u00f1os complicados y varios proyectos ya se ha completado, siendo hermano mayor D. Santiago Mart\u00ednez Delgado.<br>Actualmente esta Real, Muy Antigua, Ilustre, Fiel, Fervorosa y Venerable Cofrad\u00eda de la Sant\u00edsima Virgen de la Cabeza de la Villa de Colomera cuenta con m\u00e1s de trescientos cincuenta hermanos.<\/p>\n\n\n\n<hr class=\"wp-block-separator has-alpha-channel-opacity\"\/>\n\n\n\n<p><strong>BIBLIOGRAF\u00cdA<\/strong><\/p>\n\n\n\n<p>Archivo de la Cofrad\u00eda<br>CABELLO VELASCO, J\u00f3se Cecilio. La cofrad\u00eda de la Sant\u00edsima Virgen de la Cabeza de Colomera, Revista G\u00f3lgota, junio 2017.<br>CURIEL, fray Arturo (O.SS.T.) Rese\u00f1a hist\u00f3rica de Ntra. Sra. de la Cubez\u0430 \u0443 aparici\u00f3n en versos del Siglo de Oro. 1993.<br>G\u00d3MEZ MART\u00cdNEZ, Enrique. La Virgen de la Cabeza. Leyenda, Historia y Actualidad. 2002.<br>Santuario y Consejo Nacional de Cofrad\u00edas Virgen de la Cabeza. Cofrad\u00edas de la Virgen de la Cabeza de Espa\u00f1a.<br>Bolet\u00edn Extraordinario con motivo de la inauguraci\u00f3n y bendici\u00f3n del monumento a Juan Alonso de Rivas, pastor de Colomera. Junio de 2006.<br>Diarios PATRIA E IDEAL de Granada de 17 y 18 de octubre de 1978.<br>Revista Mirando al Santuario (II Epoca) Varios autores y n\u00fameros.<\/p>\n\n\n\n<hr class=\"wp-block-separator has-alpha-channel-opacity\"\/>\n\n\n\n<div class=\"wp-block-group alignfull has-contrast-color has-text-color is-vertical is-content-justification-center is-layout-flex wp-container-core-group-is-layout-f1198d31 wp-block-group-is-layout-flex\" style=\"min-height:40vh;margin-top:0;margin-bottom:0;padding-top:var(--wp--preset--spacing--60);padding-right:var(--wp--preset--spacing--50);padding-bottom:var(--wp--preset--spacing--60);padding-left:var(--wp--preset--spacing--50)\">\n<div class=\"wp-block-group is-nowrap is-layout-flex wp-container-core-group-is-layout-ad2f72ca wp-block-group-is-layout-flex\">\n<div class=\"wp-block-group is-nowrap is-layout-flex wp-container-core-group-is-layout-ad2f72ca wp-block-group-is-layout-flex\"><div style=\"margin-bottom:6px;\" class=\"aligncenter wp-block-site-logo wp-duotone-unset-1\"><a href=\"https:\/\/www.virgendelacabezacolomera.org\/\" class=\"custom-logo-link\" rel=\"home\"><img loading=\"lazy\" decoding=\"async\" width=\"174\" height=\"125\" src=\"https:\/\/i0.wp.com\/www.virgendelacabezacolomera.org\/wp-content\/uploads\/2024\/11\/logo-cofradia.jpg?fit=1293%2C932&amp;ssl=1\" class=\"custom-logo\" alt=\"Real e Ilustre Cofrad\u00eda Virgen de la Cabeza de Colomera\" data-attachment-id=\"390\" data-permalink=\"https:\/\/www.virgendelacabezacolomera.org\/?attachment_id=390\" data-orig-file=\"https:\/\/i0.wp.com\/www.virgendelacabezacolomera.org\/wp-content\/uploads\/2024\/11\/logo-cofradia.jpg?fit=1293%2C932&amp;ssl=1\" data-orig-size=\"1293,932\" data-comments-opened=\"0\" data-image-meta=\"{&quot;aperture&quot;:&quot;0&quot;,&quot;credit&quot;:&quot;&quot;,&quot;camera&quot;:&quot;&quot;,&quot;caption&quot;:&quot;&quot;,&quot;created_timestamp&quot;:&quot;0&quot;,&quot;copyright&quot;:&quot;&quot;,&quot;focal_length&quot;:&quot;0&quot;,&quot;iso&quot;:&quot;0&quot;,&quot;shutter_speed&quot;:&quot;0&quot;,&quot;title&quot;:&quot;&quot;,&quot;orientation&quot;:&quot;1&quot;}\" data-image-title=\"logo cofradia\" data-image-description=\"\" data-image-caption=\"\" data-large-file=\"https:\/\/i0.wp.com\/www.virgendelacabezacolomera.org\/wp-content\/uploads\/2024\/11\/logo-cofradia.jpg?fit=936%2C675&amp;ssl=1\" \/><\/a><\/div>\n\n\n<ul class=\"wp-block-social-links has-normal-icon-size is-style-logos-only is-content-justification-space-between is-nowrap is-layout-flex wp-container-core-social-links-is-layout-26386418 wp-block-social-links-is-layout-flex\"><li class=\"wp-social-link wp-social-link-facebook  wp-block-social-link\"><a href=\"\" class=\"wp-block-social-link-anchor\"><svg width=\"24\" height=\"24\" viewBox=\"0 0 24 24\" version=\"1.1\" xmlns=\"http:\/\/www.w3.org\/2000\/svg\" aria-hidden=\"true\" focusable=\"false\"><path d=\"M12 2C6.5 2 2 6.5 2 12c0 5 3.7 9.1 8.4 9.9v-7H7.9V12h2.5V9.8c0-2.5 1.5-3.9 3.8-3.9 1.1 0 2.2.2 2.2.2v2.5h-1.3c-1.2 0-1.6.8-1.6 1.6V12h2.8l-.4 2.9h-2.3v7C18.3 21.1 22 17 22 12c0-5.5-4.5-10-10-10z\"><\/path><\/svg><span class=\"wp-block-social-link-label screen-reader-text\">Facebook<\/span><\/a><\/li>\n\n<li class=\"wp-social-link wp-social-link-mail  wp-block-social-link\"><a href=\"mailto:&#114;ealc&#111;f&#114;&#097;&#100;&#105;ad&#101;&#099;&#111;&#108;omer&#097;&#064;g&#109;&#097;&#105;&#108;&#046;c&#111;m\" class=\"wp-block-social-link-anchor\"><svg width=\"24\" height=\"24\" viewBox=\"0 0 24 24\" version=\"1.1\" xmlns=\"http:\/\/www.w3.org\/2000\/svg\" aria-hidden=\"true\" focusable=\"false\"><path d=\"M19,5H5c-1.1,0-2,.9-2,2v10c0,1.1.9,2,2,2h14c1.1,0,2-.9,2-2V7c0-1.1-.9-2-2-2zm.5,12c0,.3-.2.5-.5.5H5c-.3,0-.5-.2-.5-.5V9.8l7.5,5.6,7.5-5.6V17zm0-9.1L12,13.6,4.5,7.9V7c0-.3.2-.5.5-.5h14c.3,0,.5.2.5.5v.9z\"><\/path><\/svg><span class=\"wp-block-social-link-label screen-reader-text\">Correo electr\u00f3nico<\/span><\/a><\/li>\n\n<li class=\"wp-social-link wp-social-link-instagram  wp-block-social-link\"><a href=\"https:\/\/www.instagram.com\/colomera_con_su_morenita\/\" class=\"wp-block-social-link-anchor\"><svg width=\"24\" height=\"24\" viewBox=\"0 0 24 24\" version=\"1.1\" xmlns=\"http:\/\/www.w3.org\/2000\/svg\" aria-hidden=\"true\" focusable=\"false\"><path d=\"M12,4.622c2.403,0,2.688,0.009,3.637,0.052c0.877,0.04,1.354,0.187,1.671,0.31c0.42,0.163,0.72,0.358,1.035,0.673 c0.315,0.315,0.51,0.615,0.673,1.035c0.123,0.317,0.27,0.794,0.31,1.671c0.043,0.949,0.052,1.234,0.052,3.637 s-0.009,2.688-0.052,3.637c-0.04,0.877-0.187,1.354-0.31,1.671c-0.163,0.42-0.358,0.72-0.673,1.035 c-0.315,0.315-0.615,0.51-1.035,0.673c-0.317,0.123-0.794,0.27-1.671,0.31c-0.949,0.043-1.233,0.052-3.637,0.052 s-2.688-0.009-3.637-0.052c-0.877-0.04-1.354-0.187-1.671-0.31c-0.42-0.163-0.72-0.358-1.035-0.673 c-0.315-0.315-0.51-0.615-0.673-1.035c-0.123-0.317-0.27-0.794-0.31-1.671C4.631,14.688,4.622,14.403,4.622,12 s0.009-2.688,0.052-3.637c0.04-0.877,0.187-1.354,0.31-1.671c0.163-0.42,0.358-0.72,0.673-1.035 c0.315-0.315,0.615-0.51,1.035-0.673c0.317-0.123,0.794-0.27,1.671-0.31C9.312,4.631,9.597,4.622,12,4.622 M12,3 C9.556,3,9.249,3.01,8.289,3.054C7.331,3.098,6.677,3.25,6.105,3.472C5.513,3.702,5.011,4.01,4.511,4.511 c-0.5,0.5-0.808,1.002-1.038,1.594C3.25,6.677,3.098,7.331,3.054,8.289C3.01,9.249,3,9.556,3,12c0,2.444,0.01,2.751,0.054,3.711 c0.044,0.958,0.196,1.612,0.418,2.185c0.23,0.592,0.538,1.094,1.038,1.594c0.5,0.5,1.002,0.808,1.594,1.038 c0.572,0.222,1.227,0.375,2.185,0.418C9.249,20.99,9.556,21,12,21s2.751-0.01,3.711-0.054c0.958-0.044,1.612-0.196,2.185-0.418 c0.592-0.23,1.094-0.538,1.594-1.038c0.5-0.5,0.808-1.002,1.038-1.594c0.222-0.572,0.375-1.227,0.418-2.185 C20.99,14.751,21,14.444,21,12s-0.01-2.751-0.054-3.711c-0.044-0.958-0.196-1.612-0.418-2.185c-0.23-0.592-0.538-1.094-1.038-1.594 c-0.5-0.5-1.002-0.808-1.594-1.038c-0.572-0.222-1.227-0.375-2.185-0.418C14.751,3.01,14.444,3,12,3L12,3z M12,7.378 c-2.552,0-4.622,2.069-4.622,4.622S9.448,16.622,12,16.622s4.622-2.069,4.622-4.622S14.552,7.378,12,7.378z M12,15 c-1.657,0-3-1.343-3-3s1.343-3,3-3s3,1.343,3,3S13.657,15,12,15z M16.804,6.116c-0.596,0-1.08,0.484-1.08,1.08 s0.484,1.08,1.08,1.08c0.596,0,1.08-0.484,1.08-1.08S17.401,6.116,16.804,6.116z\"><\/path><\/svg><span class=\"wp-block-social-link-label screen-reader-text\">Instagram<\/span><\/a><\/li><\/ul>\n<\/div>\n<\/div>\n<\/div>\n","protected":false},"excerpt":{"rendered":"<p>Seg\u00fan la antigua, venerable y respetada tradici\u00f3n con escaso fundamento hist\u00f3rico que nos transmite D. Manuel de Salcedo Olid en su Paneg\u00edrico Historial de N.S. de la Cabeza de Sierra Morena, publicado en el a\u00f1o de 1677, entre los Christianos que apacentaban ovejas en aquellos montes, av\u00eda un pastor natural de Colomera (que entonces era&hellip;&nbsp;<a href=\"https:\/\/www.virgendelacabezacolomera.org\/?page_id=639\" rel=\"bookmark\">Leer m\u00e1s &raquo;<span class=\"screen-reader-text\">Historia<\/span><\/a><\/p>\n","protected":false},"author":1,"featured_media":0,"parent":0,"menu_order":0,"comment_status":"closed","ping_status":"closed","template":"","meta":{"neve_meta_sidebar":"","neve_meta_container":"","neve_meta_enable_content_width":"","neve_meta_content_width":0,"neve_meta_title_alignment":"","neve_meta_author_avatar":"","neve_post_elements_order":"","neve_meta_disable_header":"","neve_meta_disable_footer":"","neve_meta_disable_title":"","jetpack_post_was_ever_published":false,"footnotes":""},"class_list":["post-639","page","type-page","status-publish","hentry"],"jetpack_sharing_enabled":true,"jetpack_shortlink":"https:\/\/wp.me\/PaxVsa-aj","jetpack-related-posts":[{"id":26,"url":"https:\/\/www.virgendelacabezacolomera.org\/?page_id=26","url_meta":{"origin":639,"position":0},"title":"HISTORIA","author":"admin","date":"14\/12\/2018","format":false,"excerpt":"Seg\u00fan la antigua, venerable y respetada tradici\u00f3n que nos transmite D. Manuel de Salcedo Olid en su Paneg\u00edrico Historial de N.S. de la Cabeza de Sierra Morena, publicado en el a\u00f1o de 1677, \"entre los Christianos que apacentaban ovejas en aquellos montes, av\u00eda un pastor natural de Colomera (que entonces\u2026","rel":"","context":"Entrada similar","block_context":{"text":"Entrada similar","link":""},"img":{"alt_text":"Cuadro que representa la aparaici\u00f3n en la Iglesia de la Encarnaci\u00f3n de Colomera","src":"https:\/\/i0.wp.com\/www.virgendelacabezacolomera.org\/wp-content\/uploads\/2025\/04\/cuadroaparicionVirgendelaCabezaColomera.jpg?resize=350%2C200&ssl=1","width":350,"height":200,"srcset":"https:\/\/i0.wp.com\/www.virgendelacabezacolomera.org\/wp-content\/uploads\/2025\/04\/cuadroaparicionVirgendelaCabezaColomera.jpg?resize=350%2C200&ssl=1 1x, https:\/\/i0.wp.com\/www.virgendelacabezacolomera.org\/wp-content\/uploads\/2025\/04\/cuadroaparicionVirgendelaCabezaColomera.jpg?resize=525%2C300&ssl=1 1.5x"},"classes":[]},{"id":79,"url":"https:\/\/www.virgendelacabezacolomera.org\/?page_id=79","url_meta":{"origin":639,"position":1},"title":"ACTOS","author":"admin","date":"17\/12\/2018","format":false,"excerpt":"APARICI\u00d3N La noche del 11 al 12 de agosto se celebra en Sierra Morena desde hace 8 siglos la Aparici\u00f3n de la Virgen de la Cabeza al pastor Juan Alonso de Rivas, natural de Colomera. Anualmente, nuestro pueblo acompa\u00f1a a la Virgen en su misa y procesi\u00f3n por las calles\u2026","rel":"","context":"Entrada similar","block_context":{"text":"Entrada similar","link":""},"img":{"alt_text":"","src":"https:\/\/i0.wp.com\/www.virgendelacabezacolomera.org\/wp-content\/uploads\/2024\/12\/image-3.png?resize=350%2C200&ssl=1","width":350,"height":200,"srcset":"https:\/\/i0.wp.com\/www.virgendelacabezacolomera.org\/wp-content\/uploads\/2024\/12\/image-3.png?resize=350%2C200&ssl=1 1x, https:\/\/i0.wp.com\/www.virgendelacabezacolomera.org\/wp-content\/uploads\/2024\/12\/image-3.png?resize=525%2C300&ssl=1 1.5x"},"classes":[]},{"id":59,"url":"https:\/\/www.virgendelacabezacolomera.org\/?page_id=59","url_meta":{"origin":639,"position":2},"title":"Romer\u00eda Virgen de la Cabeza","author":"admin","date":"14\/12\/2018","format":false,"excerpt":"Nuestra Romer\u00eda La cofrad\u00eda de Colomera participa intensamente en la romer\u00eda principal de And\u00fajar el \u00faltimo fin de semana de abril, los romeros de Colomera peregrinan al Santuario de And\u00fajar, partiendo de Colomera el jueves por la ma\u00f1ana. Nuestra Romer\u00eda comienza con la misa de romeros el jueves a las\u2026","rel":"","context":"Entrada similar","block_context":{"text":"Entrada similar","link":""},"img":{"alt_text":"","src":"","width":0,"height":0},"classes":[]},{"id":62,"url":"https:\/\/www.virgendelacabezacolomera.org\/?page_id=62","url_meta":{"origin":639,"position":3},"title":"Privacidad de datos","author":"admin","date":"14\/12\/2018","format":false,"excerpt":"POL\u00cdTICA DE PROTECCI\u00d3N DE DATOS DE CAR\u00c1CTER PERSONAL: 1.1 A los efectos de lo dispuesto en la Ley Org\u00e1nica 15\/1999, de 13 de Diciembre, de Protecci\u00f3n de Datos de Car\u00e1cter Personal,\u00a0REAL COFRADIA\u00a0 VIRGEN DE\u00a0LA CABEZA DE\u00a0COLOMERA\u00a0informa al Usuario de la existencia de un fichero de datos de car\u00e1cter personal creado\u2026","rel":"","context":"Entrada similar","block_context":{"text":"Entrada similar","link":""},"img":{"alt_text":"","src":"","width":0,"height":0},"classes":[]},{"id":312,"url":"https:\/\/www.virgendelacabezacolomera.org\/?page_id=312","url_meta":{"origin":639,"position":4},"title":"ROMERIA","author":"admin","date":"24\/02\/2020","format":false,"excerpt":"La Romer\u00eda de la Virgen de la Cabeza, celebrada el \u00faltimo domingo de abril en And\u00fajar (Ja\u00e9n), es una de las peregrinaciones m\u00e1s antiguas y multitudinarias de Espa\u00f1a, con casi 800 a\u00f1os de historia en Sierra Morena. Los fieles acudimos al Santuario del Cerro del Cabezo para venerar a \"la\u2026","rel":"","context":"Entrada similar","block_context":{"text":"Entrada similar","link":""},"img":{"alt_text":"","src":"https:\/\/i0.wp.com\/www.virgendelacabezacolomera.org\/wp-content\/uploads\/2020\/02\/Cartel-Virgen-de-la-Cabeza-Colomera-Romer%C3%ADa-2020-3.jpg?fit=857%2C1200&ssl=1&resize=350%2C200","width":350,"height":200,"srcset":"https:\/\/i0.wp.com\/www.virgendelacabezacolomera.org\/wp-content\/uploads\/2020\/02\/Cartel-Virgen-de-la-Cabeza-Colomera-Romer%C3%ADa-2020-3.jpg?fit=857%2C1200&ssl=1&resize=350%2C200 1x, https:\/\/i0.wp.com\/www.virgendelacabezacolomera.org\/wp-content\/uploads\/2020\/02\/Cartel-Virgen-de-la-Cabeza-Colomera-Romer%C3%ADa-2020-3.jpg?fit=857%2C1200&ssl=1&resize=525%2C300 1.5x, https:\/\/i0.wp.com\/www.virgendelacabezacolomera.org\/wp-content\/uploads\/2020\/02\/Cartel-Virgen-de-la-Cabeza-Colomera-Romer%C3%ADa-2020-3.jpg?fit=857%2C1200&ssl=1&resize=700%2C400 2x"},"classes":[]},{"id":533,"url":"https:\/\/www.virgendelacabezacolomera.org\/?page_id=533","url_meta":{"origin":639,"position":5},"title":"ENSERES","author":"admin","date":"24\/11\/2024","format":false,"excerpt":"La Cofrad\u00eda de la Virgen de la Cabeza de Colomera custodia con profundo respeto y devoci\u00f3n un valioso conjunto de enseres que forman parte esencial de su identidad, su historia y su culto. Cada uno de estos elementos no solo cumple una funci\u00f3n representativa, sino que encierra un significado espiritual\u2026","rel":"","context":"Entrada similar","block_context":{"text":"Entrada similar","link":""},"img":{"alt_text":"","src":"https:\/\/i0.wp.com\/www.virgendelacabezacolomera.org\/wp-content\/uploads\/2025\/04\/CetroCofradiadeColomera-removebg-preview-edited.png?resize=350%2C200&ssl=1","width":350,"height":200},"classes":[]}],"_links":{"self":[{"href":"https:\/\/www.virgendelacabezacolomera.org\/index.php?rest_route=\/wp\/v2\/pages\/639","targetHints":{"allow":["GET"]}}],"collection":[{"href":"https:\/\/www.virgendelacabezacolomera.org\/index.php?rest_route=\/wp\/v2\/pages"}],"about":[{"href":"https:\/\/www.virgendelacabezacolomera.org\/index.php?rest_route=\/wp\/v2\/types\/page"}],"author":[{"embeddable":true,"href":"https:\/\/www.virgendelacabezacolomera.org\/index.php?rest_route=\/wp\/v2\/users\/1"}],"replies":[{"embeddable":true,"href":"https:\/\/www.virgendelacabezacolomera.org\/index.php?rest_route=%2Fwp%2Fv2%2Fcomments&post=639"}],"version-history":[{"count":17,"href":"https:\/\/www.virgendelacabezacolomera.org\/index.php?rest_route=\/wp\/v2\/pages\/639\/revisions"}],"predecessor-version":[{"id":796,"href":"https:\/\/www.virgendelacabezacolomera.org\/index.php?rest_route=\/wp\/v2\/pages\/639\/revisions\/796"}],"wp:attachment":[{"href":"https:\/\/www.virgendelacabezacolomera.org\/index.php?rest_route=%2Fwp%2Fv2%2Fmedia&parent=639"}],"curies":[{"name":"wp","href":"https:\/\/api.w.org\/{rel}","templated":true}]}}