{"id":65,"date":"2018-12-14T21:18:37","date_gmt":"2018-12-14T21:18:37","guid":{"rendered":"https:\/\/www.virgendelacabezacolomera.org\/?page_id=65"},"modified":"2018-12-14T21:25:13","modified_gmt":"2018-12-14T21:25:13","slug":"politica-de-cookies","status":"publish","type":"page","link":"https:\/\/www.virgendelacabezacolomera.org\/?page_id=65","title":{"rendered":"Pol\u00edtica de Cookies"},"content":{"rendered":"\n<p>Utilizamos cookies propias y de terceros para mejorar nuestros servicios. Si contin\u00faa navegando consideramos que acepta su uso. Para obtener m\u00e1s informaci\u00f3n sobre que son las cookies vea nuestra Pol\u00edtica de Cookies..\n\n \n\nPOLITICA DE COOKIES\n\nEste sitio web utiliza las siguientes cookies: cookies para facilitar la navegaci\u00f3n de los usuarios y recordar por donde se encuentra el usuario cuando navega por el sitio web. Estas cookies desaparecen al mes. Cookies de sesi\u00f3n para seguir la sesi\u00f3n en las p\u00e1ginas que requieren registro. Estas cookies son necesarias para acceder a los servicios o contenidos restringidos a los usuarios que navegan como usuarios registrados. Si no ha seleccionado recordar mi contrase\u00f1a estas cookies se eliminan cuando cierra el navegador o apaga el equipo cookies de medidores y anal\u00edtica web . Estas cookies se utilizan para analizar las visitas realizadas y tiempos de navegaci\u00f3n por el sitio web. La informaci\u00f3n recogida de estas de estas cookies es transmitida y archivada directamente en los servidores de los prestadores del servicio cookies de publicidad. Estas cookies sirven para saber si usted ha visto un anuncio y cu\u00e1nto tiempo hace que no lo ha visto. Esto nos permite mostrarle la publicidad m\u00e1s adecuada en cada momento.<\/p>\n","protected":false},"excerpt":{"rendered":"<p>Utilizamos cookies propias y de terceros para mejorar nuestros servicios. Si contin\u00faa navegando consideramos que acepta su uso. Para obtener m\u00e1s informaci\u00f3n sobre que son las cookies vea nuestra Pol\u00edtica de Cookies.. POLITICA DE COOKIES Este sitio web utiliza las siguientes cookies: cookies para facilitar la navegaci\u00f3n de los usuarios y recordar por donde se&hellip;&nbsp;<a href=\"https:\/\/www.virgendelacabezacolomera.org\/?page_id=65\" rel=\"bookmark\">Leer m\u00e1s &raquo;<span class=\"screen-reader-text\">Pol\u00edtica de Cookies<\/span><\/a><\/p>\n","protected":false},"author":1,"featured_media":0,"parent":0,"menu_order":0,"comment_status":"closed","ping_status":"closed","template":"","meta":{"neve_meta_sidebar":"","neve_meta_container":"","neve_meta_enable_content_width":"","neve_meta_content_width":0,"neve_meta_title_alignment":"","neve_meta_author_avatar":"","neve_post_elements_order":"","neve_meta_disable_header":"","neve_meta_disable_footer":"","neve_meta_disable_title":"","jetpack_post_was_ever_published":false,"footnotes":""},"class_list":["post-65","page","type-page","status-publish","hentry"],"jetpack_sharing_enabled":true,"jetpack_shortlink":"https:\/\/wp.me\/PaxVsa-13","jetpack-related-posts":[{"id":62,"url":"https:\/\/www.virgendelacabezacolomera.org\/?page_id=62","url_meta":{"origin":65,"position":0},"title":"Privacidad de datos","author":"admin","date":"14\/12\/2018","format":false,"excerpt":"POL\u00cdTICA DE PROTECCI\u00d3N DE DATOS DE CAR\u00c1CTER PERSONAL: 1.1 A los efectos de lo dispuesto en la Ley Org\u00e1nica 15\/1999, de 13 de Diciembre, de Protecci\u00f3n de Datos de Car\u00e1cter Personal,\u00a0REAL COFRADIA\u00a0 VIRGEN DE\u00a0LA CABEZA DE\u00a0COLOMERA\u00a0informa al Usuario de la existencia de un fichero de datos de car\u00e1cter personal creado\u2026","rel":"","context":"Entrada similar","block_context":{"text":"Entrada similar","link":""},"img":{"alt_text":"","src":"","width":0,"height":0},"classes":[]},{"id":613,"url":"https:\/\/www.virgendelacabezacolomera.org\/?page_id=613","url_meta":{"origin":65,"position":1},"title":"Otros","author":"admin","date":"02\/04\/2025","format":false,"excerpt":"Privacidad de datos Pol\u00edtica de cookies","rel":"","context":"Entrada similar","block_context":{"text":"Entrada similar","link":""},"img":{"alt_text":"","src":"","width":0,"height":0},"classes":[]},{"id":85,"url":"https:\/\/www.virgendelacabezacolomera.org\/?page_id=85","url_meta":{"origin":65,"position":2},"title":"ESTATUTOS","author":"admin","date":"17\/12\/2018","format":false,"excerpt":"ESTATUTOS DE LA REAL COFRADIA NTRA. SRA. DE LA CABEZA DE COLOMERA (GRANADA) INTRODUCCION La Real Cofrad\u00eda de la Sant\u00edsima Virgen de la Cabeza de Colomera, se fund\u00f3 en fecha incierta a\u00fan no documentada, aunque se podr\u00eda hacer referencia al siglo XVI o incluso anterior, fecha en la que se\u2026","rel":"","context":"Entrada similar","block_context":{"text":"Entrada similar","link":""},"img":{"alt_text":"","src":"https:\/\/i0.wp.com\/www.virgendelacabezacolomera.org\/wp-content\/uploads\/2024\/11\/logo-cofradia.jpg?resize=350%2C200&ssl=1","width":350,"height":200,"srcset":"https:\/\/i0.wp.com\/www.virgendelacabezacolomera.org\/wp-content\/uploads\/2024\/11\/logo-cofradia.jpg?resize=350%2C200&ssl=1 1x, https:\/\/i0.wp.com\/www.virgendelacabezacolomera.org\/wp-content\/uploads\/2024\/11\/logo-cofradia.jpg?resize=525%2C300&ssl=1 1.5x, https:\/\/i0.wp.com\/www.virgendelacabezacolomera.org\/wp-content\/uploads\/2024\/11\/logo-cofradia.jpg?resize=700%2C400&ssl=1 2x, https:\/\/i0.wp.com\/www.virgendelacabezacolomera.org\/wp-content\/uploads\/2024\/11\/logo-cofradia.jpg?resize=1050%2C600&ssl=1 3x"},"classes":[]},{"id":639,"url":"https:\/\/www.virgendelacabezacolomera.org\/?page_id=639","url_meta":{"origin":65,"position":3},"title":"Historia","author":"admin","date":"02\/04\/2025","format":false,"excerpt":"Seg\u00fan la antigua, venerable y respetada tradici\u00f3n con escaso fundamento hist\u00f3rico que nos transmite D. Manuel de Salcedo Olid en su Paneg\u00edrico Historial de N.S. de la Cabeza de Sierra Morena, publicado en el a\u00f1o de 1677, entre los Christianos que apacentaban ovejas en aquellos montes, av\u00eda un pastor natural\u2026","rel":"","context":"Entrada similar","block_context":{"text":"Entrada similar","link":""},"img":{"alt_text":"","src":"https:\/\/i0.wp.com\/www.virgendelacabezacolomera.org\/wp-content\/uploads\/2025\/04\/romeria-cuadro.jpg?resize=350%2C200&ssl=1","width":350,"height":200,"srcset":"https:\/\/i0.wp.com\/www.virgendelacabezacolomera.org\/wp-content\/uploads\/2025\/04\/romeria-cuadro.jpg?resize=350%2C200&ssl=1 1x, https:\/\/i0.wp.com\/www.virgendelacabezacolomera.org\/wp-content\/uploads\/2025\/04\/romeria-cuadro.jpg?resize=525%2C300&ssl=1 1.5x"},"classes":[]},{"id":59,"url":"https:\/\/www.virgendelacabezacolomera.org\/?page_id=59","url_meta":{"origin":65,"position":4},"title":"Romer\u00eda Virgen de la Cabeza","author":"admin","date":"14\/12\/2018","format":false,"excerpt":"Nuestra Romer\u00eda La cofrad\u00eda de Colomera participa intensamente en la romer\u00eda principal de And\u00fajar el \u00faltimo fin de semana de abril, los romeros de Colomera peregrinan al Santuario de And\u00fajar, partiendo de Colomera el jueves por la ma\u00f1ana. Nuestra Romer\u00eda comienza con la misa de romeros el jueves a las\u2026","rel":"","context":"Entrada similar","block_context":{"text":"Entrada similar","link":""},"img":{"alt_text":"","src":"","width":0,"height":0},"classes":[]},{"id":312,"url":"https:\/\/www.virgendelacabezacolomera.org\/?page_id=312","url_meta":{"origin":65,"position":5},"title":"ROMERIA","author":"admin","date":"24\/02\/2020","format":false,"excerpt":"La Romer\u00eda de la Virgen de la Cabeza, celebrada el \u00faltimo domingo de abril en And\u00fajar (Ja\u00e9n), es una de las peregrinaciones m\u00e1s antiguas y multitudinarias de Espa\u00f1a, con casi 800 a\u00f1os de historia en Sierra Morena. Los fieles acudimos al Santuario del Cerro del Cabezo para venerar a \"la\u2026","rel":"","context":"Entrada similar","block_context":{"text":"Entrada similar","link":""},"img":{"alt_text":"","src":"https:\/\/i0.wp.com\/www.virgendelacabezacolomera.org\/wp-content\/uploads\/2020\/02\/Cartel-Virgen-de-la-Cabeza-Colomera-Romer%C3%ADa-2020-3.jpg?fit=857%2C1200&ssl=1&resize=350%2C200","width":350,"height":200,"srcset":"https:\/\/i0.wp.com\/www.virgendelacabezacolomera.org\/wp-content\/uploads\/2020\/02\/Cartel-Virgen-de-la-Cabeza-Colomera-Romer%C3%ADa-2020-3.jpg?fit=857%2C1200&ssl=1&resize=350%2C200 1x, https:\/\/i0.wp.com\/www.virgendelacabezacolomera.org\/wp-content\/uploads\/2020\/02\/Cartel-Virgen-de-la-Cabeza-Colomera-Romer%C3%ADa-2020-3.jpg?fit=857%2C1200&ssl=1&resize=525%2C300 1.5x, https:\/\/i0.wp.com\/www.virgendelacabezacolomera.org\/wp-content\/uploads\/2020\/02\/Cartel-Virgen-de-la-Cabeza-Colomera-Romer%C3%ADa-2020-3.jpg?fit=857%2C1200&ssl=1&resize=700%2C400 2x"},"classes":[]}],"_links":{"self":[{"href":"https:\/\/www.virgendelacabezacolomera.org\/index.php?rest_route=\/wp\/v2\/pages\/65","targetHints":{"allow":["GET"]}}],"collection":[{"href":"https:\/\/www.virgendelacabezacolomera.org\/index.php?rest_route=\/wp\/v2\/pages"}],"about":[{"href":"https:\/\/www.virgendelacabezacolomera.org\/index.php?rest_route=\/wp\/v2\/types\/page"}],"author":[{"embeddable":true,"href":"https:\/\/www.virgendelacabezacolomera.org\/index.php?rest_route=\/wp\/v2\/users\/1"}],"replies":[{"embeddable":true,"href":"https:\/\/www.virgendelacabezacolomera.org\/index.php?rest_route=%2Fwp%2Fv2%2Fcomments&post=65"}],"version-history":[{"count":3,"href":"https:\/\/www.virgendelacabezacolomera.org\/index.php?rest_route=\/wp\/v2\/pages\/65\/revisions"}],"predecessor-version":[{"id":69,"href":"https:\/\/www.virgendelacabezacolomera.org\/index.php?rest_route=\/wp\/v2\/pages\/65\/revisions\/69"}],"wp:attachment":[{"href":"https:\/\/www.virgendelacabezacolomera.org\/index.php?rest_route=%2Fwp%2Fv2%2Fmedia&parent=65"}],"curies":[{"name":"wp","href":"https:\/\/api.w.org\/{rel}","templated":true}]}}