{"id":76,"date":"2018-12-17T17:14:57","date_gmt":"2018-12-17T17:14:57","guid":{"rendered":"https:\/\/www.virgendelacabezacolomera.org\/?page_id=76"},"modified":"2026-04-20T16:41:07","modified_gmt":"2026-04-20T16:41:07","slug":"cofradia","status":"publish","type":"page","link":"https:\/\/www.virgendelacabezacolomera.org\/?page_id=76","title":{"rendered":"COFRADIA"},"content":{"rendered":"\n<figure class=\"wp-block-image size-full\"><img data-recalc-dims=\"1\" loading=\"lazy\" decoding=\"async\" width=\"1200\" height=\"603\" data-attachment-id=\"362\" data-permalink=\"https:\/\/www.virgendelacabezacolomera.org\/?attachment_id=362\" data-orig-file=\"https:\/\/i0.wp.com\/www.virgendelacabezacolomera.org\/wp-content\/uploads\/2024\/11\/tito-kXX-U220642527384CSH-1200x840%40Ideal.jpg?fit=1200%2C603&amp;ssl=1\" data-orig-size=\"1200,603\" data-comments-opened=\"0\" data-image-meta=\"{&quot;aperture&quot;:&quot;0&quot;,&quot;credit&quot;:&quot;&quot;,&quot;camera&quot;:&quot;&quot;,&quot;caption&quot;:&quot;&quot;,&quot;created_timestamp&quot;:&quot;0&quot;,&quot;copyright&quot;:&quot;&quot;,&quot;focal_length&quot;:&quot;0&quot;,&quot;iso&quot;:&quot;0&quot;,&quot;shutter_speed&quot;:&quot;0&quot;,&quot;title&quot;:&quot;&quot;,&quot;orientation&quot;:&quot;0&quot;}\" data-image-title=\"tito-kXX-U220642527384CSH-1200&amp;#215;840@Ideal\" data-image-description=\"\" data-image-caption=\"\" data-large-file=\"https:\/\/i0.wp.com\/www.virgendelacabezacolomera.org\/wp-content\/uploads\/2024\/11\/tito-kXX-U220642527384CSH-1200x840%40Ideal.jpg?fit=1200%2C603&amp;ssl=1\" src=\"https:\/\/i0.wp.com\/www.virgendelacabezacolomera.org\/wp-content\/uploads\/2024\/11\/tito-kXX-U220642527384CSH-1200x840%40Ideal.jpg?resize=1200%2C603&#038;ssl=1\" alt=\"\" class=\"wp-image-362\"\/><\/figure>\n\n\n\n<div style=\"height:50px\" aria-hidden=\"true\" class=\"wp-block-spacer\"><\/div>\n\n\n\n<div class=\"wp-block-columns is-layout-flex wp-container-core-columns-is-layout-9d6595d7 wp-block-columns-is-layout-flex\">\n<div class=\"wp-block-column is-vertically-aligned-center is-layout-flow wp-block-column-is-layout-flow\">\n<h3 class=\"wp-block-heading has-text-align-center\">Junta de Gobierno<\/h3>\n\n\n\n<div class=\"wp-block-buttons is-content-justification-center is-layout-flex wp-container-core-buttons-is-layout-16018d1d wp-block-buttons-is-layout-flex\">\n<div class=\"wp-block-button is-style-primary\"><a class=\"wp-block-button__link wp-element-button\" href=\"https:\/\/www.virgendelacabezacolomera.org\/?page_id=88\"><mark style=\"background-color:rgba(0, 0, 0, 0)\" class=\"has-inline-color has-nv-site-bg-color\">LEER M\u00c1S<\/mark><\/a><\/div>\n<\/div>\n<\/div>\n\n\n\n<div class=\"wp-block-column is-vertically-aligned-center is-layout-flow wp-block-column-is-layout-flow\">\n<h3 class=\"wp-block-heading has-text-align-center\">Historia<\/h3>\n\n\n\n<div class=\"wp-block-buttons is-content-justification-center is-layout-flex wp-container-core-buttons-is-layout-16018d1d wp-block-buttons-is-layout-flex\">\n<div class=\"wp-block-button is-style-primary\"><a class=\"wp-block-button__link wp-element-button\" href=\"https:\/\/www.virgendelacabezacolomera.org\/?page_id=26\">LEER M\u00c1S<\/a><\/div>\n<\/div>\n<\/div>\n\n\n\n<div class=\"wp-block-column is-vertically-aligned-center is-layout-flow wp-block-column-is-layout-flow\">\n<h3 class=\"wp-block-heading has-text-align-center\">Imagen<\/h3>\n\n\n\n<div class=\"wp-block-buttons is-content-justification-center is-layout-flex wp-container-core-buttons-is-layout-16018d1d wp-block-buttons-is-layout-flex\">\n<div class=\"wp-block-button is-style-primary\"><a class=\"wp-block-button__link wp-element-button\" href=\"https:\/\/www.virgendelacabezacolomera.org\/?page_id=807\">LEER M\u00c1S<\/a><\/div>\n<\/div>\n<\/div>\n<\/div>\n\n\n\n<div style=\"height:47px\" aria-hidden=\"true\" class=\"wp-block-spacer\"><\/div>\n\n\n\n<div class=\"wp-block-columns is-layout-flex wp-container-core-columns-is-layout-9d6595d7 wp-block-columns-is-layout-flex\">\n<div class=\"wp-block-column is-layout-flow wp-block-column-is-layout-flow\">\n<h3 class=\"wp-block-heading has-text-align-center\">Estatutos<\/h3>\n\n\n\n<div class=\"wp-block-buttons is-content-justification-center is-layout-flex wp-container-core-buttons-is-layout-16018d1d wp-block-buttons-is-layout-flex\">\n<div class=\"wp-block-button is-style-primary\"><a class=\"wp-block-button__link wp-element-button\" href=\"https:\/\/www.virgendelacabezacolomera.org\/?page_id=85\">LEER M\u00c1S<\/a><\/div>\n<\/div>\n<\/div>\n\n\n\n<div class=\"wp-block-column is-layout-flow wp-block-column-is-layout-flow\">\n<h3 class=\"wp-block-heading has-text-align-center\">Enseres<\/h3>\n\n\n\n<div class=\"wp-block-buttons is-content-justification-center is-layout-flex wp-container-core-buttons-is-layout-16018d1d wp-block-buttons-is-layout-flex\">\n<div class=\"wp-block-button is-style-primary\"><a class=\"wp-block-button__link wp-element-button\" href=\"https:\/\/www.virgendelacabezacolomera.org\/?page_id=533\">LEER M\u00c1S<\/a><\/div>\n<\/div>\n<\/div>\n\n\n\n<div class=\"wp-block-column is-layout-flow wp-block-column-is-layout-flow\">\n<h3 class=\"wp-block-heading has-text-align-center\">Galer\u00eda<\/h3>\n\n\n\n<div class=\"wp-block-buttons is-content-justification-center is-layout-flex wp-container-core-buttons-is-layout-16018d1d wp-block-buttons-is-layout-flex\">\n<div class=\"wp-block-button is-style-primary\"><a class=\"wp-block-button__link has-text-align-center wp-element-button\">LEER M\u00c1S<\/a><\/div>\n<\/div>\n<\/div>\n<\/div>\n\n\n\n<div class=\"wp-block-columns are-vertically-aligned-center is-layout-flex wp-container-core-columns-is-layout-9d6595d7 wp-block-columns-is-layout-flex\">\n<div class=\"wp-block-column is-vertically-aligned-center is-layout-flow wp-block-column-is-layout-flow\"><\/div>\n\n\n\n<div class=\"wp-block-column is-vertically-aligned-center is-layout-flow wp-block-column-is-layout-flow\"><\/div>\n\n\n\n<div class=\"wp-block-column is-vertically-aligned-center is-layout-flow wp-block-column-is-layout-flow\"><\/div>\n<\/div>\n\n\n\n<div class=\"wp-block-group alignfull has-contrast-color has-text-color is-vertical is-content-justification-center is-layout-flex wp-container-core-group-is-layout-f1198d31 wp-block-group-is-layout-flex\" style=\"min-height:40vh;margin-top:0;margin-bottom:0;padding-top:var(--wp--preset--spacing--60);padding-right:var(--wp--preset--spacing--50);padding-bottom:var(--wp--preset--spacing--60);padding-left:var(--wp--preset--spacing--50)\">\n<div class=\"wp-block-group is-nowrap is-layout-flex wp-container-core-group-is-layout-ad2f72ca wp-block-group-is-layout-flex\">\n<div class=\"wp-block-group is-nowrap is-layout-flex wp-container-core-group-is-layout-ad2f72ca wp-block-group-is-layout-flex\"><div style=\"margin-bottom:6px;\" class=\"aligncenter wp-block-site-logo wp-duotone-unset-1\"><a href=\"https:\/\/www.virgendelacabezacolomera.org\/\" class=\"custom-logo-link\" rel=\"home\"><img loading=\"lazy\" decoding=\"async\" width=\"174\" height=\"125\" src=\"https:\/\/i0.wp.com\/www.virgendelacabezacolomera.org\/wp-content\/uploads\/2024\/11\/logo-cofradia.jpg?fit=1293%2C932&amp;ssl=1\" class=\"custom-logo\" alt=\"Real e Ilustre Cofrad\u00eda Virgen de la Cabeza de Colomera\" data-attachment-id=\"390\" data-permalink=\"https:\/\/www.virgendelacabezacolomera.org\/?attachment_id=390\" data-orig-file=\"https:\/\/i0.wp.com\/www.virgendelacabezacolomera.org\/wp-content\/uploads\/2024\/11\/logo-cofradia.jpg?fit=1293%2C932&amp;ssl=1\" data-orig-size=\"1293,932\" data-comments-opened=\"0\" data-image-meta=\"{&quot;aperture&quot;:&quot;0&quot;,&quot;credit&quot;:&quot;&quot;,&quot;camera&quot;:&quot;&quot;,&quot;caption&quot;:&quot;&quot;,&quot;created_timestamp&quot;:&quot;0&quot;,&quot;copyright&quot;:&quot;&quot;,&quot;focal_length&quot;:&quot;0&quot;,&quot;iso&quot;:&quot;0&quot;,&quot;shutter_speed&quot;:&quot;0&quot;,&quot;title&quot;:&quot;&quot;,&quot;orientation&quot;:&quot;1&quot;}\" data-image-title=\"logo cofradia\" data-image-description=\"\" data-image-caption=\"\" data-large-file=\"https:\/\/i0.wp.com\/www.virgendelacabezacolomera.org\/wp-content\/uploads\/2024\/11\/logo-cofradia.jpg?fit=936%2C675&amp;ssl=1\" \/><\/a><\/div>\n\n\n<ul class=\"wp-block-social-links has-normal-icon-size is-style-logos-only is-content-justification-space-between is-nowrap is-layout-flex wp-container-core-social-links-is-layout-26386418 wp-block-social-links-is-layout-flex\"><li class=\"wp-social-link wp-social-link-facebook  wp-block-social-link\"><a href=\"\" class=\"wp-block-social-link-anchor\"><svg width=\"24\" height=\"24\" viewBox=\"0 0 24 24\" version=\"1.1\" xmlns=\"http:\/\/www.w3.org\/2000\/svg\" aria-hidden=\"true\" focusable=\"false\"><path d=\"M12 2C6.5 2 2 6.5 2 12c0 5 3.7 9.1 8.4 9.9v-7H7.9V12h2.5V9.8c0-2.5 1.5-3.9 3.8-3.9 1.1 0 2.2.2 2.2.2v2.5h-1.3c-1.2 0-1.6.8-1.6 1.6V12h2.8l-.4 2.9h-2.3v7C18.3 21.1 22 17 22 12c0-5.5-4.5-10-10-10z\"><\/path><\/svg><span class=\"wp-block-social-link-label screen-reader-text\">Facebook<\/span><\/a><\/li>\n\n<li class=\"wp-social-link wp-social-link-mail  wp-block-social-link\"><a href=\"mailto:&#114;&#101;&#097;l&#099;&#111;&#102;&#114;ad&#105;&#097;d&#101;c&#111;&#108;&#111;m&#101;&#114;a&#064;gm&#097;&#105;&#108;&#046;c&#111;m\" class=\"wp-block-social-link-anchor\"><svg width=\"24\" height=\"24\" viewBox=\"0 0 24 24\" version=\"1.1\" xmlns=\"http:\/\/www.w3.org\/2000\/svg\" aria-hidden=\"true\" focusable=\"false\"><path d=\"M19,5H5c-1.1,0-2,.9-2,2v10c0,1.1.9,2,2,2h14c1.1,0,2-.9,2-2V7c0-1.1-.9-2-2-2zm.5,12c0,.3-.2.5-.5.5H5c-.3,0-.5-.2-.5-.5V9.8l7.5,5.6,7.5-5.6V17zm0-9.1L12,13.6,4.5,7.9V7c0-.3.2-.5.5-.5h14c.3,0,.5.2.5.5v.9z\"><\/path><\/svg><span class=\"wp-block-social-link-label screen-reader-text\">Correo electr\u00f3nico<\/span><\/a><\/li>\n\n<li class=\"wp-social-link wp-social-link-instagram  wp-block-social-link\"><a href=\"https:\/\/www.instagram.com\/colomera_con_su_morenita\/\" class=\"wp-block-social-link-anchor\"><svg width=\"24\" height=\"24\" viewBox=\"0 0 24 24\" version=\"1.1\" xmlns=\"http:\/\/www.w3.org\/2000\/svg\" aria-hidden=\"true\" focusable=\"false\"><path d=\"M12,4.622c2.403,0,2.688,0.009,3.637,0.052c0.877,0.04,1.354,0.187,1.671,0.31c0.42,0.163,0.72,0.358,1.035,0.673 c0.315,0.315,0.51,0.615,0.673,1.035c0.123,0.317,0.27,0.794,0.31,1.671c0.043,0.949,0.052,1.234,0.052,3.637 s-0.009,2.688-0.052,3.637c-0.04,0.877-0.187,1.354-0.31,1.671c-0.163,0.42-0.358,0.72-0.673,1.035 c-0.315,0.315-0.615,0.51-1.035,0.673c-0.317,0.123-0.794,0.27-1.671,0.31c-0.949,0.043-1.233,0.052-3.637,0.052 s-2.688-0.009-3.637-0.052c-0.877-0.04-1.354-0.187-1.671-0.31c-0.42-0.163-0.72-0.358-1.035-0.673 c-0.315-0.315-0.51-0.615-0.673-1.035c-0.123-0.317-0.27-0.794-0.31-1.671C4.631,14.688,4.622,14.403,4.622,12 s0.009-2.688,0.052-3.637c0.04-0.877,0.187-1.354,0.31-1.671c0.163-0.42,0.358-0.72,0.673-1.035 c0.315-0.315,0.615-0.51,1.035-0.673c0.317-0.123,0.794-0.27,1.671-0.31C9.312,4.631,9.597,4.622,12,4.622 M12,3 C9.556,3,9.249,3.01,8.289,3.054C7.331,3.098,6.677,3.25,6.105,3.472C5.513,3.702,5.011,4.01,4.511,4.511 c-0.5,0.5-0.808,1.002-1.038,1.594C3.25,6.677,3.098,7.331,3.054,8.289C3.01,9.249,3,9.556,3,12c0,2.444,0.01,2.751,0.054,3.711 c0.044,0.958,0.196,1.612,0.418,2.185c0.23,0.592,0.538,1.094,1.038,1.594c0.5,0.5,1.002,0.808,1.594,1.038 c0.572,0.222,1.227,0.375,2.185,0.418C9.249,20.99,9.556,21,12,21s2.751-0.01,3.711-0.054c0.958-0.044,1.612-0.196,2.185-0.418 c0.592-0.23,1.094-0.538,1.594-1.038c0.5-0.5,0.808-1.002,1.038-1.594c0.222-0.572,0.375-1.227,0.418-2.185 C20.99,14.751,21,14.444,21,12s-0.01-2.751-0.054-3.711c-0.044-0.958-0.196-1.612-0.418-2.185c-0.23-0.592-0.538-1.094-1.038-1.594 c-0.5-0.5-1.002-0.808-1.594-1.038c-0.572-0.222-1.227-0.375-2.185-0.418C14.751,3.01,14.444,3,12,3L12,3z M12,7.378 c-2.552,0-4.622,2.069-4.622,4.622S9.448,16.622,12,16.622s4.622-2.069,4.622-4.622S14.552,7.378,12,7.378z M12,15 c-1.657,0-3-1.343-3-3s1.343-3,3-3s3,1.343,3,3S13.657,15,12,15z M16.804,6.116c-0.596,0-1.08,0.484-1.08,1.08 s0.484,1.08,1.08,1.08c0.596,0,1.08-0.484,1.08-1.08S17.401,6.116,16.804,6.116z\"><\/path><\/svg><span class=\"wp-block-social-link-label screen-reader-text\">Instagram<\/span><\/a><\/li><\/ul>\n<\/div>\n<\/div>\n<\/div>\n\n\n\n<p><\/p>\n","protected":false},"excerpt":{"rendered":"<p>Junta de Gobierno Historia Imagen Estatutos Enseres Galer\u00eda<\/p>\n","protected":false},"author":1,"featured_media":0,"parent":0,"menu_order":0,"comment_status":"closed","ping_status":"closed","template":"","meta":{"neve_meta_sidebar":"","neve_meta_container":"","neve_meta_enable_content_width":"","neve_meta_content_width":0,"neve_meta_title_alignment":"","neve_meta_author_avatar":"","neve_post_elements_order":"","neve_meta_disable_header":"","neve_meta_disable_footer":"","neve_meta_disable_title":"","jetpack_post_was_ever_published":false,"footnotes":""},"class_list":["post-76","page","type-page","status-publish","hentry"],"jetpack_sharing_enabled":true,"jetpack_shortlink":"https:\/\/wp.me\/PaxVsa-1e","jetpack-related-posts":[{"id":85,"url":"https:\/\/www.virgendelacabezacolomera.org\/?page_id=85","url_meta":{"origin":76,"position":0},"title":"ESTATUTOS","author":"admin","date":"17\/12\/2018","format":false,"excerpt":"ESTATUTOS DE LA REAL COFRADIA NTRA. SRA. DE LA CABEZA DE COLOMERA (GRANADA) INTRODUCCION La Real Cofrad\u00eda de la Sant\u00edsima Virgen de la Cabeza de Colomera, se fund\u00f3 en fecha incierta a\u00fan no documentada, aunque se podr\u00eda hacer referencia al siglo XVI o incluso anterior, fecha en la que se\u2026","rel":"","context":"Entrada similar","block_context":{"text":"Entrada similar","link":""},"img":{"alt_text":"","src":"https:\/\/i0.wp.com\/www.virgendelacabezacolomera.org\/wp-content\/uploads\/2024\/11\/logo-cofradia.jpg?resize=350%2C200&ssl=1","width":350,"height":200,"srcset":"https:\/\/i0.wp.com\/www.virgendelacabezacolomera.org\/wp-content\/uploads\/2024\/11\/logo-cofradia.jpg?resize=350%2C200&ssl=1 1x, https:\/\/i0.wp.com\/www.virgendelacabezacolomera.org\/wp-content\/uploads\/2024\/11\/logo-cofradia.jpg?resize=525%2C300&ssl=1 1.5x, https:\/\/i0.wp.com\/www.virgendelacabezacolomera.org\/wp-content\/uploads\/2024\/11\/logo-cofradia.jpg?resize=700%2C400&ssl=1 2x, https:\/\/i0.wp.com\/www.virgendelacabezacolomera.org\/wp-content\/uploads\/2024\/11\/logo-cofradia.jpg?resize=1050%2C600&ssl=1 3x"},"classes":[]},{"id":38,"url":"https:\/\/www.virgendelacabezacolomera.org\/?page_id=38","url_meta":{"origin":76,"position":1},"title":"CONTACTAR","author":"admin","date":"14\/12\/2018","format":false,"excerpt":"Pueden ponerse en contacto con nosotros mediante cualquier miembro de la junta de gobierno. A trav\u00e9s de nuestras redes sociales. Facebook: Real Cofrad\u00eda Virgen de la Cabeza de Colomera Instagram: @colomera_con_su_morenita Correo electr\u00f3nico: realcofradiadecolomera@gmail.com","rel":"","context":"Entrada similar","block_context":{"text":"Entrada similar","link":""},"img":{"alt_text":"","src":"","width":0,"height":0},"classes":[]},{"id":91,"url":"https:\/\/www.virgendelacabezacolomera.org\/?page_id=91","url_meta":{"origin":76,"position":2},"title":"SALUDA DEL HERMANO MAYOR","author":"admin","date":"17\/12\/2018","format":false,"excerpt":"Estimados Hermanos Cofrades de Mar\u00eda Sant\u00edsima de la Cabeza, Quiero que mis primeras palabras en esta p\u00e1gina web de la Cofrad\u00eda de Colomera, como Hermano Mayor, vayan dirigidas directamente a la Virgen de la Cabeza, que es el motor que todo lo mueve alrededor de nuestra Hermandad. Sigamos su ejemplo\u2026","rel":"","context":"Entrada similar","block_context":{"text":"Entrada similar","link":""},"img":{"alt_text":"","src":"https:\/\/i0.wp.com\/www.virgendelacabezacolomera.org\/wp-content\/uploads\/2024\/11\/cropped-Imagen-de-WhatsApp-2024-11-05-a-las-11.37.48_d2525e6a.png?resize=350%2C200&ssl=1","width":350,"height":200},"classes":[]},{"id":533,"url":"https:\/\/www.virgendelacabezacolomera.org\/?page_id=533","url_meta":{"origin":76,"position":3},"title":"ENSERES","author":"admin","date":"24\/11\/2024","format":false,"excerpt":"La Cofrad\u00eda de la Virgen de la Cabeza de Colomera custodia con profundo respeto y devoci\u00f3n un valioso conjunto de enseres que forman parte esencial de su identidad, su historia y su culto. Cada uno de estos elementos no solo cumple una funci\u00f3n representativa, sino que encierra un significado espiritual\u2026","rel":"","context":"Entrada similar","block_context":{"text":"Entrada similar","link":""},"img":{"alt_text":"","src":"https:\/\/i0.wp.com\/www.virgendelacabezacolomera.org\/wp-content\/uploads\/2025\/04\/CetroCofradiadeColomera-removebg-preview-edited.png?resize=350%2C200&ssl=1","width":350,"height":200},"classes":[]},{"id":88,"url":"https:\/\/www.virgendelacabezacolomera.org\/?page_id=88","url_meta":{"origin":76,"position":4},"title":"JUNTA DE GOBIERNO","author":"admin","date":"17\/12\/2018","format":false,"excerpt":"HERMANO MAYORSantiago Mart\u00ednez Delgado VICE-HERMANO MAYORJuan Carlos Abril Esp\u00ednola SECRETARIASilvia Camarero Santos TESOREROEsteban Moreno Camarero VOCALESAntonio Almagro NievasNieves L\u00f3pez RondaPastora Cortes Jim\u00e9nezGuzm\u00e1n S\u00e1nchez Hidalgo","rel":"","context":"Entrada similar","block_context":{"text":"Entrada similar","link":""},"img":{"alt_text":"","src":"https:\/\/i0.wp.com\/www.virgendelacabezacolomera.org\/wp-content\/uploads\/2025\/04\/Documento-sin-titulo_page-0001-3-e1743972257546.jpg?resize=350%2C200&ssl=1","width":350,"height":200,"srcset":"https:\/\/i0.wp.com\/www.virgendelacabezacolomera.org\/wp-content\/uploads\/2025\/04\/Documento-sin-titulo_page-0001-3-e1743972257546.jpg?resize=350%2C200&ssl=1 1x, https:\/\/i0.wp.com\/www.virgendelacabezacolomera.org\/wp-content\/uploads\/2025\/04\/Documento-sin-titulo_page-0001-3-e1743972257546.jpg?resize=525%2C300&ssl=1 1.5x, https:\/\/i0.wp.com\/www.virgendelacabezacolomera.org\/wp-content\/uploads\/2025\/04\/Documento-sin-titulo_page-0001-3-e1743972257546.jpg?resize=700%2C400&ssl=1 2x, https:\/\/i0.wp.com\/www.virgendelacabezacolomera.org\/wp-content\/uploads\/2025\/04\/Documento-sin-titulo_page-0001-3-e1743972257546.jpg?resize=1050%2C600&ssl=1 3x"},"classes":[]},{"id":59,"url":"https:\/\/www.virgendelacabezacolomera.org\/?page_id=59","url_meta":{"origin":76,"position":5},"title":"Romer\u00eda Virgen de la Cabeza","author":"admin","date":"14\/12\/2018","format":false,"excerpt":"Nuestra Romer\u00eda La cofrad\u00eda de Colomera participa intensamente en la romer\u00eda principal de And\u00fajar el \u00faltimo fin de semana de abril, los romeros de Colomera peregrinan al Santuario de And\u00fajar, partiendo de Colomera el jueves por la ma\u00f1ana. Nuestra Romer\u00eda comienza con la misa de romeros el jueves a las\u2026","rel":"","context":"Entrada similar","block_context":{"text":"Entrada similar","link":""},"img":{"alt_text":"","src":"","width":0,"height":0},"classes":[]}],"_links":{"self":[{"href":"https:\/\/www.virgendelacabezacolomera.org\/index.php?rest_route=\/wp\/v2\/pages\/76","targetHints":{"allow":["GET"]}}],"collection":[{"href":"https:\/\/www.virgendelacabezacolomera.org\/index.php?rest_route=\/wp\/v2\/pages"}],"about":[{"href":"https:\/\/www.virgendelacabezacolomera.org\/index.php?rest_route=\/wp\/v2\/types\/page"}],"author":[{"embeddable":true,"href":"https:\/\/www.virgendelacabezacolomera.org\/index.php?rest_route=\/wp\/v2\/users\/1"}],"replies":[{"embeddable":true,"href":"https:\/\/www.virgendelacabezacolomera.org\/index.php?rest_route=%2Fwp%2Fv2%2Fcomments&post=76"}],"version-history":[{"count":16,"href":"https:\/\/www.virgendelacabezacolomera.org\/index.php?rest_route=\/wp\/v2\/pages\/76\/revisions"}],"predecessor-version":[{"id":892,"href":"https:\/\/www.virgendelacabezacolomera.org\/index.php?rest_route=\/wp\/v2\/pages\/76\/revisions\/892"}],"wp:attachment":[{"href":"https:\/\/www.virgendelacabezacolomera.org\/index.php?rest_route=%2Fwp%2Fv2%2Fmedia&parent=76"}],"curies":[{"name":"wp","href":"https:\/\/api.w.org\/{rel}","templated":true}]}}