{"id":85,"date":"2018-12-17T17:25:10","date_gmt":"2018-12-17T17:25:10","guid":{"rendered":"https:\/\/www.virgendelacabezacolomera.org\/?page_id=85"},"modified":"2025-04-06T20:57:55","modified_gmt":"2025-04-06T20:57:55","slug":"estatutos","status":"publish","type":"page","link":"https:\/\/www.virgendelacabezacolomera.org\/?page_id=85","title":{"rendered":"ESTATUTOS"},"content":{"rendered":"\n<div class=\"wp-block-cover is-light\" style=\"min-height:884px;aspect-ratio:unset;\"><span aria-hidden=\"true\" class=\"wp-block-cover__background has-background-dim\" style=\"background-color:#f5f5f5\"><\/span><img data-recalc-dims=\"1\" loading=\"lazy\" decoding=\"async\" width=\"1200\" height=\"865\" data-attachment-id=\"390\" data-permalink=\"https:\/\/www.virgendelacabezacolomera.org\/?attachment_id=390\" data-orig-file=\"https:\/\/i0.wp.com\/www.virgendelacabezacolomera.org\/wp-content\/uploads\/2024\/11\/logo-cofradia.jpg?fit=1293%2C932&amp;ssl=1\" data-orig-size=\"1293,932\" data-comments-opened=\"0\" data-image-meta=\"{&quot;aperture&quot;:&quot;0&quot;,&quot;credit&quot;:&quot;&quot;,&quot;camera&quot;:&quot;&quot;,&quot;caption&quot;:&quot;&quot;,&quot;created_timestamp&quot;:&quot;0&quot;,&quot;copyright&quot;:&quot;&quot;,&quot;focal_length&quot;:&quot;0&quot;,&quot;iso&quot;:&quot;0&quot;,&quot;shutter_speed&quot;:&quot;0&quot;,&quot;title&quot;:&quot;&quot;,&quot;orientation&quot;:&quot;1&quot;}\" data-image-title=\"logo cofradia\" data-image-description=\"\" data-image-caption=\"\" data-large-file=\"https:\/\/i0.wp.com\/www.virgendelacabezacolomera.org\/wp-content\/uploads\/2024\/11\/logo-cofradia.jpg?fit=936%2C675&amp;ssl=1\" class=\"wp-block-cover__image-background wp-image-390\" alt=\"\" src=\"https:\/\/i0.wp.com\/www.virgendelacabezacolomera.org\/wp-content\/uploads\/2024\/11\/logo-cofradia.jpg?resize=1200%2C865&#038;ssl=1\" data-object-fit=\"cover\"\/><div class=\"wp-block-cover__inner-container is-layout-flow wp-block-cover-is-layout-flow\">\n<p class=\"has-text-align-center has-large-font-size\"><strong><mark style=\"background-color:rgba(0, 0, 0, 0)\" class=\"has-inline-color has-neve-link-color-color\">ESTATUTOS DE LA REAL COFRADIA NTRA. SRA. DE LA<\/mark><\/strong><\/p>\n\n\n\n<p><\/p>\n\n\n\n<p class=\"has-text-align-center has-large-font-size\"> <strong><mark style=\"background-color:rgba(0, 0, 0, 0)\" class=\"has-inline-color has-neve-link-color-color\">CABEZA DE COLOMERA (GRANADA)<\/mark><\/strong><\/p>\n<\/div><\/div>\n\n\n\n<div style=\"height:86px\" aria-hidden=\"true\" class=\"wp-block-spacer\"><\/div>\n\n\n\n<p><strong><em>INTRODUCCION<\/em><\/strong><\/p>\n\n\n\n<p>La Real Cofrad\u00eda de la Sant\u00edsima Virgen de la Cabeza de Colomera, se fund\u00f3 en fecha incierta a\u00fan no documentada, aunque se podr\u00eda hacer referencia al siglo XVI o incluso anterior, fecha en la que se documenta, por ahora, la referencia documental m\u00e1s antigua sobre la existencia de la Cofrad\u00eda.<\/p>\n\n\n\n<p>Seg\u00fan la tradici\u00f3n, esta Cofrad\u00eda entronca su origen con la experiencia de fe, que, por la gracia de Dios, tuvo el Pastor de Colomera, Juan Alonso Rivas, de la Virgen Mar\u00eda, Madre de Dios, hacia el 12 de agosto del a\u00f1o de 1227, en la Sierra del Cabezo de And\u00fajar (Ja\u00e9n).<\/p>\n\n\n\n<p><strong><em>CAPITULO I. TITULO, NATURALEZA, FINES Y SEDE SOCIAL DE LA COFRAD\u00cdA<\/em><\/strong><\/p>\n\n\n\n<p><strong>Art.1&nbsp;&nbsp; TITULO DE LA COFRAD\u00cdA<\/strong><\/p>\n\n\n\n<p>Real, Muy Antigua, Ilustre, Fiel, Fervorosa y Venerable Cofrad\u00eda de Nuestra Se\u00f1ora de la Cabeza de Colomera.<\/p>\n\n\n\n<p>Esta Cofrad\u00eda se rige por las disposiciones del C\u00f3digo de Derecho Can\u00f3nico, por el Derecho Particular y por los presentes Estatutos.<\/p>\n\n\n\n<p><strong>Art. 2&nbsp;&nbsp;&nbsp; NATURALEZA<\/strong><\/p>\n\n\n\n<p>La Cofrad\u00eda ha sido erigida como Asociaci\u00f3n P\u00fablica de la Iglesia Cat\u00f3lica por decreto de Sr. Arzobispo de Granada con fecha 6 de junio de 1989. (can.313).<\/p>\n\n\n\n<p>Su misi\u00f3n es, por tanto, la de la Iglesia: llevar a los hombres el mensaje de Salvaci\u00f3n que Cristo vino a traer a la tierra, y ofrecerlo a los hermanos con un esp\u00edritu de servicio total, como \u00c9l lo hizo.<\/p>\n\n\n\n<p><strong>Art.3 FINES<\/strong><\/p>\n\n\n\n<p>La Cofrad\u00eda tiene los siguientes fines: el culto p\u00fablico a su Titular la Virgen de la Cabeza, la Confraternidad de sus miembros y el ejercicio de la caridad.<\/p>\n\n\n\n<p>Para conseguir estos fines, la Cofrad\u00eda ayudar\u00e1 a sus miembros, entre otras cosas, a:<\/p>\n\n\n\n<ol class=\"wp-block-list\">\n<li>Fomentar el esp\u00edritu de conversi\u00f3n personal y una vida cristiana m\u00e1s profunda.<\/li>\n\n\n\n<li>Avanzar en una formaci\u00f3n cristiana que responda a las necesidades actuales y a la necesaria integridad de fe y costumbres.<\/li>\n\n\n\n<li>Asumir con esp\u00edritu misionero los compromisos apost\u00f3licos, sociales y caritativos que en el campo familiar, profesional y social debe desarrollar un cat\u00f3lico consciente, dentro de la Pastoral Diocesana y Parroquial.<\/li>\n<\/ol>\n\n\n\n<p><strong>Art.4 SEDE Y DOMICILIO SOCIAL<\/strong><\/p>\n\n\n\n<ol class=\"wp-block-list\">\n<li>La Cofrad\u00eda tiene su sede can\u00f3nica en la Iglesia Parroquial de Ntra. Sra. de la Encarnaci\u00f3n, y su domicilio social en la Casa Parroquial de la Calle del Oro, N\u00fam.3 de Colomera.<\/li>\n\n\n\n<li>La Junta de Gobierno puede determinar el cambio de domicilio social, con la obligaci\u00f3n de comunicar el cambio al Ordinario del lugar.<\/li>\n<\/ol>\n\n\n\n<p><strong>Art.5 SIGNOS DISTINTIVOS<\/strong><\/p>\n\n\n\n<p>Las INSIGNIAS de la Cofrad\u00eda son:<\/p>\n\n\n\n<ul class=\"wp-block-list\">\n<li>CETRO DEL HERMANO MAYOR<\/li>\n\n\n\n<li>CETRO DE LA HERMANA MAYOR<\/li>\n\n\n\n<li>B\u00c1CULOS (resto de la Directiva)<\/li>\n\n\n\n<li>ESTANDARTE: de terciopelo azul, bordado en hilo de oro, en el centro la Imagen de la Aparici\u00f3n de la Virgen Mar\u00eda al Pastor Juan Alonso Rivas.<\/li>\n\n\n\n<li>GUI\u00d3N DE CAMINO<\/li>\n\n\n\n<li>BANDERAS<\/li>\n\n\n\n<li>MEDALLAS<\/li>\n\n\n\n<li>BANDAS<\/li>\n<\/ul>\n\n\n\n<p>Estos signos distintivos no podr\u00e1n ser entregados m\u00e1s que a los miembros de la Cofrad\u00eda.<\/p>\n\n\n\n<p><strong><em>CAPITULO II. MIEMBROS DE LA COFRAD\u00cdA<\/em><\/strong><\/p>\n\n\n\n<p><strong>Art.6<\/strong><\/p>\n\n\n\n<ol class=\"wp-block-list\">\n<li>Podr\u00e1n ser miembros de la Cofrad\u00eda todos los fieles que lo soliciten, siempre que cumplan los deberes comunes a todos los cat\u00f3licos y se comprometan a observar los propios de la Cofrad\u00eda.<\/li>\n\n\n\n<li>En ning\u00fan caso podr\u00e1n admitirse los que hayan abandonado la Fe cat\u00f3lica p\u00fablicamente, se hayan apartado de la comuni\u00f3n eclesi\u00e1stica o hayan incurrido en excomuni\u00f3n impuesta o declarada. (cf. Can. 316,1).<\/li>\n\n\n\n<li>Es competencia de la Junta de Gobierno la admisi\u00f3n de nuevos miembros de la Cofrad\u00eda.<\/li>\n\n\n\n<li>Junto con la solicitud de admisi\u00f3n los aspirantes presentar\u00e1n partida de bautismo y matrimonio can\u00f3nico, en su caso.<\/li>\n<\/ol>\n\n\n\n<p><strong>Art.7 <\/strong><\/p>\n\n\n\n<p>Los Cofrades pueden ser: ACTIVOS; ASOCIADOS y HONORARIOS.<\/p>\n\n\n\n<p><strong>Art.&nbsp; 8 COFRADES ACTIVOS<\/strong><\/p>\n\n\n\n<p>Los Cofrades activos son aquellos que, siendo mayores de edad, se comprometen a asumir todos los fines de la Cofrad\u00eda y las obligaciones establecidas en estos Estatutos.<\/p>\n\n\n\n<p>Se distinguir\u00e1n por:<\/p>\n\n\n\n<ol class=\"wp-block-list\">\n<li>Su clara adhesi\u00f3n a la Fe cat\u00f3lica y al magisterio de la Iglesia que la interpreta y la proclama.<\/li>\n\n\n\n<li>Su empe\u00f1o en realizar una \u00edntima unidad entre su Fe cristiana y su vida.<\/li>\n\n\n\n<li>Su comuni\u00f3n con el Obispo Diocesano en cuanto \u201cPrincipio y Fundamento visible de la unidad en la Iglesia particular\u201d.<\/li>\n\n\n\n<li>Disponibilidad para colaborar con las dem\u00e1s asociaciones y movimientos, nacidos en virtud del pluralismo asociativo que la Iglesia reconoce y fomenta.<\/li>\n<\/ol>\n\n\n\n<p><strong>Art.9 DERECHOS Y DEBERES DE LOS COFRADES ACTIVOS<\/strong><\/p>\n\n\n\n<p>Los Cofrades ACTIVOS tienen los siguientes <strong>derechos<\/strong>:<\/p>\n\n\n\n<ol class=\"wp-block-list\">\n<li>Voz y voto en los Cabildos Generales.<\/li>\n\n\n\n<li>Ser electores y elegibles, con las \u00fanicas limitaciones que se se\u00f1alen en los Estatutos.<\/li>\n\n\n\n<li>Participar en todas las actividades organizadas por la Cofrad\u00eda.<\/li>\n\n\n\n<li>Utilizar las insignias o distintivos propios de la Cofrad\u00eda, como derecho exclusivo de los miembros.<\/li>\n<\/ol>\n\n\n\n<p>Entre las principales <strong>obligaciones y deberes<\/strong> se se\u00f1alan:<\/p>\n\n\n\n<ol class=\"wp-block-list\">\n<li>Participar en los cultos que organice la Cofrad\u00eda, tanto de car\u00e1cter peri\u00f3dico como eventual.<\/li>\n\n\n\n<li>Asistir a los Cabildos Generales.<\/li>\n\n\n\n<li>Aceptar los cargos para los que sea elegido o designado, salvo razones objetivas que a juicio del Consejo Parroquial justifiquen lo contrario.<\/li>\n\n\n\n<li>Asistir con regularidad a las sesiones de formaci\u00f3n programadas y organizadas por la vocal\u00eda y el consiliario.<\/li>\n\n\n\n<li>Participar en las actividades de tipo caritativo o apost\u00f3lico que organice la Cofrad\u00eda, de acuerdo con sus propios fines.<\/li>\n\n\n\n<li>Seguir, secundar y defender las directrices emanadas de la autoridad eclesi\u00e1stica competente.<\/li>\n\n\n\n<li>Colaborar activamente en la Pastoral Parroquial y Diocesana siguiendo las directrices del P\u00e1rroco y del Obispo.<\/li>\n\n\n\n<li>Abonar las cuotas correspondientes.<\/li>\n<\/ol>\n\n\n\n<p><strong>Art.10 COFRADES ASOCIADOS<\/strong><\/p>\n\n\n\n<p>Son Cofrades ASOCIADOS:<\/p>\n\n\n\n<ol class=\"wp-block-list\">\n<li>Los menores de edad.<\/li>\n\n\n\n<li>Todos aquellos fieles que deseen pertenecer a la Cofrad\u00eda y no pueden asumir todos los fines y obligaciones de los Cofrades activos, pero se comprometen a tomar parte en los actos p\u00fablicos y en algunas actividades de la Cofrad\u00eda.<\/li>\n<\/ol>\n\n\n\n<p><strong>Art.11 DERECHOS Y DEBERES DE LOS COFRADES ASOCIADOS<\/strong><\/p>\n\n\n\n<p>Los <strong>derechos<\/strong> de los Cofrades ASOCIADOS son:<\/p>\n\n\n\n<ol class=\"wp-block-list\">\n<li>Participar en los cultos que organice la Cofrad\u00eda, de car\u00e1cter peri\u00f3dico o eventual.<\/li>\n\n\n\n<li>Asistir a las sesiones de formaci\u00f3n organizadas por la vocal\u00eda y el Consiliario.<\/li>\n\n\n\n<li>Colaborar en las actividades de tipo caritativo o apost\u00f3lico que organice la Cofrad\u00eda, de acuerdo con sus fines propios.<\/li>\n\n\n\n<li>Usar las insignias propias de la Cofrad\u00eda. <\/li>\n<\/ol>\n\n\n\n<p>Las <strong>obligaciones<\/strong> de los Cofrades ASOCIADOS son:<\/p>\n\n\n\n<ol class=\"wp-block-list\">\n<li>Cultivar a nivel personal y familiar la piedad cristiana y las devociones propias de la Cofrad\u00eda.<\/li>\n\n\n\n<li>Participar en la procesi\u00f3n o estaci\u00f3n de penitencia, si no lo impide una causa grave.<\/li>\n\n\n\n<li>Pagar la cuota asignada a Cofrades ASOCIADOS.<\/li>\n<\/ol>\n\n\n\n<p><strong>Art.12 COFRADES HONORARIOS<\/strong><\/p>\n\n\n\n<p>Podr\u00e1n ser Cofrades HONORARIOS aquellas personas f\u00edsicas, que reuniendo las condiciones del Art. 6, merezcan, a juicio del Cabildo General, dicho honor por su ayuda espiritual o material a la Cofrad\u00eda.<\/p>\n\n\n\n<p><strong>Art.13 MIEMBROS ELECTORES<\/strong><\/p>\n\n\n\n<p>En las elecciones previstas en los presentes Estatutos son ELECTORES todos los Cofrades ACTIVOS.<\/p>\n\n\n\n<p><strong>Art.14 MIEMBROS ELEGIBLES<\/strong><\/p>\n\n\n\n<p>Los cargos de responsabilidad dentro de la Cofrad\u00eda, tales como Hermano Mayor y miembros de la Junta de Gobierno, deber\u00e1n ser ocupados por aquellos Cofrades que se distingan por su vida cristiana personal, familiar y social, as\u00ed como por su vocaci\u00f3n apost\u00f3lica. Ellos deben dar ejemplo y ser est\u00edmulo para los dem\u00e1s Cofrades y Hermanos, participando cada domingo en la celebraci\u00f3n de la Eucarist\u00eda, recibiendo con frecuencia el Sacramento de la Penitencia, siendo esposos y padres ejemplares. <\/p>\n\n\n\n<p>Son miembros ELEGIBLES los Cofrades ACTIVOS que re\u00fanan estas condiciones:<\/p>\n\n\n\n<ol class=\"wp-block-list\">\n<li>Ser Cofrade ACTIVO con tres a\u00f1os de antig\u00fcedad como m\u00ednimo.<\/li>\n\n\n\n<li>Tener domicilio en la Di\u00f3cesis, adquirido conforme a lo dispuesto en el can. 102,1 salvo que el Ordinario determine otra cosa.<\/li>\n\n\n\n<li>No pertenecer a la Junta de Gobierno de otra Cofrad\u00eda o Hermandad.<\/li>\n\n\n\n<li>En el caso de Hermano Mayor, adem\u00e1s de lo anterior, se tendr\u00e1 en cuenta lo preceptuado en el can. 317,4.<\/li>\n<\/ol>\n\n\n\n<p><strong>Art.15 DURACI\u00d3N DE LOS CARGOS<\/strong><\/p>\n\n\n\n<ol class=\"wp-block-list\">\n<li>Los cargos Directivos lo son para cuatro a\u00f1os.<\/li>\n\n\n\n<li>El Hermano Mayor podr\u00e1 ser nombrado para otro per\u00edodo m\u00e1ximo de cuatro a\u00f1os, salvo que el Consiliario determine otra cosa. Para poder ser nombrado de nuevo se requiere una interrupci\u00f3n de cuatro a\u00f1os.<\/li>\n\n\n\n<li>Los restantes cargos podr\u00e1n ser designados sucesivamente para nuevos per\u00edodos, salvo que el Ordinario determine otra cosa.<\/li>\n<\/ol>\n\n\n\n<p><strong>Art.16 CESE DE LOS COFRADES<\/strong><\/p>\n\n\n\n<p>Los Cofrades causan baja en la Cofrad\u00eda:<\/p>\n\n\n\n<ol class=\"wp-block-list\">\n<li>A petici\u00f3n propia.<\/li>\n\n\n\n<li>Por incumplimiento reiterado o injustificado de las obligaciones contenidas en estos Estatutos, si despu\u00e9s de ser amonestados por la persona que designe la Junta de Gobierno, no rectifica la conducta.<\/li>\n\n\n\n<li>Por rechazar p\u00fablicamente la fe cat\u00f3lica o apartarse de la Comuni\u00f3n eclesial, o encontrarse condenado por excomuni\u00f3n impuesta o declarada, previa amonestaci\u00f3n y persistencia en las causas de que se trate. (cf. Can. 316,1)<\/li>\n\n\n\n<li>Por falta de pago en las cuotas.<\/li>\n\n\n\n<li>Adem\u00e1s del Ordinario, puede tambi\u00e9n la Junta de Gobierno, en sesi\u00f3n Ordinaria o Extraordinaria, y siempre con asistencia del Consiliario, declarar cu\u00e1ndo un miembro ha perdido su condici\u00f3n de Cofrade, de acuerdo con los p\u00e1rrafos anteriores.<\/li>\n<\/ol>\n\n\n\n<p><strong><em>CAPITULO III. \u00d3RGANOS DE GOBIERNO<\/em><\/strong><\/p>\n\n\n\n<p><strong>Art.17.1.&nbsp; \u00d3RGANOS DE GOBIERNO<\/strong><\/p>\n\n\n\n<p>Los \u00d3rganos de Gobierno de la Cofrad\u00eda son el Cabildo General y la Junta de Gobierno.<\/p>\n\n\n\n<p><strong>Art.17.2.&nbsp; EL CABILDO GENERAL<\/strong><\/p>\n\n\n\n<p>El Cabildo General estar\u00e1 constituido por los Hermanos ACTIVOS. Para su constituci\u00f3n se requiere mayor\u00eda absoluta en primera convocatoria. En segunda convocatoria se constituye con los asistentes.<\/p>\n\n\n\n<p><strong>Art.18 FUNCIONES DEL CABILDO GENERAL<\/strong><\/p>\n\n\n\n<p>Son funciones del Cabildo General:<\/p>\n\n\n\n<ol class=\"wp-block-list\">\n<li>Conocer, aprobar y evaluar el Plan Pastoral de cada curso, as\u00ed como los restantes<br>proyectos de la Cofrad\u00eda, a propuesta de la Junta de Gobierno.<\/li>\n\n\n\n<li>Participar en la elecci\u00f3n de Hermano Mayor, seg\u00fan lo dispuesto en los presentes Estatutos.<\/li>\n\n\n\n<li>Aprobar el balance final de cuentas de cada ejercicio, el presupuesto ordinario de cada a\u00f1o, los posibles presupuestos para gastos extraordinarios y las propuestas enajenaciones; estos balances, presupuestos y propuestas los presentar\u00e1, a tenor del Art. 33, j), el Hermano Mayor al Ordinario, quien podr\u00e1 confirmarlos o rechazarlos.<\/li>\n\n\n\n<li>Fijar las cuotas obligatorias de los hermanos.<\/li>\n\n\n\n<li>Designar dos consejeros de asuntos econ\u00f3micos, a propuesta del Hermano Mayor (cf. Can.1280).<\/li>\n\n\n\n<li>Proponer la modificaci\u00f3n de Estatutos para su aprobaci\u00f3n, seg\u00fan las normas del derecho (can. 314).<\/li>\n\n\n\n<li>Aceptar las donaciones que se reciban, previa licencia del Ordinario en su caso (can.1267).<\/li>\n\n\n\n<li>Solicitar la autorizaci\u00f3n del Ordinario para realizar las cuestaciones que sean acordadas en Cabildo General.<\/li>\n\n\n\n<li>Aprobar los reglamentos de r\u00e9gimen interno y la constituci\u00f3n de comisiones de trabajo para la ejecuci\u00f3n de los acuerdos tomados.<\/li>\n<\/ol>\n\n\n\n<p><strong>Art.19 PERIODICIDAD DE LAS REUNIONES DEL CABILDO GENERAL<\/strong><\/p>\n\n\n\n<ol class=\"wp-block-list\">\n<li>El Cabildo General se reunir\u00e1 con car\u00e1cter ordinario, al menos tres veces al a\u00f1o.<\/li>\n\n\n\n<li>Tambi\u00e9n se reunir\u00e1 con car\u00e1cter extraordinario:\n<ul class=\"wp-block-list\">\n<li>Cuando lo estime conveniente el Ordinario<\/li>\n\n\n\n<li>A propuesta del Hermano Mayor o del Consiliario.<\/li>\n\n\n\n<li>A petici\u00f3n, por escrito, de al menos un tercio de los Hermanos ACTIVOS.<\/li>\n\n\n\n<li>En el supuesto de modificaci\u00f3n de Estatutos.<\/li>\n<\/ul>\n<\/li>\n<\/ol>\n\n\n\n<p><strong>Art.20 ACUERDOS EN EL CABILDO GENERAL<\/strong><\/p>\n\n\n\n<p>Para la adopci\u00f3n de acuerdos se requerir\u00e1 en primera votaci\u00f3n, mayor\u00eda absoluta de los asistentes y en segunda votaci\u00f3n, mayor\u00eda simple. En caso de empate se decide el voto de calidad de Hermano Mayor.<\/p>\n\n\n\n<p>La modificaci\u00f3n de Estatutos debe ser aprobada por el Cabildo General en un \u00fanico escrutinio v\u00e1lido con la mayor\u00eda de dos tercios de los votos. Esas modificaciones tienen que ser sometidas despu\u00e9s a la aprobaci\u00f3n del Ordinario del lugar. <\/p>\n\n\n\n<p><strong>Art.21 JUNTA DE GOBIERNO<\/strong><\/p>\n\n\n\n<p>Componen la Junta de Gobierno el Hermano Mayor, el Vice- Hermano Mayor, el Secretario, el ec\u00f3nomo y los vocales. Todos ellos tienen voz y voto. Siempre debe ser convocado a la Junta de Gobierno el Consiliario que no tiene voto, pero s\u00ed voz, conforme al Art. 30.<\/p>\n\n\n\n<p><strong>Art.22 NOMBRAMIENTO DE LOS CARGOS<\/strong><\/p>\n\n\n\n<p>Los cargos de la Junta de Gobierno, a excepci\u00f3n del Consiliario, ser\u00e1n propuestos por el Hermano Mayor al Ordinario para su confirmaci\u00f3n, si procede. Esta propuesta ir\u00e1 firmada por el Hermano Mayor y por el Consiliario.<\/p>\n\n\n\n<p><strong>Art.23 CESE DE LOS CARGOS<\/strong><\/p>\n\n\n\n<p>Los miembros de la Junta de Gobierno, una vez confirmados por el Ordinario, no podr\u00e1n ser cesados sin la autorizaci\u00f3n expresa del mismo.<\/p>\n\n\n\n<p><strong>Art.24 FUNCIONES DE LA JUNTA DE GOBIERNO<\/strong><\/p>\n\n\n\n<p>Corresponde a la Junta de Gobierno:<\/p>\n\n\n\n<ol class=\"wp-block-list\">\n<li>Elaborar un plan general de actuaci\u00f3n y reglamentaci\u00f3n para su presentaci\u00f3n y aprobaci\u00f3n del Cabildo General, sin perjuicio de las normas de estos Estatutos, y en el que se recoja lo que sea m\u00e1s oportuno y conveniente para el cumplimiento de los fines, desarrollo y progreso de la Cofrad\u00eda. Cada nueva Junta de Gobierno debe elaborar o ratificar un plan general de actuaci\u00f3n y reglamentaci\u00f3n.<\/li>\n\n\n\n<li>Acordar la convocatoria de las reuniones ordinarias y extraordinarias del Cabildo General.<\/li>\n\n\n\n<li>Acordar las directrices para que el ec\u00f3nomo elabore los presupuestos anuales y extraordinarios, as\u00ed como las propuestas de enajenaci\u00f3n.<\/li>\n\n\n\n<li>Nombrar los dos consejeros de asuntos econ\u00f3micos.<\/li>\n\n\n\n<li>Examinar el balance final de cada ejercicio y el presupuesto ordinario del ejercicio siguiente y los posibles presupuestos extraordinarios y propuestas de enajenaciones, que deban presentarse al Cabildo General para su aprobaci\u00f3n y posterior presentaci\u00f3n ante el Ordinario. <\/li>\n\n\n\n<li>De las consecuencias de cualquier tipo derivadas de actos de administraci\u00f3n extraordinaria realizados por la Junta de Gobierno sin las debidas autorizaciones, responder\u00e1n solidariamente frente a los perjudicados todos los miembros de la Junta de Gobierno, excepci\u00f3n hecha de aquellos cuya oposici\u00f3n consta documentalmente. Si el acto fue realizado por uno o varios miembros de la Junta sin contar con el resto, el actor o actores responder\u00e1n personal o solidariamente.<\/li>\n\n\n\n<li>Admitir a los miembros que piden incorporarse a la Cofrad\u00eda.<\/li>\n\n\n\n<li>Declarar si se dan las condiciones para que un Hermano cese como tal, a tenor de los presentes Estatutos.<\/li>\n\n\n\n<li>Asesorar al Hermano Mayor y colaborar con \u00e9l.<\/li>\n\n\n\n<li>Solicitar licencia del Ordinario para iniciar un litigio o contestar a una demanda en el fuero civil.<\/li>\n\n\n\n<li>Organizar todos aquellos actos que se consideren convenientes en orden a fomentar una vida cristiana m\u00e1s perfecta y a la formaci\u00f3n de sus miembros para el ejercicio del apostolado.<\/li>\n\n\n\n<li>Preparar con la mayor diligencia todos aquellos actos necesarios para llevar a cabo el culto a la Virgen Mar\u00eda, Madre de Dios, en advocaci\u00f3n de Ntra. Sra. de La Cabeza.<\/li>\n<\/ol>\n\n\n\n<p><strong>Art.25 PERIODICIDAD DE LAS REUNIONES DE LA JUNTA DE GOBIERNO<\/strong><\/p>\n\n\n\n<p>La Junta de Gobierno se reunir\u00e1 con car\u00e1cter ordinario una vez al mes.<\/p>\n\n\n\n<p>Podr\u00e1n convocarla, con\ncar\u00e1cter extraordinario, el Consiliario, el Hermano Mayor o a propuesta de dos\ntercios de los componentes. <\/p>\n\n\n\n<p><strong>Art.26 LAS REUNIONES DE LA JUNTA DE GOBIERNO<\/strong><\/p>\n\n\n\n<p>Para la constituci\u00f3n v\u00e1lida de la Junta de Gobierno, se requiere que asista la mayor\u00eda absoluta de sus miembros, y para que los acuerdos sean igualmente v\u00e1lidos se requiere la aprobaci\u00f3n de la mayor\u00eda absoluta de los asistentes.<\/p>\n\n\n\n<p><strong><em>CAPITULO IV. CARGOS DIRECTIVOS<\/em><\/strong><\/p>\n\n\n\n<p><strong>Art.27 EL CONSILIARIO<\/strong><\/p>\n\n\n\n<p>El consiliario de la Cofrad\u00eda,\ncomo maestro, sacerdote y pastor, tiene la misi\u00f3n de alimentar, con el anuncio\ndel Evangelio y la administraci\u00f3n de los sacramentos, la vida espiritual y el\nsentido apost\u00f3lico de los Cofrades, de modo que estos se encuentren con el\nSe\u00f1or y sean capaces de tratar y ordenar, seg\u00fan Dios, los asuntos temporales (cf.\nVaticano II, Constituci\u00f3n Lumen gentium, 31; Sinodo Diocesanto,1133).<\/p>\n\n\n\n<p><strong>Art.28<\/strong><\/p>\n\n\n\n<p>Al comienzo de cada curso, ayudara\na los Cofrades para que se purifiquen las adherencias no evang\u00e9licas, reorientando\napost\u00f3licamente el esp\u00edritu y actividades. Igualmente debe promover la unidad\ndentro de la cofrad\u00eda y las relaciones de esta con otras y con la Iglesia (cf. Vaticano\nII, Decreto Apostolicam actuositatem, 25).<\/p>\n\n\n\n<p><strong>Art.29<\/strong><\/p>\n\n\n\n<p>El Consiliario es nombrado\npor el Ordinario, conforme a las normas del derecho (can.317, 1). Cuando el\nordinario no haya provisto de otra forma, el Consiliario ser\u00e1 el p\u00e1rroco en\ncuya demarcaci\u00f3n este sita la sede de la Cofrad\u00eda. En el supuesto de no ser\np\u00e1rroco debe conectar con la programaci\u00f3n pastoral de la parroquia. (can.517; s\u00ednodo\ndiocesano, 1195).<\/p>\n\n\n\n<p><strong>Art.30<\/strong><\/p>\n\n\n\n<p>El consiliario tiene derecho\na participar en todas las reuniones del cabildo general y de la junta de\ngobierno.<\/p>\n\n\n\n<p>En las reuniones tendr\u00e1 derecho a voz, pero\nsin voto, salvo el derecho al veto en lo referente a la fe y las costumbres.<\/p>\n\n\n\n<p>En cumplimiento de su misi\u00f3n, asesorar\u00e1 a\nlos \u00f3rganos de gobierno de la Cofrad\u00eda, cuidando del cumplimiento de los Estatutos\ny de las disposiciones emanadas del Ordinario.<\/p>\n\n\n\n<p><strong>Art.31<\/strong><\/p>\n\n\n\n<p>Prestar\u00e1 una especial\natenci\u00f3n, en estrecha colaboraci\u00f3n con la Junta de Gobierno y Vocal\u00eda de\nFormaci\u00f3n, a los miembros m\u00e1s j\u00f3venes de la Cofrad\u00eda. (cf. Normas para la\nrenovaci\u00f3n cristiana de las hermandades y cofrad\u00edas\u2026 (1993,1.4; S\u00ednodo\nDiocesano,1187)<\/p>\n\n\n\n<p><strong>Art.32 EL HERMANO MAYOR<\/strong><\/p>\n\n\n\n<p>\u201cPara ser candidato a Hermano\nMayor se requiere una especial ejemplaridad de vida y costumbres, una afectuosa\nrelaci\u00f3n con la Iglesia y sus pastores, as\u00ed como un conocimiento de la\nprogramaci\u00f3n pastoral diocesana y parroquial\u201d (Normas para la renovaci\u00f3n\ncristiana de las hermandades y cofrad\u00edas\u2026,(1993)1.3 b).<\/p>\n\n\n\n<p>El Hermano Mayor, en cuya elecci\u00f3n no\ndebe contar nunca el criterio del poder&nbsp;\no de la influencia social, deber\u00e1 ser reconocido especialmente por su\nsentido cristiano y eclesial, cuidando que la Cofrad\u00eda este coordinada y\ncolabore con la parroquia y la di\u00f3cesis, as\u00ed como con las dem\u00e1s cofrad\u00edas, y\npreocup\u00e1ndose de la formaci\u00f3n cristiana integral de los hermanos y\nsingularmente de los m\u00e1s j\u00f3venes a los que se debe especial atenci\u00f3n. (cf. Normas\npara la renovaci\u00f3n cristiana de las hermandades y cofrad\u00edas\u2026,(1993),1.4).<\/p>\n\n\n\n<p>El Hermano Mayor estar\u00e1 al frente de la Cofrad\u00eda,\ncon todas sus atribuciones, derechos y deberes, desde el momento en que es\nnombrado o confirmado como tal, mediante notificaci\u00f3n escrita, por el ordinario\nde la di\u00f3cesis (can. 317 ,1).<\/p>\n\n\n\n<p><strong>Art.33 FUNCIONES DEL HERMANO MAYOR<\/strong><\/p>\n\n\n\n<p>Las funciones del Hermano Mayor son las\nsiguientes:<\/p>\n\n\n\n<ol class=\"wp-block-list\">\n<li>Convocar, presidir y moderar las reuniones del Cabildo General y de la Junta de Gobierno.<\/li>\n\n\n\n<li>Proponer al cabildo general los planes de actuaci\u00f3n de la Cofrad\u00eda.<\/li>\n\n\n\n<li>Proponer al cabildo general dos consejeros de asuntos econ\u00f3micos.<\/li>\n\n\n\n<li>Presentar al Cabildo General el estado de cuentas, los presupuestos ordinarios y extraordinarios y propuestas de enajenaciones.<\/li>\n\n\n\n<li>Coordinar las distintas vocal\u00edas.<\/li>\n\n\n\n<li>Representar oficialmente a la hermandad\/cofrad\u00eda.<\/li>\n\n\n\n<li>Cumplir y hacer cumplir los estatutos.<\/li>\n\n\n\n<li>Proponer al ordinario los cargos directivos de la Cofrad\u00eda.<\/li>\n\n\n\n<li>Cuidar debidamente de los bienes de la Cofrad\u00eda.<\/li>\n\n\n\n<li>Presentar anualmente el balance final de cuentas de cada ejercicio, los presupuestos, ordinario y extraordinario, al Ordinario Diocesano y velar para que se cumplan todas las normas tanto de derecho general como particular en materia econ\u00f3mica.<\/li>\n\n\n\n<li>Velar por el cumplimiento de todo tipo de acuerdos tomados.<\/li>\n\n\n\n<li>Colaborar con el Consiliario para el cumplimiento de sus tareas.<\/li>\n\n\n\n<li>Adoptar resoluciones urgentes en caso de no poder reunirse la Junta de Gobierno por causas debidamente justificadas, debiendo dar cuenta de su actuaci\u00f3n en la primera reuni\u00f3n que se celebre, y s\u00f3lo en asuntos de la competencia de \u00e9sta.<\/li>\n<\/ol>\n\n\n\n<p><strong>Art.34&nbsp; <\/strong><\/p>\n\n\n\n<p>El Hermano Mayor es nombrado por el Ordinario diocesano (can. 317). Este nombramiento puede hacerse por designaci\u00f3n directa o por confirmaci\u00f3n del elegido o propuesto por el Cabildo General.<\/p>\n\n\n\n<p><strong>Art.35<\/strong><\/p>\n\n\n\n<p>El Hermano Mayor ejerciente comunicar\u00e1 al Ordinario la finalizaci\u00f3n de su mandato tres meses antes de la terminaci\u00f3n del mismo. Si transcurrido un mes el Ordinario no dispone otra cosa, se iniciar\u00e1 el proceso de elecci\u00f3n seg\u00fan disponen los presentes Estatutos.<\/p>\n\n\n\n<p><strong>Art.36<\/strong><\/p>\n\n\n\n<p>Para la elecci\u00f3n de Hermano Mayor se citar\u00e1 a Cabildo General, en sesi\u00f3n extraordinaria, a todos los Cofrades con derecho a voto, al menos, con un mes de antelaci\u00f3n. Durante tres semanas la Junta de Gobierno recibir\u00e1 las candidaturas que los Cofrades deseen presentar.<\/p>\n\n\n\n<p><strong>Art.37<\/strong><\/p>\n\n\n\n<p>Para la constituci\u00f3n de este\nCabildo General se requiere la presencia, en primera convocatoria, de la\nmayor\u00eda absoluta de los convocados y en segunda convocatoria basta con los\nasistentes.<\/p>\n\n\n\n<p><strong>Art.38<\/strong><\/p>\n\n\n\n<p>Para que la elecci\u00f3n sea\nv\u00e1lida se requiere, en primera votaci\u00f3n, mayor\u00eda absoluta de los asistentes y\nen segunda votaci\u00f3n, mayor\u00eda simple. Las votaciones ser\u00e1n siempre secretas. Se\nhar\u00e1 votaci\u00f3n, aunque hubiese solamente una candidatura.<\/p>\n\n\n\n<p><strong>Art.39<\/strong><\/p>\n\n\n\n<p>En caso de empate, se tendr\u00e1\npor elegido el de mayor antig\u00fcedad en la Cofrad\u00eda. Las dificultades que se\npuedan presentar ser\u00e1n resueltas conforme a los c\u00e1nones 164 \u2013 179.<\/p>\n\n\n\n<p><strong>Art.40<\/strong><\/p>\n\n\n\n<p>Podr\u00e1 ser elegido cualquier Cofrade ACTIVO, aunque no haya presentado candidatura (cf. Art. 9.2 c).<\/p>\n\n\n\n<p><strong>Art.41 EL VICE \u2013 HERMANO MAYOR<\/strong><\/p>\n\n\n\n<p>Las funciones que le\ncorresponden al Vice-Hermano Mayor son:<\/p>\n\n\n\n<ol class=\"wp-block-list\">\n<li>Sustituir al Hermano Mayor en los casos de ausencias leg\u00edtimas.<\/li>\n\n\n\n<li>Asumir las funciones de Hermano Mayor cuando \u00e9ste cesa antes de finalizar su mandato, si el Ordinario no determina otra cosa.<\/li>\n\n\n\n<li>Ayudar al Hermano Mayor en el desempe\u00f1o de sus funciones ordinarias.<\/li>\n<\/ol>\n\n\n\n<p><strong>Art.42 EL SECRETARIO DE LA COFRADIA<\/strong><\/p>\n\n\n\n<p>Las funciones del Secretario de la Cofrad\u00eda son:<\/p>\n\n\n\n<ol class=\"wp-block-list\">\n<li>Levantar acta de las reuniones y hacer las comunicaciones pertinentes.<\/li>\n\n\n\n<li>Tramitar todo lo relacionado con la correspondencia, citaciones y documentaci\u00f3n de la Cofrad\u00eda, as\u00ed como la custodia y conservaci\u00f3n del archivo, en especial de los libros de actas y registro de Cofrades. Todo esto se conservar\u00e1 en la sede can\u00f3nica o en casa hermandad.<\/li>\n\n\n\n<li>Llevar al d\u00eda el registro de Hermanos, en el que constar\u00e1 la fecha de altas y bajas.<\/li>\n\n\n\n<li>Publicar, con suficiente antelaci\u00f3n, las candidaturas presentadas v\u00e1lidamente.<\/li>\n\n\n\n<li>Realizar las funciones que le encarguen o deleguen el Hermano Mayor y los asuntos que el encomiende el Consiliario.<\/li>\n\n\n\n<li>Realizar y mantener actualizado el cat\u00e1logo de todos los fondos documentales de la Cofrad\u00eda. Copia de este cat\u00e1logo se entregar\u00e1 en la Secretar\u00eda General del Arzobispado, debiendo comunicar posteriormente las variaciones que se produzcan.<\/li>\n<\/ol>\n\n\n\n<p><strong>Art. 43 EL VICE \u2013 SECRETARIO<\/strong><\/p>\n\n\n\n<p>Ayudar\u00e1 al Secretario en los asuntos que \u00e9ste le encomiende y lo sustituir\u00e1 en caso de ausencia o enfermedad.<\/p>\n\n\n\n<p><strong>Art.44 EL EC\u00d3NOMO<\/strong><\/p>\n\n\n\n<ol class=\"wp-block-list\">\n<li>Al Ec\u00f3nomo corresponde llevar a cabo los actos encaminados a la conservaci\u00f3n y mejora del patrimonio econ\u00f3mico, a la producci\u00f3n y empleo de sus frutos y rentas, y aquellos otros mediante los cuales se modifica el patrimonio estable con la adquisici\u00f3n de nuevos bienes o la p\u00e9rdida o disminuci\u00f3n de los mismos, bajo la supervisi\u00f3n y directrices se\u00f1alados por el Cabildo General y Junta de Gobierno.<\/li>\n\n\n\n<li>Para el cumplimiento de sus funciones ser\u00e1 auxiliado, al menos, por dos consejeros que ser\u00e1n nombrados por la Junta de Gobierno, siempre que as\u00ed lo acuerde \u00e9sta, con voz, pero sin voto.<\/li>\n\n\n\n<li>Para la adecuada conservaci\u00f3n de los enseres de la Cofrad\u00eda podr\u00e1 contar con la colaboraci\u00f3n del albacea.<\/li>\n<\/ol>\n\n\n\n<p><strong>Art.45 <\/strong><\/p>\n\n\n\n<p>Las funciones del Ec\u00f3nomo son:<\/p>\n\n\n\n<ol class=\"wp-block-list\">\n<li>Llevar al d\u00eda el libro de contabilidad.<\/li>\n\n\n\n<li>Ejecutar el cobro diligente y oportuno de las cuotas.<\/li>\n\n\n\n<li>Elaborar el balance final de cada ejercicio, y los presupuestos, ordinario y extraordinario, y las propuestas de enajenaci\u00f3n, que el Hermano Mayor ha de presentar a la Junta de Gobierno y al Cabildo General.<\/li>\n\n\n\n<li>Disponer, ordenar y archivar diligentemente cuantos documentos econ\u00f3micos afecten a la Cofrad\u00eda. Los libros de tesorer\u00eda, una vez terminados, ser\u00e1n depositados en el archivo de la Secretar\u00eda de la Cofrad\u00eda.<\/li>\n\n\n\n<li>Disponer, junto al Hermano Mayor, de los fondos necesarios para la ejecuci\u00f3n de los acuerdos.<\/li>\n\n\n\n<li>Realizar y mantener actualizado el inventario de cuantos bienes posea la Cofrad\u00eda. Una copia de este inventario estar\u00e1 en la secretar\u00eda de la Cofrad\u00eda; y otra copia del mismo entregar\u00e1n al Hermano Mayor y el secretario en la Secretar\u00eda General del Arzobispo, debiendo comunicar posteriormente las variaciones que se produzcan. <\/li>\n<\/ol>\n\n\n\n<p><strong>Art.46 Consejeros de Asuntos Econ\u00f3micos<\/strong><\/p>\n\n\n\n<p>Sus funciones son asesorar al ec\u00f3nomo en la confecci\u00f3n del estado de cuentas, balances y presupuestos, y otras propuestas, que el hermano mayor ha de presentar a la junta de gobierno y al cabildo general.<\/p>\n\n\n\n<p><strong>Art.47 Las Vocal\u00edas<\/strong><\/p>\n\n\n\n<p>La Cofrad\u00eda tiene habitualmente (como m\u00ednimo) las siguientes actividades: formaci\u00f3n, caridad y relaciones fraternas, culto, espiritualidad y manifestaciones p\u00fablicas de la Cofrad\u00eda. Habr\u00e1 un vocal para cada una de estas actividades que ser\u00e1 responsable de la misma ante el hermano mayor y junta de gobierno y que estar\u00e1 sometido a la coordinaci\u00f3n que se determine.<\/p>\n\n\n\n<p><strong>Art.48 Vocal\u00eda de Formaci\u00f3n<\/strong><\/p>\n\n\n\n<ol class=\"wp-block-list\">\n<li>Todos los fieles, como consecuencia del Bautismo, \u201ctienen derecho a una educaci\u00f3n cristiana por la que se les instruya convenientemente en orden a conseguir, la madurez de la persona humana y al mismo tiempo conocer y vivir el misterio de la salvaci\u00f3n\u201d.<\/li>\n\n\n\n<li>La Cofrad\u00eda, siente la obligaci\u00f3n de facilitar los medios adecuados para la consecuci\u00f3n de esta formaci\u00f3n.<\/li>\n\n\n\n<li>El hermano mayor est\u00e1 especialmente obligado a \u201ccuidar de que los miembros de su asociaci\u00f3n se formen debidamente para el ejercicio del apostolado propio de los laicos\u201d. Este apostolado, derecho y deber de todos, \u201csolamente puede conseguir su plena eficacia con una formaci\u00f3n multiforme y completa\u201d.<\/li>\n<\/ol>\n\n\n\n<p><strong>&nbsp;Art. 49<\/strong><\/p>\n\n\n\n<p>La vocal\u00eda de formaci\u00f3n tratar\u00e1 de hacer efectiva la formaci\u00f3n cristiana integral de los hermanos y de manera especial de los aspirantes.<\/p>\n\n\n\n<p><strong>Art.50<\/strong><\/p>\n\n\n\n<p>La Cofrad\u00eda a trav\u00e9s de esta\nvocal\u00eda colaborar\u00e1 en las actividades de formaci\u00f3n de otros cristianos dentro\nde la respectiva parroquia. Entre otras actividades:<\/p>\n\n\n\n<ol class=\"wp-block-list\">\n<li>Cuidar\u00e1 la preparaci\u00f3n de los padres para que \u00e9stos cumplan con su deber educativo, ofreci\u00e9ndoles medios para ello.<\/li>\n\n\n\n<li>Programar\u00e1 catequesis orientadas hacia alg\u00fan grupo espec\u00edfico.<\/li>\n\n\n\n<li>Fomentar\u00e1 cuanto ayude a la formaci\u00f3n para el apostolado: ciclos de conferencias, charlas, cursos, etc\u2026<\/li>\n\n\n\n<li>Estudiar\u00e1 y divulgar\u00e1 especialmente la doctrina social y dem\u00e1s documentos del magisterio.<\/li>\n\n\n\n<li>Cultivar\u00e1 especialmente el esp\u00edritu misionero.<\/li>\n<\/ol>\n\n\n\n<p><strong>Art.51<\/strong><\/p>\n\n\n\n<p>Esta vocal\u00eda, en colaboraci\u00f3n con el consiliario, cuidar\u00e1 de todo lo relacionado con la puesta en marcha y ejecuci\u00f3n del plan de formaci\u00f3n que la cofrad\u00eda organice cada a\u00f1o para facilitar a sus miembros, sobre todo a los aspirantes, una formaci\u00f3n cristiana integral.<\/p>\n\n\n\n<p><strong>Art.52 Vocal\u00eda de Caridad y Relaciones Fraternas<\/strong><\/p>\n\n\n\n<p>La cofrad\u00eda, como reuni\u00f3n de hermanos, intentar\u00e1 crear verdaderas relaciones humanas y cristianas entre sus miembros.<\/p>\n\n\n\n<p><strong>Art.53<\/strong><\/p>\n\n\n\n<p>La cofrad\u00eda como tal, destinar\u00e1 obligatoriamente al menos un diez por ciento de sus ingresos ordinarios, para los pobres o necesitados. A la hora de concretar las ayudas, lo har\u00e1 en colaboraci\u00f3n las C\u00e1ritas Parroquial \u00f3 Diocesana.<\/p>\n\n\n\n<p><strong>Art.54<\/strong><\/p>\n\n\n\n<p>La vocal\u00eda, para lograr estos objetivos, organizar\u00e1 todo aquellos actos internos que fomenten la vida social, cultural y humana de los cofrades, mantendr\u00e1 vivo el esp\u00edritu de fraternidad y solidaridad con los necesitados, cofrades \u00f3 no, cuidando de que se cumplan generosamente los compromisos concretos de la cofrad\u00eda en este orden de cosas, siempre en colaboraci\u00f3n con C\u00e1ritas.<\/p>\n\n\n\n<p><strong>Art.55<\/strong><\/p>\n\n\n\n<p>Organizar\u00e1 igualmente actos de convivencia para conocerse mejor entre s\u00ed, conocer los problemas que afecten a todos \u00f3 alg\u00fan grupo en especial y fomentar\u00e1 la participaci\u00f3n, desarrollando tareas comunes. Tales actos pueden organizarse en torno a fechas, lugares \u00f3 acontecimientos relacionados con la cofrad\u00eda. Estas reuniones deben programarse con un orden del d\u00eda establecido, para que sean provechosas.<\/p>\n\n\n\n<p><strong>Art.56 Vocal\u00eda de Culto y Espiritualidad<\/strong><\/p>\n\n\n\n<p>La cofrad\u00eda procurar\u00e1 seriamente, ser lugar de encuentro de los cofrades con Cristo, puesto que uno de sus fines principales es \u201cpromover el culto p\u00fablico\u201d. Por tanto, favorecer\u00e1 y cultivar\u00e1 la f\u00e9 de sus miembros, tratando de que la Palabra de Dios, la oraci\u00f3n y los sacramentos fundamenten la espiritualidad de sus miembros.<\/p>\n\n\n\n<p><strong>Art.57<\/strong><\/p>\n\n\n\n<p>Los actos concretos a trav\u00e9s de los cuales se alimenta y expresa la vida espiritual son, entre otros:<\/p>\n\n\n\n<ol class=\"wp-block-list\">\n<li>La Eucarist\u00eda, de modo especial la dominical.<\/li>\n\n\n\n<li>La oraci\u00f3n lit\u00fargica de la Iglesia.<\/li>\n\n\n\n<li>La preparaci\u00f3n de Navidad y Pascua.<\/li>\n\n\n\n<li>Las celebraciones comunitarias de la Penitencia, sobre todo en Adviento, Cuaresma y preparaci\u00f3n de las fiestas de los titulares.<\/li>\n\n\n\n<li>El V\u00eda Crucis.<\/li>\n\n\n\n<li>La devoci\u00f3n a la Virgen.<\/li>\n\n\n\n<li>Los retiros y ejercicios espirituales.<\/li>\n\n\n\n<li>La celebraci\u00f3n de titulares y patronos.<\/li>\n\n\n\n<li>La Vocal\u00eda de Culto Y Espiritualidad se responsabilizar\u00e1 de la programaci\u00f3n, organizaci\u00f3n, ejecuci\u00f3n y posterior revisi\u00f3n de los actos de culto y espiritualidad previstos en los Estatutos \u00f3 que, sin estarlo, se consideren convenientes para la vida cristiana de los cofrades. Procurar\u00e1 igualmente, que se fomente la espiritualidad propia y espec\u00edfica de la cofrad\u00eda. <\/li>\n<\/ol>\n\n\n\n<p>Esta\nvocal\u00eda de modo especial, contar\u00e1 siempre con la ayuda, consentimiento y\nasesoramiento del consiliario.<\/p>\n\n\n\n<p><strong>Art.58 Vocal\u00eda de Manifestaciones Religiosas P\u00fablicas<\/strong><\/p>\n\n\n\n<p>Esta vocal\u00eda, se responsabilizar\u00e1 de las manifestaciones p\u00fablicas de la cofrad\u00eda, concretamente, procesiones y romer\u00edas. Se preocupar\u00e1 singularmente de que se cumplan todas aquellas disposiciones que afectan al sentido cristiano de estos actos, tal como se expresa en los Estatutos \u00f3 en las normas del Arzobispado.<\/p>\n\n\n\n<p><strong>Art.59<\/strong><\/p>\n\n\n\n<p>Velar\u00e1 para que procesiones y estaciones de penitencia, sean valiosas catequesis para el pueblo fiel, por su dignidad y devoci\u00f3n cristianas, evitando siempre el excesivo gasto en ostentaci\u00f3n y competencia entre hermandades\/cofrad\u00edas.<\/p>\n\n\n\n<p><strong><em>CAPITULO V.<\/em><\/strong><em> <strong>EXTINCION DE LA COFRADIA.<\/strong><\/em><\/p>\n\n\n\n<p><strong>Art.60<\/strong><\/p>\n\n\n\n<ol class=\"wp-block-list\">\n<li>La cofrad\u00eda, puede ser suprimida por el Ordinario del lugar a petici\u00f3n de su cabildo general, aprobada en un \u00fanico escrutinio v\u00e1lido por dos tercios de los votos, \u00f3 por causas graves, despu\u00e9s de o\u00edr al hermano mayor y junta de gobierno.<\/li>\n\n\n\n<li>En caso de supresi\u00f3n de la cofrad\u00eda, sus bienes ser\u00e1n entregados por la junta de gobierno a la parroquia, en cuya demarcaci\u00f3n ten\u00eda la cofrad\u00eda su sede, quedando a salvo la voluntad de los fundadores \u00f3 donantes, as\u00ed como los derechos adquiridos.<\/li>\n\n\n\n<li>La cofrad\u00eda, se extingue tambi\u00e9n si cesa su actividad por espacio de cien a\u00f1os, a tenor del canon 120.<\/li>\n<\/ol>\n\n\n\n<div class=\"wp-block-group alignfull has-contrast-color has-text-color is-vertical is-content-justification-center is-layout-flex wp-container-core-group-is-layout-f1198d31 wp-block-group-is-layout-flex\" style=\"min-height:40vh;margin-top:0;margin-bottom:0;padding-top:var(--wp--preset--spacing--60);padding-right:var(--wp--preset--spacing--50);padding-bottom:var(--wp--preset--spacing--60);padding-left:var(--wp--preset--spacing--50)\">\n<div class=\"wp-block-group is-nowrap is-layout-flex wp-container-core-group-is-layout-ad2f72ca wp-block-group-is-layout-flex\">\n<div class=\"wp-block-group is-nowrap is-layout-flex wp-container-core-group-is-layout-ad2f72ca wp-block-group-is-layout-flex\"><div style=\"margin-bottom:6px;\" class=\"aligncenter wp-block-site-logo wp-duotone-unset-1\"><a href=\"https:\/\/www.virgendelacabezacolomera.org\/\" class=\"custom-logo-link\" rel=\"home\"><img loading=\"lazy\" decoding=\"async\" width=\"174\" height=\"125\" src=\"https:\/\/i0.wp.com\/www.virgendelacabezacolomera.org\/wp-content\/uploads\/2024\/11\/logo-cofradia.jpg?fit=1293%2C932&amp;ssl=1\" class=\"custom-logo\" alt=\"Real e Ilustre Cofrad\u00eda Virgen de la Cabeza de Colomera\" data-attachment-id=\"390\" data-permalink=\"https:\/\/www.virgendelacabezacolomera.org\/?attachment_id=390\" data-orig-file=\"https:\/\/i0.wp.com\/www.virgendelacabezacolomera.org\/wp-content\/uploads\/2024\/11\/logo-cofradia.jpg?fit=1293%2C932&amp;ssl=1\" data-orig-size=\"1293,932\" data-comments-opened=\"0\" data-image-meta=\"{&quot;aperture&quot;:&quot;0&quot;,&quot;credit&quot;:&quot;&quot;,&quot;camera&quot;:&quot;&quot;,&quot;caption&quot;:&quot;&quot;,&quot;created_timestamp&quot;:&quot;0&quot;,&quot;copyright&quot;:&quot;&quot;,&quot;focal_length&quot;:&quot;0&quot;,&quot;iso&quot;:&quot;0&quot;,&quot;shutter_speed&quot;:&quot;0&quot;,&quot;title&quot;:&quot;&quot;,&quot;orientation&quot;:&quot;1&quot;}\" data-image-title=\"logo cofradia\" data-image-description=\"\" data-image-caption=\"\" data-large-file=\"https:\/\/i0.wp.com\/www.virgendelacabezacolomera.org\/wp-content\/uploads\/2024\/11\/logo-cofradia.jpg?fit=936%2C675&amp;ssl=1\" \/><\/a><\/div>\n\n\n<ul class=\"wp-block-social-links has-normal-icon-size is-style-logos-only is-content-justification-space-between is-nowrap is-layout-flex wp-container-core-social-links-is-layout-26386418 wp-block-social-links-is-layout-flex\"><li class=\"wp-social-link wp-social-link-facebook  wp-block-social-link\"><a href=\"\" class=\"wp-block-social-link-anchor\"><svg width=\"24\" height=\"24\" viewBox=\"0 0 24 24\" version=\"1.1\" xmlns=\"http:\/\/www.w3.org\/2000\/svg\" aria-hidden=\"true\" focusable=\"false\"><path d=\"M12 2C6.5 2 2 6.5 2 12c0 5 3.7 9.1 8.4 9.9v-7H7.9V12h2.5V9.8c0-2.5 1.5-3.9 3.8-3.9 1.1 0 2.2.2 2.2.2v2.5h-1.3c-1.2 0-1.6.8-1.6 1.6V12h2.8l-.4 2.9h-2.3v7C18.3 21.1 22 17 22 12c0-5.5-4.5-10-10-10z\"><\/path><\/svg><span class=\"wp-block-social-link-label screen-reader-text\">Facebook<\/span><\/a><\/li>\n\n<li class=\"wp-social-link wp-social-link-mail  wp-block-social-link\"><a href=\"mailto:real&#099;of&#114;&#097;&#100;iadec&#111;lome&#114;a&#064;g&#109;&#097;i&#108;.&#099;o&#109;\" class=\"wp-block-social-link-anchor\"><svg width=\"24\" height=\"24\" viewBox=\"0 0 24 24\" version=\"1.1\" xmlns=\"http:\/\/www.w3.org\/2000\/svg\" aria-hidden=\"true\" focusable=\"false\"><path d=\"M19,5H5c-1.1,0-2,.9-2,2v10c0,1.1.9,2,2,2h14c1.1,0,2-.9,2-2V7c0-1.1-.9-2-2-2zm.5,12c0,.3-.2.5-.5.5H5c-.3,0-.5-.2-.5-.5V9.8l7.5,5.6,7.5-5.6V17zm0-9.1L12,13.6,4.5,7.9V7c0-.3.2-.5.5-.5h14c.3,0,.5.2.5.5v.9z\"><\/path><\/svg><span class=\"wp-block-social-link-label screen-reader-text\">Correo electr\u00f3nico<\/span><\/a><\/li>\n\n<li class=\"wp-social-link wp-social-link-instagram  wp-block-social-link\"><a href=\"https:\/\/www.instagram.com\/colomera_con_su_morenita\/\" class=\"wp-block-social-link-anchor\"><svg width=\"24\" height=\"24\" viewBox=\"0 0 24 24\" version=\"1.1\" xmlns=\"http:\/\/www.w3.org\/2000\/svg\" aria-hidden=\"true\" focusable=\"false\"><path d=\"M12,4.622c2.403,0,2.688,0.009,3.637,0.052c0.877,0.04,1.354,0.187,1.671,0.31c0.42,0.163,0.72,0.358,1.035,0.673 c0.315,0.315,0.51,0.615,0.673,1.035c0.123,0.317,0.27,0.794,0.31,1.671c0.043,0.949,0.052,1.234,0.052,3.637 s-0.009,2.688-0.052,3.637c-0.04,0.877-0.187,1.354-0.31,1.671c-0.163,0.42-0.358,0.72-0.673,1.035 c-0.315,0.315-0.615,0.51-1.035,0.673c-0.317,0.123-0.794,0.27-1.671,0.31c-0.949,0.043-1.233,0.052-3.637,0.052 s-2.688-0.009-3.637-0.052c-0.877-0.04-1.354-0.187-1.671-0.31c-0.42-0.163-0.72-0.358-1.035-0.673 c-0.315-0.315-0.51-0.615-0.673-1.035c-0.123-0.317-0.27-0.794-0.31-1.671C4.631,14.688,4.622,14.403,4.622,12 s0.009-2.688,0.052-3.637c0.04-0.877,0.187-1.354,0.31-1.671c0.163-0.42,0.358-0.72,0.673-1.035 c0.315-0.315,0.615-0.51,1.035-0.673c0.317-0.123,0.794-0.27,1.671-0.31C9.312,4.631,9.597,4.622,12,4.622 M12,3 C9.556,3,9.249,3.01,8.289,3.054C7.331,3.098,6.677,3.25,6.105,3.472C5.513,3.702,5.011,4.01,4.511,4.511 c-0.5,0.5-0.808,1.002-1.038,1.594C3.25,6.677,3.098,7.331,3.054,8.289C3.01,9.249,3,9.556,3,12c0,2.444,0.01,2.751,0.054,3.711 c0.044,0.958,0.196,1.612,0.418,2.185c0.23,0.592,0.538,1.094,1.038,1.594c0.5,0.5,1.002,0.808,1.594,1.038 c0.572,0.222,1.227,0.375,2.185,0.418C9.249,20.99,9.556,21,12,21s2.751-0.01,3.711-0.054c0.958-0.044,1.612-0.196,2.185-0.418 c0.592-0.23,1.094-0.538,1.594-1.038c0.5-0.5,0.808-1.002,1.038-1.594c0.222-0.572,0.375-1.227,0.418-2.185 C20.99,14.751,21,14.444,21,12s-0.01-2.751-0.054-3.711c-0.044-0.958-0.196-1.612-0.418-2.185c-0.23-0.592-0.538-1.094-1.038-1.594 c-0.5-0.5-1.002-0.808-1.594-1.038c-0.572-0.222-1.227-0.375-2.185-0.418C14.751,3.01,14.444,3,12,3L12,3z M12,7.378 c-2.552,0-4.622,2.069-4.622,4.622S9.448,16.622,12,16.622s4.622-2.069,4.622-4.622S14.552,7.378,12,7.378z M12,15 c-1.657,0-3-1.343-3-3s1.343-3,3-3s3,1.343,3,3S13.657,15,12,15z M16.804,6.116c-0.596,0-1.08,0.484-1.08,1.08 s0.484,1.08,1.08,1.08c0.596,0,1.08-0.484,1.08-1.08S17.401,6.116,16.804,6.116z\"><\/path><\/svg><span class=\"wp-block-social-link-label screen-reader-text\">Instagram<\/span><\/a><\/li><\/ul>\n<\/div>\n<\/div>\n<\/div>\n","protected":false},"excerpt":{"rendered":"<p>INTRODUCCION La Real Cofrad\u00eda de la Sant\u00edsima Virgen de la Cabeza de Colomera, se fund\u00f3 en fecha incierta a\u00fan no documentada, aunque se podr\u00eda hacer referencia al siglo XVI o incluso anterior, fecha en la que se documenta, por ahora, la referencia documental m\u00e1s antigua sobre la existencia de la Cofrad\u00eda. Seg\u00fan la tradici\u00f3n, esta&hellip;&nbsp;<a href=\"https:\/\/www.virgendelacabezacolomera.org\/?page_id=85\" rel=\"bookmark\">Leer m\u00e1s &raquo;<span class=\"screen-reader-text\">ESTATUTOS<\/span><\/a><\/p>\n","protected":false},"author":1,"featured_media":0,"parent":0,"menu_order":0,"comment_status":"closed","ping_status":"closed","template":"","meta":{"neve_meta_sidebar":"","neve_meta_container":"","neve_meta_enable_content_width":"","neve_meta_content_width":0,"neve_meta_title_alignment":"","neve_meta_author_avatar":"","neve_post_elements_order":"","neve_meta_disable_header":"","neve_meta_disable_footer":"","neve_meta_disable_title":"","jetpack_post_was_ever_published":false,"footnotes":""},"class_list":["post-85","page","type-page","status-publish","hentry"],"jetpack_sharing_enabled":true,"jetpack_shortlink":"https:\/\/wp.me\/PaxVsa-1n","jetpack-related-posts":[{"id":76,"url":"https:\/\/www.virgendelacabezacolomera.org\/?page_id=76","url_meta":{"origin":85,"position":0},"title":"COFRADIA","author":"admin","date":"17\/12\/2018","format":false,"excerpt":"Junta de Gobierno LEER M\u00c1S Historia LEER M\u00c1S Imagen LEER M\u00c1S Estatutos LEER M\u00c1S Enseres LEER M\u00c1S Galer\u00eda LEER M\u00c1S","rel":"","context":"Entrada similar","block_context":{"text":"Entrada similar","link":""},"img":{"alt_text":"","src":"https:\/\/i0.wp.com\/www.virgendelacabezacolomera.org\/wp-content\/uploads\/2024\/11\/tito-kXX-U220642527384CSH-1200x840%40Ideal.jpg?resize=350%2C200&ssl=1","width":350,"height":200,"srcset":"https:\/\/i0.wp.com\/www.virgendelacabezacolomera.org\/wp-content\/uploads\/2024\/11\/tito-kXX-U220642527384CSH-1200x840%40Ideal.jpg?resize=350%2C200&ssl=1 1x, https:\/\/i0.wp.com\/www.virgendelacabezacolomera.org\/wp-content\/uploads\/2024\/11\/tito-kXX-U220642527384CSH-1200x840%40Ideal.jpg?resize=525%2C300&ssl=1 1.5x, https:\/\/i0.wp.com\/www.virgendelacabezacolomera.org\/wp-content\/uploads\/2024\/11\/tito-kXX-U220642527384CSH-1200x840%40Ideal.jpg?resize=700%2C400&ssl=1 2x, https:\/\/i0.wp.com\/www.virgendelacabezacolomera.org\/wp-content\/uploads\/2024\/11\/tito-kXX-U220642527384CSH-1200x840%40Ideal.jpg?resize=1050%2C600&ssl=1 3x"},"classes":[]},{"id":639,"url":"https:\/\/www.virgendelacabezacolomera.org\/?page_id=639","url_meta":{"origin":85,"position":1},"title":"Historia","author":"admin","date":"02\/04\/2025","format":false,"excerpt":"Seg\u00fan la antigua, venerable y respetada tradici\u00f3n con escaso fundamento hist\u00f3rico que nos transmite D. Manuel de Salcedo Olid en su Paneg\u00edrico Historial de N.S. de la Cabeza de Sierra Morena, publicado en el a\u00f1o de 1677, entre los Christianos que apacentaban ovejas en aquellos montes, av\u00eda un pastor natural\u2026","rel":"","context":"Entrada similar","block_context":{"text":"Entrada similar","link":""},"img":{"alt_text":"","src":"https:\/\/i0.wp.com\/www.virgendelacabezacolomera.org\/wp-content\/uploads\/2025\/04\/romeria-cuadro.jpg?resize=350%2C200&ssl=1","width":350,"height":200,"srcset":"https:\/\/i0.wp.com\/www.virgendelacabezacolomera.org\/wp-content\/uploads\/2025\/04\/romeria-cuadro.jpg?resize=350%2C200&ssl=1 1x, https:\/\/i0.wp.com\/www.virgendelacabezacolomera.org\/wp-content\/uploads\/2025\/04\/romeria-cuadro.jpg?resize=525%2C300&ssl=1 1.5x"},"classes":[]},{"id":807,"url":"https:\/\/www.virgendelacabezacolomera.org\/?page_id=807","url_meta":{"origin":85,"position":2},"title":"IMAGEN","author":"admin","date":"26\/01\/2026","format":false,"excerpt":"","rel":"","context":"Entrada similar","block_context":{"text":"Entrada similar","link":""},"img":{"alt_text":"Bienvenid@ al sito web oficial de la Real Cofrad\u00eda de la Virgen de la Cabeza de Colomera","src":"https:\/\/i0.wp.com\/www.virgendelacabezacolomera.org\/wp-content\/uploads\/2018\/12\/20181208_204251web2.jpg?resize=350%2C200&ssl=1","width":350,"height":200},"classes":[]},{"id":62,"url":"https:\/\/www.virgendelacabezacolomera.org\/?page_id=62","url_meta":{"origin":85,"position":3},"title":"Privacidad de datos","author":"admin","date":"14\/12\/2018","format":false,"excerpt":"POL\u00cdTICA DE PROTECCI\u00d3N DE DATOS DE CAR\u00c1CTER PERSONAL: 1.1 A los efectos de lo dispuesto en la Ley Org\u00e1nica 15\/1999, de 13 de Diciembre, de Protecci\u00f3n de Datos de Car\u00e1cter Personal,\u00a0REAL COFRADIA\u00a0 VIRGEN DE\u00a0LA CABEZA DE\u00a0COLOMERA\u00a0informa al Usuario de la existencia de un fichero de datos de car\u00e1cter personal creado\u2026","rel":"","context":"Entrada similar","block_context":{"text":"Entrada similar","link":""},"img":{"alt_text":"","src":"","width":0,"height":0},"classes":[]},{"id":59,"url":"https:\/\/www.virgendelacabezacolomera.org\/?page_id=59","url_meta":{"origin":85,"position":4},"title":"Romer\u00eda Virgen de la Cabeza","author":"admin","date":"14\/12\/2018","format":false,"excerpt":"Nuestra Romer\u00eda La cofrad\u00eda de Colomera participa intensamente en la romer\u00eda principal de And\u00fajar el \u00faltimo fin de semana de abril, los romeros de Colomera peregrinan al Santuario de And\u00fajar, partiendo de Colomera el jueves por la ma\u00f1ana. Nuestra Romer\u00eda comienza con la misa de romeros el jueves a las\u2026","rel":"","context":"Entrada similar","block_context":{"text":"Entrada similar","link":""},"img":{"alt_text":"","src":"","width":0,"height":0},"classes":[]},{"id":38,"url":"https:\/\/www.virgendelacabezacolomera.org\/?page_id=38","url_meta":{"origin":85,"position":5},"title":"CONTACTAR","author":"admin","date":"14\/12\/2018","format":false,"excerpt":"Pueden ponerse en contacto con nosotros mediante cualquier miembro de la junta de gobierno. A trav\u00e9s de nuestras redes sociales. Facebook: Real Cofrad\u00eda Virgen de la Cabeza de Colomera Instagram: @colomera_con_su_morenita Correo electr\u00f3nico: realcofradiadecolomera@gmail.com","rel":"","context":"Entrada similar","block_context":{"text":"Entrada similar","link":""},"img":{"alt_text":"","src":"","width":0,"height":0},"classes":[]}],"_links":{"self":[{"href":"https:\/\/www.virgendelacabezacolomera.org\/index.php?rest_route=\/wp\/v2\/pages\/85","targetHints":{"allow":["GET"]}}],"collection":[{"href":"https:\/\/www.virgendelacabezacolomera.org\/index.php?rest_route=\/wp\/v2\/pages"}],"about":[{"href":"https:\/\/www.virgendelacabezacolomera.org\/index.php?rest_route=\/wp\/v2\/types\/page"}],"author":[{"embeddable":true,"href":"https:\/\/www.virgendelacabezacolomera.org\/index.php?rest_route=\/wp\/v2\/users\/1"}],"replies":[{"embeddable":true,"href":"https:\/\/www.virgendelacabezacolomera.org\/index.php?rest_route=%2Fwp%2Fv2%2Fcomments&post=85"}],"version-history":[{"count":13,"href":"https:\/\/www.virgendelacabezacolomera.org\/index.php?rest_route=\/wp\/v2\/pages\/85\/revisions"}],"predecessor-version":[{"id":782,"href":"https:\/\/www.virgendelacabezacolomera.org\/index.php?rest_route=\/wp\/v2\/pages\/85\/revisions\/782"}],"wp:attachment":[{"href":"https:\/\/www.virgendelacabezacolomera.org\/index.php?rest_route=%2Fwp%2Fv2%2Fmedia&parent=85"}],"curies":[{"name":"wp","href":"https:\/\/api.w.org\/{rel}","templated":true}]}}